{"id":3723,"date":"2017-10-31T10:33:45","date_gmt":"2017-10-31T10:33:45","guid":{"rendered":"https:\/\/www.gremi-obres.org\/formacio\/es\/?page_id=3723"},"modified":"2026-04-22T07:34:04","modified_gmt":"2026-04-22T07:34:04","slug":"prl-pintura-2","status":"publish","type":"page","link":"https:\/\/www.gremi-obres.org\/formacio\/cursos-barcelona\/prl-pintura-2\/","title":{"rendered":"Curs subvencionat PRL per Treballs de Pintura (20 h)"},"content":{"rendered":"<div class=\"wpb-content-wrapper\"><p>[vc_row css_animation=&#8221;&#8221; row_type=&#8221;row&#8221; use_row_as_full_screen_section=&#8221;no&#8221; type=&#8221;grid&#8221; angled_section=&#8221;no&#8221; text_align=&#8221;left&#8221; background_image_as_pattern=&#8221;without_pattern&#8221; padding_top=&#8221;60&#8243;][vc_column width=&#8221;1\/3&#8243;][vc_column_text]<\/p>\n<h4><strong>PRL PER TREBALLS DE PINTURA (20H)<\/strong><\/h4>\n<p><strong>OBJECTIU DEL CURS:<\/strong><\/p>\n<p>[\/vc_column_text][vc_separator type=&#8221;small&#8221; position=&#8221;left&#8221; color=&#8221;#f29760&#8243; thickness=&#8221;1&#8243; width=&#8221;86&#8243;][vc_column_text]Amb aquesta formaci\u00f3 l&#8217;alumne adquirir\u00e0 els coneixements b\u00e0sics necessaris per poder identificar els riscos derivats de l&#8217;ofici que correspongui. D&#8217;aquesta manera, el treballador adquireix bones pr\u00e0ctiques preventives aplicables a la seva activitat en l&#8217;entorn de treball i pot contribuir al control dels esmentats riscos, aix\u00ed com a evitar o minimitzar els danys que puguin derivar.[\/vc_column_text][vc_separator type=&#8221;transparent&#8221; thickness=&#8221;7&#8243;][vc_column_text]<\/p>\n<p><strong>CONTINGUTS<\/strong> [\/vc_column_text][vc_separator type=&#8221;small&#8221; position=&#8221;left&#8221; color=&#8221;#f29760&#8243; thickness=&#8221;1&#8243; width=&#8221;86&#8243;][vc_column_text]<\/p>\n<p><strong>UNITAT DID\u00c0CTICA 1. DEFINICI\u00d3 DELS TREBALLS.<br \/>\n<\/strong>1.1. Pintura en exterior e interior<br \/>\n1.2.T\u00e8cniques d\u2019aplicaci\u00f3<br \/>\n1.3.Pintures especials<br \/>\n1.4.Preparaci\u00f3 de suports<\/p>\n<p><strong>\u00a0<\/strong><strong>UNITAT DID\u00c0CTICA 2. T\u00c9CNIQUES PREVENTIVES ESPEC\u00cdFIQUES.<\/strong><\/p>\n<p>2.1. Aplicaci\u00f3 del pla de seguretat i salut en la tasca concreta. Avaluaci\u00f3 de riscos en el cas de que no existeixi pla<br \/>\n2.2. Proteccions col\u00b7lectives ( col\u00b7locaci\u00f3, usos i obligacions i manteniment)<br \/>\n2.3. Proteccions individuals ( col\u00b7locaci\u00f3, usos i obligacions i manteniment)<\/p>\n<p><strong>UNITAT DID\u00c0CTICA 3.\u00a0 MITJANS AUXILIARS, EQUIPS I EINES.<\/strong><\/p>\n<p>3.1. Plataformes de treball<br \/>\n3.2. Mitjans auxiliars<br \/>\n3.3. Equips port\u00e0tils<\/p>\n<p><strong>\u00a0<\/strong><strong>UNITAT DID\u00c0CTICA\u00a0 4. VERIFICACI\u00d3, IDENTIFICACI\u00d3 I VIGIL\u00c0NCIA DEL LLOC DE TREBALL I EL SEU ENTORN.<\/strong><\/p>\n<p>4.1. Riscos i mesures preventives necess\u00e0ries<br \/>\n4.2. Coneixement de l&#8217; entorn del lloc de treball (llocs ventilats) i del tr\u00e0nsit pel mateix. Planificaci\u00f3 de las tasques des d&#8217; un punt de vista preventiu<br \/>\n4.3. Manipulaci\u00f3 de productes qu\u00edmics. Fitxa de dades de seguretat. Simbologia<\/p>\n<p><strong>UNITAT DID\u00c0CTICA 5.\u00a0 INTERFER\u00c8NCIES ENTRE ACTIVITATS.<\/strong><\/p>\n<p>5.1. Activitats simult\u00e0nies o successives<br \/>\n5.2. Estructures auxiliars<\/p>\n<p><strong>\u00a0<\/strong><strong>UNITAT DID\u00c0CTICA 6.\u00a0 DRETS I DEURES.<\/strong><\/p>\n<p>6.1. Marc normatiu general i espec\u00edfic<br \/>\n6.2. Organitzaci\u00f3 de la prevenci\u00f3<br \/>\n6.3. Foment de la presa de consci\u00e8ncia sobre l&#8217; import\u00e0ncia d&#8217; involucrar-se en la prevenci\u00f3 de riscos laborals<br \/>\n6.4. Participaci\u00f3 ,informaci\u00f3, consulta i propostes[\/vc_column_text][vc_separator type=&#8221;transparent&#8221; thickness=&#8221;7&#8243;][vc_separator type=&#8221;transparent&#8221; thickness=&#8221;7&#8243;][\/vc_column][vc_column width=&#8221;1\/3&#8243;][vc_separator type=&#8221;transparent&#8221; thickness=&#8221;2&#8243;]<div id=\"mpc_connected_icons-1369f45b324525b\" class=\"mpc-connected-icons mpc-init mpc-transition \"  data-ci-cols=\"4\" data-target=\"icon\" data-layout=\"vertical\"><div class=\"mpc-connected-icons__line\"><span><\/span><\/div><div data-id=\"mpc_icon_column-3169f45b324533e\" class=\"mpc-icon-column mpc-init mpc-parent-hover mpc-transition mpc-icon-column--style_3 mpc-align--left \" ><div data-id=\"mpc_icon-3069f45b324537d\" class=\"mpc-icon mpc-init mpc-transition mpc-effect-none mpc-icon-hover \"><div class=\"mpc-icon-wrap\"><i class=\"mpc-icon-part mpc-regular mpc-transition  fa fa-file-text-o\"><\/i><i class=\"mpc-icon-part mpc-hover mpc-transition  fa fa-file-text-o\"><\/i><\/div><\/div><div class=\"mpc-icon-column__content-wrap\"><div class=\"mpc-icon-column__content\"><h3 class=\"mpc-icon-column__heading mpc-transition\">Tipus de Curs<\/h3><div class=\"mpc-icon-column__description mpc-transition\"><h5><strong>Formaci\u00f3 Subvencionada.\u00a0<\/strong><\/h5>\n<p><strong>Qui pot apuntar-se a aquest curs subvencionat (sense cost pels participants)?<\/strong><\/p>\n<p>Qualsevol persona resident a Catalunya que estigui en actiu (treballador\/a o en situaci\u00f3 d&#8217;atur). Excepte persones que treballin en l&#8217;Administraci\u00f3 P\u00fablica.<\/p>\n<hr \/>\n<h4><span style=\"color: #008080;\">Modalitat Presencial<\/span><\/h4>\n<hr \/>\n<p>Curs subvencionat per:<\/p>\n<p><img loading=\"lazy\" decoding=\"async\" class=\"alignnone size-medium wp-image-21938\" src=\"https:\/\/www.gremi-obres.org\/formacio\/wp-content\/uploads\/2024\/01\/logo-flc-300x95.png\" alt=\"\" width=\"300\" height=\"95\" srcset=\"https:\/\/www.gremi-obres.org\/formacio\/wp-content\/uploads\/2024\/01\/logo-flc-300x95.png 300w, https:\/\/www.gremi-obres.org\/formacio\/wp-content\/uploads\/2024\/01\/logo-flc.png 528w\" sizes=\"auto, (max-width: 300px) 100vw, 300px\" \/><img loading=\"lazy\" decoding=\"async\" class=\"alignnone size-full wp-image-22131\" src=\"https:\/\/www.gremi-obres.org\/formacio\/wp-content\/uploads\/2024\/03\/logo-pintors.png\" alt=\"\" width=\"197\" height=\"169\" \/><img loading=\"lazy\" decoding=\"async\" class=\"alignnone size-medium wp-image-21932\" src=\"https:\/\/www.gremi-obres.org\/formacio\/wp-content\/uploads\/2024\/01\/logo-gremi-300x94.png\" alt=\"\" width=\"300\" height=\"94\" srcset=\"https:\/\/www.gremi-obres.org\/formacio\/wp-content\/uploads\/2024\/01\/logo-gremi-300x94.png 300w, https:\/\/www.gremi-obres.org\/formacio\/wp-content\/uploads\/2024\/01\/logo-gremi-1024x323.png 1024w, https:\/\/www.gremi-obres.org\/formacio\/wp-content\/uploads\/2024\/01\/logo-gremi-768x242.png 768w, https:\/\/www.gremi-obres.org\/formacio\/wp-content\/uploads\/2024\/01\/logo-gremi-1536x484.png 1536w, https:\/\/www.gremi-obres.org\/formacio\/wp-content\/uploads\/2024\/01\/logo-gremi-700x220.png 700w, https:\/\/www.gremi-obres.org\/formacio\/wp-content\/uploads\/2024\/01\/logo-gremi.png 1670w\" sizes=\"auto, (max-width: 300px) 100vw, 300px\" \/><\/p>\n<\/div><\/div><\/div><\/div><div data-id=\"mpc_icon_column-4069f45b324544f\" class=\"mpc-icon-column mpc-init mpc-parent-hover mpc-transition mpc-icon-column--style_3 mpc-align--left \" ><div data-id=\"mpc_icon-9069f45b3245470\" class=\"mpc-icon mpc-init mpc-transition mpc-effect-none mpc-icon-hover \"><div class=\"mpc-icon-wrap\"><i class=\"mpc-icon-part mpc-regular mpc-transition  fa fa-chrome\"><\/i><i class=\"mpc-icon-part mpc-hover mpc-transition  fa fa-chrome\"><\/i><\/div><\/div><div class=\"mpc-icon-column__content-wrap\"><div class=\"mpc-icon-column__content\"><h3 class=\"mpc-icon-column__heading mpc-transition\">\u00c1rea<\/h3><div class=\"mpc-icon-column__description mpc-transition\"><p>Prevenci\u00f3 de Riscos Laborals<\/p>\n<\/div><\/div><\/div><\/div><div data-id=\"mpc_icon_column-5569f45b32454fc\" class=\"mpc-icon-column mpc-init mpc-parent-hover mpc-transition mpc-icon-column--style_3 mpc-align--left \" ><div data-id=\"mpc_icon-6669f45b3245519\" class=\"mpc-icon mpc-init mpc-transition mpc-effect-none mpc-icon-hover \"><div class=\"mpc-icon-wrap\"><i class=\"mpc-icon-part mpc-regular mpc-transition  mi mi-access_alarm\"><\/i><i class=\"mpc-icon-part mpc-hover mpc-transition  mi mi-access_alarm\"><\/i><\/div><\/div><div class=\"mpc-icon-column__content-wrap\"><div class=\"mpc-icon-column__content\"><h3 class=\"mpc-icon-column__heading mpc-transition\">DURACI\u00d3<\/h3><div class=\"mpc-icon-column__description mpc-transition\"><p>Aquest curs t\u00e9 una durada de <strong>20\u00a0hores<\/strong><\/p>\n<\/div><\/div><\/div><\/div><div data-id=\"mpc_icon_column-9169f45b32455a4\" class=\"mpc-icon-column mpc-init mpc-parent-hover mpc-transition mpc-icon-column--style_3 mpc-align--left \" ><div data-id=\"mpc_icon-6469f45b32455bf\" class=\"mpc-icon mpc-init mpc-transition mpc-effect-none mpc-icon-hover \"><div class=\"mpc-icon-wrap\"><i class=\"mpc-icon-part mpc-regular mpc-transition  fa fa-calendar\"><\/i><i class=\"mpc-icon-part mpc-hover mpc-transition  fa fa-calendar\"><\/i><\/div><\/div><div class=\"mpc-icon-column__content-wrap\"><div class=\"mpc-icon-column__content\"><h3 class=\"mpc-icon-column__heading mpc-transition\">Data<\/h3><div class=\"mpc-icon-column__description mpc-transition\"><p><b>Del 05\/05\/2026 <\/b>al 08\/05\/2026. De dimarts a divendres de 9:00 a 14:00 h.<\/p>\n<p><a href=\"https:\/\/www.gremi-obres.org\/formacio\/wp-content\/uploads\/2026\/03\/CALENDARI-PRL-PINTURA-20H-08-05-26.pdf\">DESCARREGA EL CALENDARI\u00a0<\/a><\/p>\n<\/div><\/div><\/div><\/div><div data-id=\"mpc_icon_column-5969f45b3245650\" class=\"mpc-icon-column mpc-init mpc-parent-hover mpc-transition mpc-icon-column--style_3 mpc-align--left \" ><div data-id=\"mpc_icon-269f45b3245669\" class=\"mpc-icon mpc-init mpc-transition mpc-effect-none mpc-icon-hover \"><div class=\"mpc-icon-wrap\"><i class=\"mpc-icon-part mpc-regular mpc-transition  fa fa-map-marker\"><\/i><i class=\"mpc-icon-part mpc-hover mpc-transition  fa fa-map-marker\"><\/i><\/div><\/div><div class=\"mpc-icon-column__content-wrap\"><div class=\"mpc-icon-column__content\"><h3 class=\"mpc-icon-column__heading mpc-transition\">Lloc<\/h3><div class=\"mpc-icon-column__description mpc-transition\"><p><strong>GREMI DE PINTORS:<\/strong><\/p>\n<p>Gremi d&#8217;Empreses de Pintura de Barcelona i Comarques,<\/p>\n<p>C\/Diputaci\u00f3 297, 1-1, 08009 Barcelona<\/p>\n<p><a href=\"http:\/\/iframe%20src=https:\/\/www.google.com\/maps\/embed?pb=!1m18!1m12!1m3!1d2993.1622853190706!2d2.166606276464939!3d41.39228189569105!2m3!1f0!2f0!3f0!3m2!1i1024!2i768!4f13.1!3m3!1m2!1s0x12a4a34ab986b61f%3A0xbb902605707b97fa!2sGremio%20de%20Empresas%20de%20Pintura%20de%20Barcelona%20y%20Comarcas!5e0!3m2!1ses!2ses!4v1709800674784!5m2!1ses!2ses%20width=600%20height=450%20style=border:0;%20allowfullscreen=%20loading=lazy%20referrerpolicy=no-referrer-when-downgrade\/iframe\"><iframe loading=\"lazy\" style=\"border: 0;\" src=\"https:\/\/www.google.com\/maps\/embed?pb=!1m18!1m12!1m3!1d2993.1622853190706!2d2.166606276464939!3d41.39228189569105!2m3!1f0!2f0!3f0!3m2!1i1024!2i768!4f13.1!3m3!1m2!1s0x12a4a34ab986b61f%3A0xbb902605707b97fa!2sGremio%20de%20Empresas%20de%20Pintura%20de%20Barcelona%20y%20Comarcas!5e0!3m2!1ses!2ses!4v1709800674784!5m2!1ses!2ses\" width=\"600\" height=\"450\" allowfullscreen=\"allowfullscreen\"><\/iframe><\/a><\/p>\n<\/div><\/div><\/div><\/div><div data-id=\"mpc_icon_column-2369f45b3245703\" class=\"mpc-icon-column mpc-init mpc-parent-hover mpc-transition mpc-icon-column--style_3 mpc-align--left \" ><div data-id=\"mpc_icon-1769f45b324571c\" class=\"mpc-icon mpc-init mpc-transition mpc-effect-none mpc-icon-hover \"><div class=\"mpc-icon-wrap\"><i class=\"mpc-icon-part mpc-regular mpc-transition  fa fa-group\"><\/i><i class=\"mpc-icon-part mpc-hover mpc-transition  fa fa-group\"><\/i><\/div><\/div><div class=\"mpc-icon-column__content-wrap\"><div class=\"mpc-icon-column__content\"><h3 class=\"mpc-icon-column__heading mpc-transition\">Modalitat<\/h3><div class=\"mpc-icon-column__description mpc-transition\"><p>Curs Presencial amb Formador<\/p>\n<p>Formador: <strong>\u00c1ngel S\u00e1nchez<\/strong><\/p>\n<\/div><\/div><\/div><\/div><div data-id=\"mpc_icon_column-4469f45b324579e\" class=\"mpc-icon-column mpc-init mpc-parent-hover mpc-transition mpc-icon-column--style_3 mpc-align--left \" ><div data-id=\"mpc_icon-3169f45b32457b6\" class=\"mpc-icon mpc-init mpc-transition mpc-effect-none mpc-icon-hover \"><div class=\"mpc-icon-wrap\"><i class=\"mpc-icon-part mpc-regular mpc-transition  fa fa-institution\"><\/i><i class=\"mpc-icon-part mpc-hover mpc-transition  fa fa-institution\"><\/i><\/div><\/div><div class=\"mpc-icon-column__content-wrap\"><div class=\"mpc-icon-column__content\"><h3 class=\"mpc-icon-column__heading mpc-transition\">DIPLOMA<\/h3><div class=\"mpc-icon-column__description mpc-transition\"><p>Al finalitzar el curs es lliurar\u00e0 un diploma acreditatiu d&#8217;aquesta formaci\u00f3.<\/p>\n<\/div><\/div><\/div><\/div><div data-id=\"mpc_icon_column-8169f45b324583a\" class=\"mpc-icon-column mpc-init mpc-parent-hover mpc-transition mpc-icon-column--style_3 mpc-align--left \" ><div data-id=\"mpc_icon-2969f45b3245853\" class=\"mpc-icon mpc-init mpc-transition mpc-effect-none mpc-icon-hover \"><div class=\"mpc-icon-wrap\"><i class=\"mpc-icon-part mpc-regular mpc-transition  fa fa-mortar-board\"><\/i><i class=\"mpc-icon-part mpc-hover mpc-transition  fa fa-mortar-board\"><\/i><\/div><\/div><div class=\"mpc-icon-column__content-wrap\"><div class=\"mpc-icon-column__content\"><h3 class=\"mpc-icon-column__heading mpc-transition\">APPLUS ISO 9001<\/h3><div class=\"mpc-icon-column__description mpc-transition\"><p>Estem certificats en Qualitat, segons la norma UNE-ISO 9001:2008, per l&#8217;entitat Applus, amb la voluntat d&#8217;oferir un servei de m\u00e0xima qualitat formativa.<\/p>\n<\/div><\/div><\/div><\/div><\/div>[vc_separator type=&#8221;transparent&#8221; thickness=&#8221;30&#8243;][vc_row_inner row_type=&#8221;row&#8221; type=&#8221;full_width&#8221; text_align=&#8221;center&#8221; css_animation=&#8221;&#8221; background_color=&#8221;#5c8953&#8243; css=&#8221;.vc_custom_1473763518291{padding-top: 30px !important;padding-bottom: 30px !important;}&#8221;][vc_column_inner][vc_column_text]<\/p>\n<h4 style=\"text-align: center;\"><span style=\"color: #ffffff;\"><strong>Alguna consulta?<\/strong><\/span><\/h4>\n<p style=\"text-align: center;\"><strong><span style=\"color: #ffffff;\">Si tens alg\u00fan dubte o consulta relacionada amb aquest curs no dubtis em posar-te en contacte amb nosaltres!<\/span><\/strong><\/p>\n<p>[\/vc_column_text][vc_separator type=&#8221;transparent&#8221; thickness=&#8221;20&#8243;]<a  itemprop=\"url\" href=\"https:\/\/www.gremi-obres.org\/formacio\/informacio-cursos-gremi-obres\/\" target=\"_blank\" data-hover-background-color=\"#bfbfbf\" data-hover-border-color=\"#bfbfbf\" data-hover-color=\"#333333\" class=\"qbutton  medium center default\" style=\"color: #f3f3f3; border-color: #df5461; font-weight: 700; border-radius: 0px;-moz-border-radius: 0px;-webkit-border-radius: 0px; background-color:#df5461;\">SOL.LICITA INFORMACI\u00d3<\/a>[\/vc_column_inner][\/vc_row_inner][vc_separator type=&#8221;transparent&#8221; thickness=&#8221;20&#8243;][\/vc_column][vc_column width=&#8221;1\/3&#8243;][vc_row_inner row_type=&#8221;row&#8221; type=&#8221;full_width&#8221; text_align=&#8221;left&#8221; css_animation=&#8221;&#8221; css=&#8221;.vc_custom_1632205408978{margin-right: 30px !important;margin-left: 30px !important;border-top-width: 3px !important;border-right-width: 3px !important;border-bottom-width: 3px !important;border-left-width: 3px !important;padding-right: 15px !important;padding-left: 15px !important;background: #f2b705 url(https:\/\/www.gremi-obres.org\/formacio\/wp-content\/uploads\/2021\/07\/blanco.png?id=11288) !important;border-left-color: #f2b705 !important;border-left-style: solid !important;border-right-color: #f2b705 !important;border-right-style: solid !important;border-top-color: #f2b705 !important;border-top-style: solid !important;border-bottom-color: #f2b705 !important;border-bottom-style: solid !important;}&#8221;][vc_column_inner enable_sticky=&#8221;true&#8221; sticky_offset=&#8221;100&#8243;][vc_separator type=&#8221;transparent&#8221; thickness=&#8221;10&#8243;][vc_column_text]<\/p>\n<h4><strong>Inscripci\u00f3 al curs<br \/>\n<\/strong><\/h4>\n<p>[\/vc_column_text][\/vc_column_inner][\/vc_row_inner][vc_row_inner row_type=&#8221;row&#8221; type=&#8221;full_width&#8221; text_align=&#8221;left&#8221; css_animation=&#8221;&#8221; css=&#8221;.vc_custom_1718203191825{margin-right: 30px !important;margin-left: 30px !important;border-top-width: 4px !important;border-right-width: 4px !important;border-bottom-width: 4px !important;border-left-width: 4px !important;padding-right: 15px !important;padding-left: 15px !important;background: #f2b705 url(https:\/\/www.gremi-obres.org\/formacio\/wp-content\/uploads\/2024\/06\/Diseno-sin-titulo-1.png?id=22766) !important;border-left-color: #ffffff !important;border-left-style: solid !important;border-right-color: #ffffff !important;border-right-style: solid !important;border-top-color: #ffffff !important;border-top-style: solid !important;border-bottom-color: #ffffff !important;border-bottom-style: solid !important;}&#8221;][vc_column_inner enable_sticky=&#8221;true&#8221; sticky_offset=&#8221;100&#8243;][vc_separator type=&#8221;transparent&#8221; thickness=&#8221;10&#8243;][vc_column_text css=&#8221;&#8221;]<\/p>\n<h4><\/h4>\n<p style=\"text-align: center;\">\n<div class=\"wpcf7 no-js\" id=\"wpcf7-f24933-o1\" lang=\"ca\" dir=\"ltr\" data-wpcf7-id=\"24933\">\n<div class=\"screen-reader-response\"><p role=\"status\" aria-live=\"polite\" aria-atomic=\"true\"><\/p> <ul><\/ul><\/div>\n<form action=\"\/formacio\/wp-json\/wp\/v2\/pages\/3723#wpcf7-f24933-o1\" method=\"post\" class=\"wpcf7-form init\" aria-label=\"Formulari de contacte\" novalidate=\"novalidate\" data-status=\"init\">\n<div style=\"display: none;\">\n<input type=\"hidden\" name=\"_wpcf7\" value=\"24933\" \/>\n<input type=\"hidden\" name=\"_wpcf7_version\" value=\"6.0.6\" \/>\n<input type=\"hidden\" name=\"_wpcf7_locale\" value=\"ca\" \/>\n<input type=\"hidden\" name=\"_wpcf7_unit_tag\" value=\"wpcf7-f24933-o1\" \/>\n<input type=\"hidden\" name=\"_wpcf7_container_post\" value=\"0\" \/>\n<input type=\"hidden\" name=\"_wpcf7_posted_data_hash\" value=\"\" \/>\n<input type=\"hidden\" name=\"_wpcf7_recaptcha_response\" value=\"\" \/>\n<\/div>\n<p><label><b>NOM DEL CURS<br \/>\n<span class=\"wpcf7-form-control-wrap\" data-name=\"NomdelCurs\"><input size=\"40\" maxlength=\"400\" class=\"wpcf7-form-control wpcf7-text wpcf7-validates-as-required\" aria-required=\"true\" aria-invalid=\"false\" value=\"\" type=\"text\" name=\"NomdelCurs\" \/><\/span> <\/b><\/label>\n<\/p>\n<p><label><b>NOM I COGNOMS<br \/>\n<span class=\"wpcf7-form-control-wrap\" data-name=\"your-name\"><input size=\"40\" maxlength=\"400\" class=\"wpcf7-form-control wpcf7-text wpcf7-validates-as-required\" aria-required=\"true\" aria-invalid=\"false\" value=\"\" type=\"text\" name=\"your-name\" \/><\/span> <\/b><\/label>\n<\/p>\n<p><label> <b>CORREU ELECTR\u00d2NIC<br \/>\n<span class=\"wpcf7-form-control-wrap\" data-name=\"your-email\"><input size=\"40\" maxlength=\"400\" class=\"wpcf7-form-control wpcf7-email wpcf7-validates-as-required wpcf7-text wpcf7-validates-as-email\" aria-required=\"true\" aria-invalid=\"false\" value=\"\" type=\"email\" name=\"your-email\" \/><\/span> <\/b><\/label>\n<\/p>\n<p><label><b>TEL\u00c8FON<br \/>\n<span class=\"wpcf7-form-control-wrap\" data-name=\"TELEFON\"><input size=\"40\" maxlength=\"400\" class=\"wpcf7-form-control wpcf7-tel wpcf7-validates-as-required wpcf7-text wpcf7-validates-as-tel\" aria-required=\"true\" aria-invalid=\"false\" value=\"\" type=\"tel\" name=\"TELEFON\" \/><\/span> <\/b><\/label>\n<\/p>\n<p><label><b>COM ENS HAS CONEGUT?<br \/>\n<span class=\"wpcf7-form-control-wrap\" data-name=\"COMENSHASCONEGUT\"><select class=\"wpcf7-form-control wpcf7-select wpcf7-validates-as-required\" aria-required=\"true\" aria-invalid=\"false\" name=\"COMENSHASCONEGUT\"><option value=\"\">&#8212;Trieu una opci\u00f3&#8212;<\/option><option value=\"Instagram\">Instagram<\/option><option value=\"Linkedin\">Linkedin<\/option><option value=\"Facebook\">Facebook<\/option><option value=\"Web del Gremi\">Web del Gremi<\/option><option value=\"Correu elecr\u00f3nic\">Correu elecr\u00f3nic<\/option><option value=\"Altres\">Altres<\/option><\/select><\/span> <\/b><\/label>\n<\/p>\n<p><label><b> SI HAS SELECCIONAT ALTRES, ENS HO POTS INDICAR?<br \/>\n<span class=\"wpcf7-form-control-wrap\" data-name=\"TEXT\"><input size=\"40\" maxlength=\"400\" class=\"wpcf7-form-control wpcf7-text wpcf7-validates-as-required\" aria-required=\"true\" aria-invalid=\"false\" value=\"\" type=\"text\" name=\"TEXT\" \/><\/span> <\/b><\/label>\n<\/p>\n<p><span class=\"wpcf7-form-control-wrap\" data-name=\"acceptance-324\"><span class=\"wpcf7-form-control wpcf7-acceptance\"><span class=\"wpcf7-list-item\"><input type=\"checkbox\" name=\"acceptance-324\" value=\"1\" aria-invalid=\"false\" \/><\/span><\/span><\/span> He llegit i accepto la <a href=\"http:\/\/www.gremi-obres.org\/avis-legal-de-la-web\/\">Pol\u00edtica de Privacitat<\/a> (obligatori)\n<\/p>\n<p>En compliment del Reglament (UE) 2016\/679, de Protecci\u00f3 de Dades (RGPD), les dades personals facilitades seran tractades pel Gremi de la Construcci\u00f3 de Barcelona, com a responsable del tractament, amb la finalitat de desenvolupar la formaci\u00f3 i gestionar l\u2019assist\u00e8ncia de la formaci\u00f3 sol\u00b7licitada, aix\u00ed com mantenir la relaci\u00f3 comercial o institucional, aix\u00ed com remetre informaci\u00f3 sobre serveis, activitats i q\u00fcestions relacionades amb el sector de la construcci\u00f3. La base jur\u00eddica del tractament \u00e9s el consentiment de la persona interessada i\/o l\u2019execuci\u00f3 de la relaci\u00f3 existent. Les dades no seran cedides a tercers, excepte obligaci\u00f3 legal o autoritzaci\u00f3 expressa de la persona interessada. Les dades es conservaran durant el temps necessari per complir amb les finalitats del tractament i, si escau, durant els terminis legalment exigibles.\n<\/p>\n<p>La persona interessada pot exercir els seus drets d\u2019acc\u00e9s, rectificaci\u00f3, supressi\u00f3, limitaci\u00f3 del tractament, oposici\u00f3 i portabilitat mitjan\u00e7ant escrit adre\u00e7at a Gran Via de les Corts Catalanes, 663, 6a planta, 08010 Barcelona, o b\u00e9 a l\u2019adre\u00e7a electr\u00f2nica info@gremi-obres.org. Aix\u00ed mateix, si considera que els seus drets no han estat degudament atesos, pot presentar una reclamaci\u00f3 davant l\u2019Ag\u00e8ncia Espanyola de Protecci\u00f3 de Dades (AEPD). Per m\u00e9s informaci\u00f3 referent al tractament de les seves dades, pot consultar la nostra pol\u00edtica de privacitat a: https:\/\/www.gremi-obres.org\/avis-legal-de-la-web\/\n<\/p>\n<p><input class=\"wpcf7-form-control wpcf7-submit has-spinner\" type=\"submit\" value=\"Enviar\" \/>\n<\/p><div class=\"wpcf7-response-output\" aria-hidden=\"true\"><\/div>\n<\/form>\n<\/div>\n<p>[\/vc_column_text][vc_separator type=&#8221;transparent&#8221; thickness=&#8221;1&#8243; up=&#8221;1&#8243; down=&#8221;15&#8243;][vc_separator type=&#8221;transparent&#8221; thickness=&#8221;1&#8243; up=&#8221;1&#8243; down=&#8221;15&#8243;][vc_column_text]<\/p>\n<h6 style=\"text-align: left;\"><span style=\"font-weight: 400;\">Les dades obligat\u00f2ries s\u00f3n imprescindibles per a tramitar la sol\u00b7licitud. La resta de dades es sol\u00b7liciten per oferir un millor servei i comunicaci\u00f3. El sol\u00b7licitant autoritza la incorporaci\u00f3 de totes les dades esmentades a un arxiu titularitat del Gremi de Constructors d\u2019Obres de Barcelona i Comarques, amb domicili a Barcelona, Gran Via de les Corts Catalanes, n\u00fam. 663, que t\u00e9 com a finalitat tramitar la sol\u00b7licitud. Aix\u00ed mateix, autoritza que se li envi\u00ef informaci\u00f3 i ofertes comercials per correu electr\u00f2nic o algun altre mitj\u00e0 de comunicaci\u00f3 electr\u00f2nica equivalent. El sol\u00b7licitant disposa dels drets d\u2019acc\u00e9s, rectificaci\u00f3 i cancel\u00b7laci\u00f3 d\u2019aquestes dades, aix\u00ed com a oposar-se al seu tractament mitjan\u00e7ant escrit a l&#8217;adre\u00e7a anteriorment indicada amb la refer\u00e8ncia Protecci\u00f3 de Dades.<\/span><\/h6>\n<p>[\/vc_column_text][vc_separator type=&#8221;transparent&#8221; thickness=&#8221;20&#8243;][\/vc_column_inner][\/vc_row_inner][\/vc_column][\/vc_row][vc_row css_animation=&#8221;&#8221; row_type=&#8221;row&#8221; use_row_as_full_screen_section=&#8221;no&#8221; type=&#8221;full_width&#8221; angled_section=&#8221;no&#8221; text_align=&#8221;left&#8221; background_image_as_pattern=&#8221;without_pattern&#8221;][vc_column][vc_separator type=&#8221;transparent&#8221; thickness=&#8221;55&#8243;][\/vc_column][\/vc_row][vc_row css_animation=&#8221;&#8221; row_type=&#8221;row&#8221; use_row_as_full_screen_section=&#8221;no&#8221; type=&#8221;full_width&#8221; angled_section=&#8221;no&#8221; text_align=&#8221;left&#8221; background_image_as_pattern=&#8221;without_pattern&#8221;][vc_column][\/vc_column][\/vc_row]<\/p>\n<\/div>","protected":false},"excerpt":{"rendered":"<p>[vc_row css_animation=&#8221;&#8221; row_type=&#8221;row&#8221; use_row_as_full_screen_section=&#8221;no&#8221; type=&#8221;grid&#8221; angled_section=&#8221;no&#8221; text_align=&#8221;left&#8221; background_image_as_pattern=&#8221;without_pattern&#8221; padding_top=&#8221;60&#8243;][vc_column width=&#8221;1\/3&#8243;][vc_column_text] PRL PER TREBALLS DE PINTURA (20H) OBJECTIU DEL CURS: [\/vc_column_text][vc_separator type=&#8221;small&#8221; position=&#8221;left&#8221; color=&#8221;#f29760&#8243; thickness=&#8221;1&#8243; width=&#8221;86&#8243;][vc_column_text]Amb aquesta formaci\u00f3 l&#8217;alumne adquirir\u00e0 els coneixements b\u00e0sics necessaris per poder identificar els riscos derivats de l&#8217;ofici que correspongui. D&#8217;aquesta manera,<\/p>\n","protected":false},"author":1,"featured_media":7122,"parent":281,"menu_order":2,"comment_status":"closed","ping_status":"closed","template":"","meta":{"footnotes":""},"class_list":["post-3723","page","type-page","status-publish","has-post-thumbnail","hentry"],"yoast_head":"<!-- This site is optimized with the Yoast SEO plugin v25.3 - https:\/\/yoast.com\/wordpress\/plugins\/seo\/ -->\n<title>Curs subvencionat PRL per Treballs de Pintura (20 h) - Gremi de Constructors d&#039;Obres<\/title>\n<meta name=\"description\" content=\"Amb aquesta formaci\u00f3 l&#039;alumne adquirir\u00e0 bones pr\u00e0ctiques preventives aplicables a la seva activitat en l&#039;entorn de treball i pot contribuir al control dels esmentats riscos, aix\u00ed com a evitar o minimitzar els danys que puguin derivar.\" \/>\n<meta name=\"robots\" content=\"index, follow, max-snippet:-1, max-image-preview:large, max-video-preview:-1\" \/>\n<link rel=\"canonical\" href=\"https:\/\/www.gremi-obres.org\/formacio\/cursos-barcelona\/prl-pintura-2\/\" \/>\n<meta property=\"og:locale\" content=\"ca_ES\" \/>\n<meta property=\"og:type\" content=\"article\" \/>\n<meta property=\"og:title\" content=\"Curs subvencionat PRL per Treballs de Pintura (20 h) - Gremi de Constructors d&#039;Obres\" \/>\n<meta property=\"og:description\" content=\"Amb aquesta formaci\u00f3 l&#039;alumne adquirir\u00e0 bones pr\u00e0ctiques preventives aplicables a la seva activitat en l&#039;entorn de treball i pot contribuir al control dels esmentats riscos, aix\u00ed com a evitar o minimitzar els danys que puguin derivar.\" \/>\n<meta property=\"og:url\" content=\"https:\/\/www.gremi-obres.org\/formacio\/cursos-barcelona\/prl-pintura-2\/\" \/>\n<meta property=\"og:site_name\" content=\"Gremi de Constructors d&#039;Obres\" \/>\n<meta property=\"article:modified_time\" content=\"2026-04-22T07:34:04+00:00\" \/>\n<meta property=\"og:image\" content=\"https:\/\/www.gremi-obres.org\/formacio\/wp-content\/uploads\/2019\/10\/encar-1.png\" \/>\n\t<meta property=\"og:image:width\" content=\"1920\" \/>\n\t<meta property=\"og:image:height\" content=\"1920\" \/>\n\t<meta property=\"og:image:type\" content=\"image\/png\" \/>\n<meta name=\"twitter:card\" content=\"summary_large_image\" \/>\n<meta name=\"twitter:label1\" content=\"Temps estimat de lectura\" \/>\n\t<meta name=\"twitter:data1\" content=\"7 minuts\" \/>\n<script type=\"application\/ld+json\" class=\"yoast-schema-graph\">{\"@context\":\"https:\/\/schema.org\",\"@graph\":[{\"@type\":\"WebPage\",\"@id\":\"https:\/\/www.gremi-obres.org\/formacio\/cursos-barcelona\/prl-pintura-2\/\",\"url\":\"https:\/\/www.gremi-obres.org\/formacio\/cursos-barcelona\/prl-pintura-2\/\",\"name\":\"Curs subvencionat PRL per Treballs de Pintura (20 h) - Gremi de Constructors d&#039;Obres\",\"isPartOf\":{\"@id\":\"https:\/\/www.gremi-obres.org\/formacio\/#website\"},\"primaryImageOfPage\":{\"@id\":\"https:\/\/www.gremi-obres.org\/formacio\/cursos-barcelona\/prl-pintura-2\/#primaryimage\"},\"image\":{\"@id\":\"https:\/\/www.gremi-obres.org\/formacio\/cursos-barcelona\/prl-pintura-2\/#primaryimage\"},\"thumbnailUrl\":\"https:\/\/www.gremi-obres.org\/formacio\/wp-content\/uploads\/2019\/10\/encar-1.png\",\"datePublished\":\"2017-10-31T10:33:45+00:00\",\"dateModified\":\"2026-04-22T07:34:04+00:00\",\"description\":\"Amb aquesta formaci\u00f3 l'alumne adquirir\u00e0 bones pr\u00e0ctiques preventives aplicables a la seva activitat en l'entorn de treball i pot contribuir al control dels esmentats riscos, aix\u00ed com a evitar o minimitzar els danys que puguin derivar.\",\"breadcrumb\":{\"@id\":\"https:\/\/www.gremi-obres.org\/formacio\/cursos-barcelona\/prl-pintura-2\/#breadcrumb\"},\"inLanguage\":\"ca\",\"potentialAction\":[{\"@type\":\"ReadAction\",\"target\":[\"https:\/\/www.gremi-obres.org\/formacio\/cursos-barcelona\/prl-pintura-2\/\"]}]},{\"@type\":\"ImageObject\",\"inLanguage\":\"ca\",\"@id\":\"https:\/\/www.gremi-obres.org\/formacio\/cursos-barcelona\/prl-pintura-2\/#primaryimage\",\"url\":\"https:\/\/www.gremi-obres.org\/formacio\/wp-content\/uploads\/2019\/10\/encar-1.png\",\"contentUrl\":\"https:\/\/www.gremi-obres.org\/formacio\/wp-content\/uploads\/2019\/10\/encar-1.png\",\"width\":1920,\"height\":1920},{\"@type\":\"BreadcrumbList\",\"@id\":\"https:\/\/www.gremi-obres.org\/formacio\/cursos-barcelona\/prl-pintura-2\/#breadcrumb\",\"itemListElement\":[{\"@type\":\"ListItem\",\"position\":1,\"name\":\"Inici\",\"item\":\"https:\/\/www.gremi-obres.org\/formacio\/\"},{\"@type\":\"ListItem\",\"position\":2,\"name\":\"Cursos\",\"item\":\"https:\/\/www.gremi-obres.org\/formacio\/?page_id=281\"},{\"@type\":\"ListItem\",\"position\":3,\"name\":\"Curs subvencionat PRL per Treballs de Pintura (20 h)\"}]},{\"@type\":\"WebSite\",\"@id\":\"https:\/\/www.gremi-obres.org\/formacio\/#website\",\"url\":\"https:\/\/www.gremi-obres.org\/formacio\/\",\"name\":\"Gremi de Constructors d&#039;Obres\",\"description\":\"Formaci\u00f3 del Gremi de Constructors d&#039;Obres.\",\"potentialAction\":[{\"@type\":\"SearchAction\",\"target\":{\"@type\":\"EntryPoint\",\"urlTemplate\":\"https:\/\/www.gremi-obres.org\/formacio\/?s={search_term_string}\"},\"query-input\":{\"@type\":\"PropertyValueSpecification\",\"valueRequired\":true,\"valueName\":\"search_term_string\"}}],\"inLanguage\":\"ca\"}]}<\/script>\n<!-- \/ Yoast SEO plugin. -->","yoast_head_json":{"title":"Curs subvencionat PRL per Treballs de Pintura (20 h) - Gremi de Constructors d&#039;Obres","description":"Amb aquesta formaci\u00f3 l'alumne adquirir\u00e0 bones pr\u00e0ctiques preventives aplicables a la seva activitat en l'entorn de treball i pot contribuir al control dels esmentats riscos, aix\u00ed com a evitar o minimitzar els danys que puguin derivar.","robots":{"index":"index","follow":"follow","max-snippet":"max-snippet:-1","max-image-preview":"max-image-preview:large","max-video-preview":"max-video-preview:-1"},"canonical":"https:\/\/www.gremi-obres.org\/formacio\/cursos-barcelona\/prl-pintura-2\/","og_locale":"ca_ES","og_type":"article","og_title":"Curs subvencionat PRL per Treballs de Pintura (20 h) - Gremi de Constructors d&#039;Obres","og_description":"Amb aquesta formaci\u00f3 l'alumne adquirir\u00e0 bones pr\u00e0ctiques preventives aplicables a la seva activitat en l'entorn de treball i pot contribuir al control dels esmentats riscos, aix\u00ed com a evitar o minimitzar els danys que puguin derivar.","og_url":"https:\/\/www.gremi-obres.org\/formacio\/cursos-barcelona\/prl-pintura-2\/","og_site_name":"Gremi de Constructors d&#039;Obres","article_modified_time":"2026-04-22T07:34:04+00:00","og_image":[{"width":1920,"height":1920,"url":"https:\/\/www.gremi-obres.org\/formacio\/wp-content\/uploads\/2019\/10\/encar-1.png","type":"image\/png"}],"twitter_card":"summary_large_image","twitter_misc":{"Temps estimat de lectura":"7 minuts"},"schema":{"@context":"https:\/\/schema.org","@graph":[{"@type":"WebPage","@id":"https:\/\/www.gremi-obres.org\/formacio\/cursos-barcelona\/prl-pintura-2\/","url":"https:\/\/www.gremi-obres.org\/formacio\/cursos-barcelona\/prl-pintura-2\/","name":"Curs subvencionat PRL per Treballs de Pintura (20 h) - Gremi de Constructors d&#039;Obres","isPartOf":{"@id":"https:\/\/www.gremi-obres.org\/formacio\/#website"},"primaryImageOfPage":{"@id":"https:\/\/www.gremi-obres.org\/formacio\/cursos-barcelona\/prl-pintura-2\/#primaryimage"},"image":{"@id":"https:\/\/www.gremi-obres.org\/formacio\/cursos-barcelona\/prl-pintura-2\/#primaryimage"},"thumbnailUrl":"https:\/\/www.gremi-obres.org\/formacio\/wp-content\/uploads\/2019\/10\/encar-1.png","datePublished":"2017-10-31T10:33:45+00:00","dateModified":"2026-04-22T07:34:04+00:00","description":"Amb aquesta formaci\u00f3 l'alumne adquirir\u00e0 bones pr\u00e0ctiques preventives aplicables a la seva activitat en l'entorn de treball i pot contribuir al control dels esmentats riscos, aix\u00ed com a evitar o minimitzar els danys que puguin derivar.","breadcrumb":{"@id":"https:\/\/www.gremi-obres.org\/formacio\/cursos-barcelona\/prl-pintura-2\/#breadcrumb"},"inLanguage":"ca","potentialAction":[{"@type":"ReadAction","target":["https:\/\/www.gremi-obres.org\/formacio\/cursos-barcelona\/prl-pintura-2\/"]}]},{"@type":"ImageObject","inLanguage":"ca","@id":"https:\/\/www.gremi-obres.org\/formacio\/cursos-barcelona\/prl-pintura-2\/#primaryimage","url":"https:\/\/www.gremi-obres.org\/formacio\/wp-content\/uploads\/2019\/10\/encar-1.png","contentUrl":"https:\/\/www.gremi-obres.org\/formacio\/wp-content\/uploads\/2019\/10\/encar-1.png","width":1920,"height":1920},{"@type":"BreadcrumbList","@id":"https:\/\/www.gremi-obres.org\/formacio\/cursos-barcelona\/prl-pintura-2\/#breadcrumb","itemListElement":[{"@type":"ListItem","position":1,"name":"Inici","item":"https:\/\/www.gremi-obres.org\/formacio\/"},{"@type":"ListItem","position":2,"name":"Cursos","item":"https:\/\/www.gremi-obres.org\/formacio\/?page_id=281"},{"@type":"ListItem","position":3,"name":"Curs subvencionat PRL per Treballs de Pintura (20 h)"}]},{"@type":"WebSite","@id":"https:\/\/www.gremi-obres.org\/formacio\/#website","url":"https:\/\/www.gremi-obres.org\/formacio\/","name":"Gremi de Constructors d&#039;Obres","description":"Formaci\u00f3 del Gremi de Constructors d&#039;Obres.","potentialAction":[{"@type":"SearchAction","target":{"@type":"EntryPoint","urlTemplate":"https:\/\/www.gremi-obres.org\/formacio\/?s={search_term_string}"},"query-input":{"@type":"PropertyValueSpecification","valueRequired":true,"valueName":"search_term_string"}}],"inLanguage":"ca"}]}},"_links":{"self":[{"href":"https:\/\/www.gremi-obres.org\/formacio\/wp-json\/wp\/v2\/pages\/3723","targetHints":{"allow":["GET"]}}],"collection":[{"href":"https:\/\/www.gremi-obres.org\/formacio\/wp-json\/wp\/v2\/pages"}],"about":[{"href":"https:\/\/www.gremi-obres.org\/formacio\/wp-json\/wp\/v2\/types\/page"}],"author":[{"embeddable":true,"href":"https:\/\/www.gremi-obres.org\/formacio\/wp-json\/wp\/v2\/users\/1"}],"replies":[{"embeddable":true,"href":"https:\/\/www.gremi-obres.org\/formacio\/wp-json\/wp\/v2\/comments?post=3723"}],"version-history":[{"count":50,"href":"https:\/\/www.gremi-obres.org\/formacio\/wp-json\/wp\/v2\/pages\/3723\/revisions"}],"predecessor-version":[{"id":27101,"href":"https:\/\/www.gremi-obres.org\/formacio\/wp-json\/wp\/v2\/pages\/3723\/revisions\/27101"}],"up":[{"embeddable":true,"href":"https:\/\/www.gremi-obres.org\/formacio\/wp-json\/wp\/v2\/pages\/281"}],"wp:featuredmedia":[{"embeddable":true,"href":"https:\/\/www.gremi-obres.org\/formacio\/wp-json\/wp\/v2\/media\/7122"}],"wp:attachment":[{"href":"https:\/\/www.gremi-obres.org\/formacio\/wp-json\/wp\/v2\/media?parent=3723"}],"curies":[{"name":"wp","href":"https:\/\/api.w.org\/{rel}","templated":true}]}}