{"id":359,"date":"2016-09-16T08:36:23","date_gmt":"2016-09-16T08:36:23","guid":{"rendered":"https:\/\/www.gremi-obres.org\/formacio\/?page_id=359"},"modified":"2026-04-14T10:45:29","modified_gmt":"2026-04-14T10:45:29","slug":"curs-rehabilitacio-energetica-dedificis","status":"publish","type":"page","link":"https:\/\/www.gremi-obres.org\/formacio\/curs-rehabilitacio-energetica-dedificis\/","title":{"rendered":"Curs subvencionat de Rehabilitaci\u00f3 Energ\u00e8tica d&#8217;Edificis"},"content":{"rendered":"<div class=\"wpb-content-wrapper\"><p>[vc_row row_type=&#8221;row&#8221; use_row_as_full_screen_section=&#8221;no&#8221; type=&#8221;grid&#8221; angled_section=&#8221;no&#8221; text_align=&#8221;left&#8221; background_image_as_pattern=&#8221;without_pattern&#8221; padding_top=&#8221;60&#8243; css_animation=&#8221;&#8221;][vc_column width=&#8221;1\/3&#8243;][vc_column_text]<\/p>\n<h4><strong>Rehabilitaci\u00f3 Energ\u00e8tica d&#8217;edificis<\/strong><\/h4>\n<p><strong>REQUISITS D&#8217;ACC\u00c9S DE L&#8217;ALUMNAT:<\/strong>[vc_column_text][vc_separator type=&#8221;small&#8221; position=&#8221;left&#8221; color=&#8221;#f29760&#8243; thickness=&#8221;1&#8243; width=&#8221;86&#8243;]<\/p>\n<p>Complir com a m\u00ednim alguns dels seg\u00fcents requisits:<\/p>\n<ul>\n<li>T\u00edtol de Batxillerat o equivalent<\/li>\n<li>T\u00edtol de T\u00e8cnic Superior (FP Grau Superior) o equivalent<\/li>\n<li>Haver superat la prova d&#8217;acc\u00e9s a Cicles Formatius de Grau Superior<\/li>\n<li>Haver superat qualsevol prova oficial d&#8217;acc\u00e9s a la Universitat<\/li>\n<li>Certificat de professionalitat de nivell 3<\/li>\n<li>T\u00edtol de Grau o equivalent<\/li>\n<li>T\u00edtol de Postgrau (M\u00e0ster) o equivalent<\/li>\n<\/ul>\n<p>Quan l\u00b4aspirant no disposi de l\u2019acreditaci\u00f3 o titulaci\u00f3 requerida demostrar\u00e0 els coneixements i compet\u00e8ncies suficients a trav\u00e9s d\u2019una prova d\u2019acc\u00e9s:<\/p>\n<p><strong><em><a href=\"https:\/\/docs.google.com\/forms\/d\/1Icc2yvCV9xL6s_5aAZjrVnOXXGaW0nptWh9-g1KKY-4\/edit\" target=\"_blank\" rel=\"noopener\">Link prova d&#8217;acc\u00e9s<\/a><\/em><\/strong><\/p>\n<p><strong>OBJECTIU GENERAL:<\/strong><\/p>\n<p>[\/vc_column_text][vc_separator type=&#8221;small&#8221; position=&#8221;left&#8221; color=&#8221;#f29760&#8243; thickness=&#8221;1&#8243; width=&#8221;86&#8243;][vc_column_text]<\/p>\n<p>&#8211; Identificar l&#8217;efici\u00e8ncia energ\u00e8tica a edificis, les principals mesures d&#8217;estalvi d&#8217;energia i el proc\u00e9s de certificaci\u00f3 energ\u00e8tica.<\/p>\n<p><strong>RELACI\u00d3 DE M\u00d2DULS DE FORMACI\u00d3:<\/strong><\/p>\n<p>[\/vc_column_text][vc_separator type=&#8221;small&#8221; position=&#8221;left&#8221; color=&#8221;#f29760&#8243; thickness=&#8221;1&#8243; width=&#8221;86&#8243;][vc_column_text]<\/p>\n<p>M\u00d2DUL 1. REHABILITACI\u00d3 ENERG\u00c8TICA DELS EDIFICIS (10H)<\/p>\n<p>M\u00d2DUL 2. EFICI\u00c8NCIA ENERG\u00c8TICA EN EDIFICIS (15H)<\/p>\n<p>M\u00d2DUL 3. CERTIFICACI\u00d3 ENERG\u00c8TICA (15H)<\/p>\n<p>[\/vc_column_text][vc_separator type=&#8221;transparent&#8221; thickness=&#8221;7&#8243;][vc_column_text]<\/p>\n<p>[\/vc_column_text][vc_separator type=&#8221;small&#8221; position=&#8221;left&#8221; color=&#8221;#f29760&#8243; thickness=&#8221;1&#8243; width=&#8221;86&#8243;][vc_column_text]<\/p>\n<p><strong>DESENVOLUPAMENT MODULAR:<\/strong><\/p>\n<p>[\/vc_column_text][vc_separator type=&#8221;small&#8221; position=&#8221;left&#8221; color=&#8221;#f29760&#8243; thickness=&#8221;1&#8243; width=&#8221;86&#8243;][vc_column_text]<\/p>\n<p>M\u00d2DUL DE FORMACI\u00d3 1: REHABILITACI\u00d3 ENERG\u00c8TICA DELS EDIFICIS (10H)<\/p>\n<p><strong>Objectiu:<\/strong> Analitzar les dades principals sobre el consum i el comportament energ\u00e8tic dels edificis a Espanya, aix\u00ed com les perspectives del sector de la rehabilitaci\u00f3 energ\u00e8tica.<\/p>\n<p><strong>Resultats d&#8217;aprenentatge:\u00a0<\/strong><\/p>\n<p><em>Coneixements\/Capacitats cognitives i pr\u00e0ctiques<\/em><\/p>\n<ul>\n<li>Identificaci\u00f3 de les principals dades sobre les fonts d&#8217;energia utilitzades als edificis\n<ul>\n<li>Concepte d&#8217;energia<\/li>\n<li>Combustibles f\u00f2ssils utilitzats a la generaci\u00f3 d&#8217;energia<\/li>\n<\/ul>\n<\/li>\n<\/ul>\n<ul>\n<li>An\u00e0lisi del comportament energ\u00e8tic dels edificis\n<ul>\n<li>Comportament energ\u00e8tic de l&#8217;edifici<\/li>\n<li>Consum energ\u00e8tic residencial<\/li>\n<li>Millores d&#8217;efici\u00e8ncia i edificis d&#8217;alta efici\u00e8ncia<\/li>\n<li>Sector de la rehabilitaci\u00f3 energ\u00e8tica<\/li>\n<li>Perspectives del sector<\/li>\n<li>Principals agents implicats<\/li>\n<\/ul>\n<\/li>\n<\/ul>\n<p><em>Habilitats de gesti\u00f3, personals i socials<\/em><\/p>\n<ul>\n<li>Sensibilitazaci\u00f3 pel consum eficient d&#8217;energia<\/li>\n<li>Inter\u00e8s per con\u00e8ixer les dades principals i l&#8217;estat general del consum d&#8217;energia a Espanya<\/li>\n<li>Consci\u00e8ncia de les oportunitats laborals al sector de l&#8217;efici\u00e8ncia energ\u00e8tica<\/li>\n<\/ul>\n<p>M\u00d2DUL DE FORMACI\u00d3 2: EFICI\u00c8NCIA ENERG\u00c8TICA EN EDIFICIS (15H)<\/p>\n<p><strong>Objectiu:<\/strong> Identificar les principals mesures d&#8217;estalvi d&#8217;energia en edificis.<\/p>\n<p><strong>Resultats d&#8217;aprenentatge:<\/strong><\/p>\n<p><em>Coneixements\/Capacitats cognitives i pr\u00e0ctiques<\/em><\/p>\n<ul>\n<li>Classificaci\u00f3 de les principals mesures d&#8217;estalvi energ\u00e8tic en edificis.\n<ul>\n<li>Orientaci\u00f3 i la protecci\u00f3 solar en l&#8217;edifici<\/li>\n<li>A\u00efllaments t\u00e8rmics<\/li>\n<li>Recomanacions sobre la il\u00b7luminaci\u00f3 natural\u00e7<\/li>\n<li>Sistemes d&#8217;il\u00b7luminaci\u00f3 m\u00e9s eficients<\/li>\n<li>Electrodom\u00e8stics m\u00e9s eficients<\/li>\n<li>Sistemes de climatitzaci\u00f3 m\u00e9s eficients<\/li>\n<li>Sistemes de reducci\u00f3 de consums de l&#8217;aigua calenta sanit\u00e0ria<\/li>\n<\/ul>\n<\/li>\n<\/ul>\n<p><em>Habilitats de gesti\u00f3, personals i socials<\/em><\/p>\n<ul>\n<li>Implicaci\u00f3 amb sistemes m\u00e9s innovadors d&#8217;efici\u00e8ncia energ\u00e8tica<\/li>\n<li>Predisposici\u00f3 a escollir o utilitzar els sistemes de rehabilitaci\u00f3 d&#8217;edificis m\u00e9s eficients.<\/li>\n<li>Inter\u00e8s per adquirir coneixements que advoquin per la sostenibilitat<\/li>\n<\/ul>\n<p>M\u00d2DUL DE FORMACI\u00d3 3: CERTIFICACI\u00d3 ENERG\u00c8TICA (15H)<\/p>\n<p><strong>Objectiu:<\/strong> Identificar els requisits per obtenir una certificaci\u00f3 energ\u00e8tica en edificis<\/p>\n<p><strong>Resultats d&#8217;aprenentatge:<\/strong><\/p>\n<p><em>Coneixements\/Capacitats cognitives i pr\u00e0ctiques<\/em><\/p>\n<ul>\n<li>Descripci\u00f3 dels requisits per a l&#8217;obtenci\u00f3 de la certificaci\u00f3 energ\u00e8tica en edificis\n<ul>\n<li>Concepte de certificaci\u00f3 energ\u00e8tica<\/li>\n<li>Objectius<\/li>\n<li>Continguts<\/li>\n<li>Requisits i necessitats segons l&#8217;edifici<\/li>\n<li>Normativa aplicable en edificaci\u00f3<\/li>\n<\/ul>\n<\/li>\n<li>Indicaci\u00f3 dels processos per a l&#8217;obtenci\u00f3 de la certificaci\u00f3 energ\u00e8tica en edificis\n<ul>\n<li>Responsables a la certificaci\u00f3 d&#8217;efici\u00e8ncia energ\u00e8tica<\/li>\n<li>Rol de la persona t\u00e8cnica certificadora<\/li>\n<li>Rol de la persona en la gesti\u00f3 inmobili\u00e0ria<\/li>\n<li>Escala de qualificaci\u00f3 energ\u00e8tica<\/li>\n<li>Proc\u00e9s d&#8217;obtenci\u00f3 de la certificaci\u00f3<\/li>\n<li>Programes per a l&#8217;obtenci\u00f3<\/li>\n<li>Registre de certificats<\/li>\n<li>Opcions de certificaci\u00f3: Edifici complet, habitatge habitual i locals comercials<\/li>\n<li>Certificats per a pisos i blocs de pisos<\/li>\n<li>Certificacions volunt\u00e0ries<\/li>\n<li>Validesa i renovaci\u00f3 segons compra-venda i lloguers<\/li>\n<\/ul>\n<\/li>\n<\/ul>\n<p><em>Habilitats de gesti\u00f3, personals i socials<\/em><\/p>\n<ul>\n<li>Assimiliaci\u00f3 de la import\u00e0ncia de con\u00e8ixer la normativa relacionada amb la certificaci\u00f3 energ\u00e8tica<\/li>\n<li>Consci\u00e8nci de la utilitat de la certificaci\u00f3 energ\u00e8tica per determinar la despesa energ\u00e8tica dels habitatges<\/li>\n<li>Reflexi\u00f3 sobre l&#8217;impacte de la certificaci\u00f3 energ\u00e8tica en l&#8217;efici\u00e8ncia dels habitatges<\/li>\n<\/ul>\n<p>[\/vc_column_text][vc_separator type=&#8221;transparent&#8221; thickness=&#8221;7&#8243;][\/vc_column][vc_column width=&#8221;1\/3&#8243;][vc_empty_space][vc_separator type=&#8221;transparent&#8221; thickness=&#8221;2&#8243;]<div id=\"mpc_connected_icons-7469f45b1496761\" class=\"mpc-connected-icons mpc-init mpc-transition \"  data-ci-cols=\"4\" data-target=\"icon\" data-layout=\"vertical\"><div class=\"mpc-connected-icons__line\"><span><\/span><\/div><div data-id=\"mpc_icon_column-5269f45b149687c\" class=\"mpc-icon-column mpc-init mpc-parent-hover mpc-transition mpc-icon-column--style_3 mpc-align--left \" ><div data-id=\"mpc_icon-3269f45b14968c3\" class=\"mpc-icon mpc-init mpc-transition mpc-effect-none mpc-icon-hover \"><div class=\"mpc-icon-wrap\"><i class=\"mpc-icon-part mpc-regular mpc-transition  fa fa-file-text-o\"><\/i><i class=\"mpc-icon-part mpc-hover mpc-transition  fa fa-file-text-o\"><\/i><\/div><\/div><div class=\"mpc-icon-column__content-wrap\"><div class=\"mpc-icon-column__content\"><h3 class=\"mpc-icon-column__heading mpc-transition\">Tipus de Curs<\/h3><div class=\"mpc-icon-column__description mpc-transition\"><h5><strong><span style=\"color: #000080;\">Formaci\u00f3 Subvencionada<\/span> <\/strong>(sense cost per a professionals de tots els sectors i persones en atur)<\/h5>\n<p><strong>Qui pot apuntar-se a aquest curs subvencionat?<\/strong><\/p>\n<p>Qualsevol persona resident a Catalunya que estigui en actiu (treballador\/a o en situaci\u00f3 d&#8217;atur). Excepte persones que treballin en l&#8217;Administraci\u00f3 P\u00fablica.<\/p>\n<hr \/>\n<h4><span style=\"color: #008000;\">Modalitat Presencial<\/span><\/h4>\n<hr \/>\n<p>Curs subvencionat per:<\/p>\n<p><a href=\"https:\/\/conforcat.gencat.cat\/ca\/inici\" target=\"_blank\" rel=\"noopener\"><img loading=\"lazy\" decoding=\"async\" class=\"alignnone size-medium wp-image-11318\" src=\"https:\/\/www.gremi-obres.org\/formacio\/wp-content\/uploads\/2021\/07\/Consorci-300x47.png\" alt=\"\" width=\"300\" height=\"47\" \/><\/a>\u00a0 \u00a0 \u00a0<a href=\"https:\/\/www.sepe.es\/HomeSepe\" target=\"_blank\" rel=\"noopener\"><img loading=\"lazy\" decoding=\"async\" class=\"alignnone size-medium wp-image-21898\" src=\"https:\/\/www.gremi-obres.org\/formacio\/wp-content\/uploads\/2024\/01\/MTESSEPE_H_COLOR-1-300x87.jpg\" alt=\"\" width=\"300\" height=\"87\" srcset=\"https:\/\/www.gremi-obres.org\/formacio\/wp-content\/uploads\/2024\/01\/MTESSEPE_H_COLOR-1-300x87.jpg 300w, https:\/\/www.gremi-obres.org\/formacio\/wp-content\/uploads\/2024\/01\/MTESSEPE_H_COLOR-1-1024x297.jpg 1024w, https:\/\/www.gremi-obres.org\/formacio\/wp-content\/uploads\/2024\/01\/MTESSEPE_H_COLOR-1-768x223.jpg 768w, https:\/\/www.gremi-obres.org\/formacio\/wp-content\/uploads\/2024\/01\/MTESSEPE_H_COLOR-1-1536x446.jpg 1536w, https:\/\/www.gremi-obres.org\/formacio\/wp-content\/uploads\/2024\/01\/MTESSEPE_H_COLOR-1-700x203.jpg 700w, https:\/\/www.gremi-obres.org\/formacio\/wp-content\/uploads\/2024\/01\/MTESSEPE_H_COLOR-1.jpg 1722w\" sizes=\"auto, (max-width: 300px) 100vw, 300px\" \/><\/a><\/p>\n<p>Aquest curs forma part dels programes de formaci\u00f3 professional per a l\u2019ocupaci\u00f3, subvencionats pel Consorci per a la Formaci\u00f3 Cont\u00ednua de Catalunya.<\/p>\n<\/div><\/div><\/div><\/div><div data-id=\"mpc_icon_column-7169f45b14969e4\" class=\"mpc-icon-column mpc-init mpc-parent-hover mpc-transition mpc-icon-column--style_3 mpc-align--left \" ><div data-id=\"mpc_icon-5369f45b1496a0e\" class=\"mpc-icon mpc-init mpc-transition mpc-effect-none mpc-icon-hover \"><div class=\"mpc-icon-wrap\"><i class=\"mpc-icon-part mpc-regular mpc-transition  fa fa-chrome\"><\/i><i class=\"mpc-icon-part mpc-hover mpc-transition  fa fa-chrome\"><\/i><\/div><\/div><div class=\"mpc-icon-column__content-wrap\"><div class=\"mpc-icon-column__content\"><h3 class=\"mpc-icon-column__heading mpc-transition\">\u00c1rea<\/h3><div class=\"mpc-icon-column__description mpc-transition\"><p>Rehabilitaci\u00f3 Energ\u00e8tica<\/p>\n<\/div><\/div><\/div><\/div><div data-id=\"mpc_icon_column-1569f45b1496ac6\" class=\"mpc-icon-column mpc-init mpc-parent-hover mpc-transition mpc-icon-column--style_3 mpc-align--left \" ><div data-id=\"mpc_icon-769f45b1496aea\" class=\"mpc-icon mpc-init mpc-transition mpc-effect-none mpc-icon-hover \"><div class=\"mpc-icon-wrap\"><i class=\"mpc-icon-part mpc-regular mpc-transition  mi mi-access_alarm\"><\/i><i class=\"mpc-icon-part mpc-hover mpc-transition  mi mi-access_alarm\"><\/i><\/div><\/div><div class=\"mpc-icon-column__content-wrap\"><div class=\"mpc-icon-column__content\"><h3 class=\"mpc-icon-column__heading mpc-transition\">DURACI\u00d3<\/h3><div class=\"mpc-icon-column__description mpc-transition\"><p>Aquest curs t\u00e9 una durada de<strong> 40 hores<\/strong><\/p>\n<\/div><\/div><\/div><\/div><div data-id=\"mpc_icon_column-5369f45b1496b9b\" class=\"mpc-icon-column mpc-init mpc-parent-hover mpc-transition mpc-icon-column--style_3 mpc-align--left \" ><div data-id=\"mpc_icon-6769f45b1496bbd\" class=\"mpc-icon mpc-init mpc-transition mpc-effect-none mpc-icon-hover \"><div class=\"mpc-icon-wrap\"><i class=\"mpc-icon-part mpc-regular mpc-transition  fa fa-calendar\"><\/i><i class=\"mpc-icon-part mpc-hover mpc-transition  fa fa-calendar\"><\/i><\/div><\/div><div class=\"mpc-icon-column__content-wrap\"><div class=\"mpc-icon-column__content\"><h3 class=\"mpc-icon-column__heading mpc-transition\">Data<\/h3><div class=\"mpc-icon-column__description mpc-transition\"><p><b>Del 18 de maig al 22 de juny de 2026, dilluns i dimecres de 17:00 a 21:00<\/b><\/p>\n<p><a href=\"https:\/\/www.gremi-obres.org\/formacio\/wp-content\/uploads\/2026\/04\/CALENDARI_REHAB.-ENERGETICA_18-05-26.pdf\">DESCARREGA EL CALENDARI<\/a><\/p>\n<\/div><\/div><\/div><\/div><div data-id=\"mpc_icon_column-1769f45b1496c7c\" class=\"mpc-icon-column mpc-init mpc-parent-hover mpc-transition mpc-icon-column--style_3 mpc-align--left \" ><div data-id=\"mpc_icon-8769f45b1496c9c\" class=\"mpc-icon mpc-init mpc-transition mpc-effect-none mpc-icon-hover \"><div class=\"mpc-icon-wrap\"><i class=\"mpc-icon-part mpc-regular mpc-transition  fa fa-map-marker\"><\/i><i class=\"mpc-icon-part mpc-hover mpc-transition  fa fa-map-marker\"><\/i><\/div><\/div><div class=\"mpc-icon-column__content-wrap\"><div class=\"mpc-icon-column__content\"><h3 class=\"mpc-icon-column__heading mpc-transition\">Lloc<\/h3><div class=\"mpc-icon-column__description mpc-transition\"><p>Gremi de Constructors d\u2019Obres de Barcelona i Comarques, Gran Via de les Corts Catalanes, 663 \u2013 08010 Barcelona.<\/p>\n<\/div><\/div><\/div><\/div><div data-id=\"mpc_icon_column-3369f45b1496d3d\" class=\"mpc-icon-column mpc-init mpc-parent-hover mpc-transition mpc-icon-column--style_3 mpc-align--left \" ><div data-id=\"mpc_icon-5569f45b1496d5c\" class=\"mpc-icon mpc-init mpc-transition mpc-effect-none mpc-icon-hover \"><div class=\"mpc-icon-wrap\"><i class=\"mpc-icon-part mpc-regular mpc-transition  fa fa-group\"><\/i><i class=\"mpc-icon-part mpc-hover mpc-transition  fa fa-group\"><\/i><\/div><\/div><div class=\"mpc-icon-column__content-wrap\"><div class=\"mpc-icon-column__content\"><h3 class=\"mpc-icon-column__heading mpc-typography--mpc_preset_20 mpc-transition\">Modalitat<\/h3><div class=\"mpc-icon-column__description mpc-typography--mpc_preset_1 mpc-transition\"><p>Curs Presencial amb Formador.<\/p>\n<\/div><\/div><\/div><\/div><div data-id=\"mpc_icon_column-10069f45b1496de3\" class=\"mpc-icon-column mpc-init mpc-parent-hover mpc-transition mpc-icon-column--style_3 mpc-align--left \" ><div data-id=\"mpc_icon-7169f45b1496dfd\" class=\"mpc-icon mpc-init mpc-transition mpc-effect-none mpc-icon-hover \"><div class=\"mpc-icon-wrap\"><i class=\"mpc-icon-part mpc-regular mpc-transition  fa fa-mortar-board\"><\/i><i class=\"mpc-icon-part mpc-hover mpc-transition  fa fa-mortar-board\"><\/i><\/div><\/div><div class=\"mpc-icon-column__content-wrap\"><div class=\"mpc-icon-column__content\"><h3 class=\"mpc-icon-column__heading mpc-transition\">FORMADOR<\/h3><div class=\"mpc-icon-column__description mpc-transition\"><p><strong>Ricardo Paz<\/strong><\/p>\n<p>Arquitecte amb una s\u00f2lida formaci\u00f3 acad\u00e8mica, incloent un MBA i especialitzaci\u00f3 en urbanisme.<br data-start=\"201\" data-end=\"204\" \/>Disposa d\u2019una \u00e0mplia experi\u00e8ncia en gesti\u00f3 de projectes, direcci\u00f3 d\u2019obres i arquitectura t\u00e8cnica.<br data-start=\"301\" data-end=\"304\" \/>Destaca tamb\u00e9 la seva traject\u00f2ria com a docent en formaci\u00f3 professional en \u00e0mbits com la construcci\u00f3 i la prevenci\u00f3 de riscos.<br data-start=\"430\" data-end=\"433\" \/>Compta amb compet\u00e8ncies t\u00e8cniques avan\u00e7ades i habilitats personals orientades al lideratge, la comunicaci\u00f3 i la resoluci\u00f3 de problemes.<\/p>\n<\/div><\/div><\/div><\/div><div data-id=\"mpc_icon_column-5069f45b1496e92\" class=\"mpc-icon-column mpc-init mpc-parent-hover mpc-transition mpc-icon-column--style_3 mpc-align--left \" ><div data-id=\"mpc_icon-769f45b1496ead\" class=\"mpc-icon mpc-init mpc-transition mpc-effect-none mpc-icon-hover \"><div class=\"mpc-icon-wrap\"><i class=\"mpc-icon-part mpc-regular mpc-transition  fa fa-institution\"><\/i><i class=\"mpc-icon-part mpc-hover mpc-transition  fa fa-institution\"><\/i><\/div><\/div><div class=\"mpc-icon-column__content-wrap\"><div class=\"mpc-icon-column__content\"><h3 class=\"mpc-icon-column__heading mpc-transition\">DIPLOMA<\/h3><div class=\"mpc-icon-column__description mpc-transition\"><p>Al finalitzar el curs es lliurar\u00e0 un diploma acreditatiu d&#8217;aquesta formaci\u00f3.<\/p>\n<\/div><\/div><\/div><\/div><div data-id=\"mpc_icon_column-5069f45b1496f32\" class=\"mpc-icon-column mpc-init mpc-parent-hover mpc-transition mpc-icon-column--style_3 mpc-align--left \" ><div data-id=\"mpc_icon-569f45b1496f4b\" class=\"mpc-icon mpc-init mpc-transition mpc-effect-none mpc-icon-hover \"><div class=\"mpc-icon-wrap\"><i class=\"mpc-icon-part mpc-regular mpc-transition  fa fa-mortar-board\"><\/i><i class=\"mpc-icon-part mpc-hover mpc-transition  fa fa-mortar-board\"><\/i><\/div><\/div><div class=\"mpc-icon-column__content-wrap\"><div class=\"mpc-icon-column__content\"><h3 class=\"mpc-icon-column__heading mpc-transition\">APPLUS ISO 9001<\/h3><div class=\"mpc-icon-column__description mpc-transition\"><p>Estem certificats\u00a0en Qualitat, segons la norma UNE-ISO 9001, per l&#8217;entitat Applus, amb la voluntat d&#8217;oferir un servei de m\u00e0xima qualitat formativa.<\/p>\n<\/div><\/div><\/div><\/div><\/div>[vc_separator type=&#8221;transparent&#8221; thickness=&#8221;30&#8243;][vc_row_inner row_type=&#8221;row&#8221; type=&#8221;full_width&#8221; text_align=&#8221;center&#8221; background_color=&#8221;#5c8953&#8243; css_animation=&#8221;&#8221; css=&#8221;.vc_custom_1473763518291{padding-top: 30px !important;padding-bottom: 30px !important;}&#8221;][vc_column_inner][vc_column_text]<\/p>\n<h4 style=\"text-align: center;\"><span style=\"color: #ffffff;\"><strong>Alguna consulta?<\/strong><\/span><\/h4>\n<p style=\"text-align: center;\"><strong><span style=\"color: #ffffff;\">Si tens algun dubte o consulta relacionada amb aquest curs no dubtis em posar-te en contacte amb nosaltres!<\/span><\/strong><\/p>\n<p>[\/vc_column_text][vc_separator type=&#8221;transparent&#8221; thickness=&#8221;20&#8243;]<a  itemprop=\"url\" href=\"https:\/\/www.gremi-obres.org\/formacio\/informacio-cursos-gremi-obres\/\" target=\"_blank\" data-hover-background-color=\"#bfbfbf\" data-hover-border-color=\"#bfbfbf\" data-hover-color=\"#333333\" class=\"qbutton  medium center default\" style=\"color: #f3f3f3; border-color: #df5461; font-weight: 700; border-radius: 0px;-moz-border-radius: 0px;-webkit-border-radius: 0px; background-color:#df5461;\">SOL.LICITA INFORMACI\u00d3<\/a>[\/vc_column_inner][\/vc_row_inner][vc_separator type=&#8221;transparent&#8221; thickness=&#8221;20&#8243;][vc_row_inner row_type=&#8221;row&#8221; type=&#8221;full_width&#8221; text_align=&#8221;left&#8221; css_animation=&#8221;&#8221;][vc_column_inner][\/vc_column_inner][\/vc_row_inner][\/vc_column][vc_column width=&#8221;1\/3&#8243;][vc_row_inner row_type=&#8221;row&#8221; type=&#8221;full_width&#8221; text_align=&#8221;left&#8221; css_animation=&#8221;&#8221; css=&#8221;.vc_custom_1718955318885{margin-right: 30px !important;margin-left: 30px !important;border-top-width: 4px !important;border-right-width: 4px !important;border-bottom-width: 4px !important;border-left-width: 4px !important;padding-right: 15px !important;padding-left: 15px !important;background: #f2b705 url(https:\/\/www.gremi-obres.org\/formacio\/wp-content\/uploads\/2024\/06\/Diseno-sin-titulo-1.png?id=22766) !important;border-left-color: #ffffff !important;border-left-style: solid !important;border-right-color: #ffffff !important;border-right-style: solid !important;border-top-color: #ffffff !important;border-top-style: solid !important;border-bottom-color: #ffffff !important;border-bottom-style: solid !important;}&#8221;][\/vc_row_inner][vc_column_inner enable_sticky=&#8221;true&#8221; sticky_offset=&#8221;100&#8243;][\/vc_column_inner][vc_separator type=&#8221;transparent&#8221; thickness=&#8221;10&#8243;][vc_column_text]<\/p>\n<p>[\/vc_column_text][\/vc_column][vc_column width=&#8221;1\/3&#8243;][vc_separator type=&#8221;transparent&#8221; thickness=&#8221;25&#8243;][vc_row_inner row_type=&#8221;row&#8221; type=&#8221;full_width&#8221; text_align=&#8221;center&#8221; css_animation=&#8221;&#8221; css=&#8221;.vc_custom_1472720730068{margin-right: 30px !important;margin-left: 30px !important;border-top-width: 1px !important;border-right-width: 1px !important;border-bottom-width: 1px !important;border-left-width: 1px !important;padding-right: 15px !important;padding-left: 15px !important;background-color: #f8971d !important;border-left-color: #000000 !important;border-left-style: solid !important;border-right-color: #000000 !important;border-right-style: solid !important;border-top-color: #000000 !important;border-top-style: solid !important;border-bottom-color: #000000 !important;border-bottom-style: solid !important;}&#8221;][vc_column_inner enable_sticky=&#8221;true&#8221; sticky_offset=&#8221;100&#8243;][vc_separator type=&#8221;transparent&#8221; thickness=&#8221;10&#8243;][vc_column_text]<\/p>\n<h4><strong>Vull incriure&#8217;m!<\/strong><\/h4>\n<p>[\/vc_column_text][vc_separator type=&#8221;transparent&#8221; thickness=&#8221;10&#8243;]\n<div class=\"wpcf7 no-js\" id=\"wpcf7-f22832-o1\" lang=\"ca\" dir=\"ltr\" data-wpcf7-id=\"22832\">\n<div class=\"screen-reader-response\"><p role=\"status\" aria-live=\"polite\" aria-atomic=\"true\"><\/p> <ul><\/ul><\/div>\n<form action=\"\/formacio\/wp-json\/wp\/v2\/pages\/359#wpcf7-f22832-o1\" method=\"post\" class=\"wpcf7-form init cf7_custom_style_3\" aria-label=\"Formulari de contacte\" novalidate=\"novalidate\" data-status=\"init\">\n<div style=\"display: none;\">\n<input type=\"hidden\" name=\"_wpcf7\" value=\"22832\" \/>\n<input type=\"hidden\" name=\"_wpcf7_version\" value=\"6.0.6\" \/>\n<input type=\"hidden\" name=\"_wpcf7_locale\" value=\"ca\" \/>\n<input type=\"hidden\" name=\"_wpcf7_unit_tag\" value=\"wpcf7-f22832-o1\" \/>\n<input type=\"hidden\" name=\"_wpcf7_container_post\" value=\"0\" \/>\n<input type=\"hidden\" name=\"_wpcf7_posted_data_hash\" value=\"\" \/>\n<input type=\"hidden\" name=\"_wpcf7_recaptcha_response\" value=\"\" \/>\n<\/div>\n<p><label><b>NOM DEL CURS<br \/>\n<span class=\"wpcf7-form-control-wrap\" data-name=\"NomdelCurs\"><input size=\"40\" maxlength=\"400\" class=\"wpcf7-form-control wpcf7-text wpcf7-validates-as-required\" aria-required=\"true\" aria-invalid=\"false\" value=\"\" type=\"text\" name=\"NomdelCurs\" \/><\/span> <\/b><\/label>\n<\/p>\n<p><label><b>NOM I COGNOMS<br \/>\n<span class=\"wpcf7-form-control-wrap\" data-name=\"your-name\"><input size=\"40\" maxlength=\"400\" class=\"wpcf7-form-control wpcf7-text wpcf7-validates-as-required\" aria-required=\"true\" aria-invalid=\"false\" value=\"\" type=\"text\" name=\"your-name\" \/><\/span> <\/b><\/label>\n<\/p>\n<p><label> <b>CORREU ELECTR\u00d2NIC<br \/>\n<span class=\"wpcf7-form-control-wrap\" data-name=\"your-email\"><input size=\"40\" maxlength=\"400\" class=\"wpcf7-form-control wpcf7-email wpcf7-validates-as-required wpcf7-text wpcf7-validates-as-email\" aria-required=\"true\" aria-invalid=\"false\" value=\"\" type=\"email\" name=\"your-email\" \/><\/span> <\/b><\/label>\n<\/p>\n<p><label><b>TEL\u00c8FON<br \/>\n<span class=\"wpcf7-form-control-wrap\" data-name=\"TELEFON\"><input size=\"40\" maxlength=\"400\" class=\"wpcf7-form-control wpcf7-tel wpcf7-validates-as-required wpcf7-text wpcf7-validates-as-tel\" aria-required=\"true\" aria-invalid=\"false\" value=\"\" type=\"tel\" name=\"TELEFON\" \/><\/span> <\/b><\/label>\n<\/p>\n<p><label><b>COM ENS HAS CONEGUT?<br \/>\n<span class=\"wpcf7-form-control-wrap\" data-name=\"COMENSHASCONEGUT\"><select class=\"wpcf7-form-control wpcf7-select wpcf7-validates-as-required\" aria-required=\"true\" aria-invalid=\"false\" name=\"COMENSHASCONEGUT\"><option value=\"\">&#8212;Trieu una opci\u00f3&#8212;<\/option><option value=\"Instagram\">Instagram<\/option><option value=\"Linkedin\">Linkedin<\/option><option value=\"Facebook\">Facebook<\/option><option value=\"Web del Gremi\">Web del Gremi<\/option><option value=\"Correu elecr\u00f3nic\">Correu elecr\u00f3nic<\/option><option value=\"Altres\">Altres<\/option><\/select><\/span> <\/b><\/label>\n<\/p>\n<p><label><b> SI HAS SELECCIONAT ALTRES, ENS HO POTS INDICAR?<br \/>\n<span class=\"wpcf7-form-control-wrap\" data-name=\"TEXT\"><input size=\"40\" maxlength=\"400\" class=\"wpcf7-form-control wpcf7-text wpcf7-validates-as-required\" aria-required=\"true\" aria-invalid=\"false\" value=\"\" type=\"text\" name=\"TEXT\" \/><\/span> <\/b><\/label>\n<\/p>\n<p><span class=\"wpcf7-form-control-wrap\" data-name=\"acceptance-324\"><span class=\"wpcf7-form-control wpcf7-acceptance\"><span class=\"wpcf7-list-item\"><input type=\"checkbox\" name=\"acceptance-324\" value=\"1\" aria-invalid=\"false\" \/><\/span><\/span><\/span><b> He llegit i accepto la <a href=\"http:\/\/www.gremi-obres.org\/avis-legal-de-la-web\/\">Pol\u00edtica de Privacitat<\/a> (obligatori)<br \/>\nEn compliment del Reglament (UE) 2016\/679, de Protecci\u00f3 de Dades (RGPD), les dades personals facilitades seran tractades pel Gremi de la Construcci\u00f3 de Barcelona, com a responsable del tractament, amb la finalitat de desenvolupar la formaci\u00f3 i gestionar l\u2019assist\u00e8ncia de la formaci\u00f3 sol\u00b7licitada, aix\u00ed com mantenir la relaci\u00f3 comercial o institucional, aix\u00ed com remetre informaci\u00f3 sobre serveis, activitats i q\u00fcestions relacionades amb el sector de la construcci\u00f3. La base jur\u00eddica del tractament \u00e9s el consentiment de la persona interessada i\/o l\u2019execuci\u00f3 de la relaci\u00f3 existent. Les dades no seran cedides a tercers, excepte obligaci\u00f3 legal o autoritzaci\u00f3 expressa de la persona interessada. Les dades es conservaran durant el temps necessari per complir amb les finalitats del tractament i, si escau, durant els terminis legalment exigibles.<br \/>\nLa persona interessada pot exercir els seus drets d\u2019acc\u00e9s, rectificaci\u00f3, supressi\u00f3, limitaci\u00f3 del tractament, oposici\u00f3 i portabilitat mitjan\u00e7ant escrit adre\u00e7at a Gran Via de les Corts Catalanes, 663, 6a planta, 08010 Barcelona, o b\u00e9 a l\u2019adre\u00e7a electr\u00f2nica info@gremi-obres.org. Aix\u00ed mateix, si considera que els seus drets no han estat degudament atesos, pot presentar una reclamaci\u00f3 davant l\u2019Ag\u00e8ncia Espanyola de Protecci\u00f3 de Dades (AEPD). Per m\u00e9s informaci\u00f3 referent al tractament de les seves dades, pot consultar la nostra pol\u00edtica de privacitat a: https:\/\/www.gremi-obres.org\/avis-legal-de-la-web\/<br \/>\n<input class=\"wpcf7-form-control wpcf7-submit has-spinner\" type=\"submit\" value=\"Enviar\" \/><\/b>\n<\/p><div class=\"wpcf7-response-output\" aria-hidden=\"true\"><\/div>\n<\/form>\n<\/div>\n[vc_separator type=&#8221;transparent&#8221; thickness=&#8221;20&#8243;][vc_separator type=&#8221;transparent&#8221; thickness=&#8221;20&#8243;][\/vc_column_inner][\/vc_row_inner][\/vc_column][\/vc_row][vc_row row_type=&#8221;row&#8221; use_row_as_full_screen_section=&#8221;no&#8221; type=&#8221;full_width&#8221; angled_section=&#8221;no&#8221; text_align=&#8221;left&#8221; background_image_as_pattern=&#8221;without_pattern&#8221; css_animation=&#8221;&#8221;][vc_column][vc_separator type=&#8221;transparent&#8221; thickness=&#8221;55&#8243;][\/vc_column][\/vc_row]<\/p>\n<\/div>","protected":false},"excerpt":{"rendered":"<p>[vc_row row_type=&#8221;row&#8221; use_row_as_full_screen_section=&#8221;no&#8221; type=&#8221;grid&#8221; angled_section=&#8221;no&#8221; text_align=&#8221;left&#8221; background_image_as_pattern=&#8221;without_pattern&#8221; padding_top=&#8221;60&#8243; css_animation=&#8221;&#8221;][vc_column width=&#8221;1\/3&#8243;][vc_column_text] Rehabilitaci\u00f3 Energ\u00e8tica d&#8217;edificis REQUISITS D&#8217;ACC\u00c9S DE L&#8217;ALUMNAT:[vc_column_text][vc_separator type=&#8221;small&#8221; position=&#8221;left&#8221; color=&#8221;#f29760&#8243; thickness=&#8221;1&#8243; width=&#8221;86&#8243;] Complir com a m\u00ednim alguns dels seg\u00fcents requisits: T\u00edtol de Batxillerat o equivalent T\u00edtol de T\u00e8cnic Superior (FP Grau Superior) o equivalent Haver<\/p>\n","protected":false},"author":1,"featured_media":11050,"parent":0,"menu_order":200,"comment_status":"closed","ping_status":"closed","template":"","meta":{"footnotes":""},"class_list":["post-359","page","type-page","status-publish","has-post-thumbnail","hentry"],"yoast_head":"<!-- This site is optimized with the Yoast SEO plugin v25.3 - https:\/\/yoast.com\/wordpress\/plugins\/seo\/ -->\n<title>Curs subvencionat de Rehabilitaci\u00f3 Energ\u00e8tica d&#039;Edificis - Gremi de Constructors d&#039;Obres<\/title>\n<meta name=\"description\" content=\"Curs subvencionat de Rehabilitaci\u00f3 Energ\u00e8tica d&#039;Edificis de 40 hores a Barcelona. Curs del Gremi per a persones treballadores i en atur\" \/>\n<meta name=\"robots\" content=\"index, follow, max-snippet:-1, max-image-preview:large, max-video-preview:-1\" \/>\n<link rel=\"canonical\" href=\"https:\/\/www.gremi-obres.org\/formacio\/curs-rehabilitacio-energetica-dedificis\/\" \/>\n<meta property=\"og:locale\" content=\"ca_ES\" \/>\n<meta property=\"og:type\" content=\"article\" \/>\n<meta property=\"og:title\" content=\"Curs subvencionat de Rehabilitaci\u00f3 Energ\u00e8tica d&#039;Edificis - Gremi de Constructors d&#039;Obres\" \/>\n<meta property=\"og:description\" content=\"Curs subvencionat de Rehabilitaci\u00f3 Energ\u00e8tica d&#039;Edificis de 40 hores a Barcelona. Curs del Gremi per a persones treballadores i en atur\" \/>\n<meta property=\"og:url\" content=\"https:\/\/www.gremi-obres.org\/formacio\/curs-rehabilitacio-energetica-dedificis\/\" \/>\n<meta property=\"og:site_name\" content=\"Gremi de Constructors d&#039;Obres\" \/>\n<meta property=\"article:modified_time\" content=\"2026-04-14T10:45:29+00:00\" \/>\n<meta name=\"twitter:card\" content=\"summary_large_image\" \/>\n<meta name=\"twitter:label1\" content=\"Temps estimat de lectura\" \/>\n\t<meta name=\"twitter:data1\" content=\"8 minuts\" \/>\n<script type=\"application\/ld+json\" class=\"yoast-schema-graph\">{\"@context\":\"https:\/\/schema.org\",\"@graph\":[{\"@type\":\"WebPage\",\"@id\":\"https:\/\/www.gremi-obres.org\/formacio\/curs-rehabilitacio-energetica-dedificis\/\",\"url\":\"https:\/\/www.gremi-obres.org\/formacio\/curs-rehabilitacio-energetica-dedificis\/\",\"name\":\"Curs subvencionat de Rehabilitaci\u00f3 Energ\u00e8tica d'Edificis - Gremi de Constructors d&#039;Obres\",\"isPartOf\":{\"@id\":\"https:\/\/www.gremi-obres.org\/formacio\/#website\"},\"primaryImageOfPage\":{\"@id\":\"https:\/\/www.gremi-obres.org\/formacio\/curs-rehabilitacio-energetica-dedificis\/#primaryimage\"},\"image\":{\"@id\":\"https:\/\/www.gremi-obres.org\/formacio\/curs-rehabilitacio-energetica-dedificis\/#primaryimage\"},\"thumbnailUrl\":\"https:\/\/www.gremi-obres.org\/formacio\/wp-content\/uploads\/2021\/06\/gremi-logo-svg.svg\",\"datePublished\":\"2016-09-16T08:36:23+00:00\",\"dateModified\":\"2026-04-14T10:45:29+00:00\",\"description\":\"Curs subvencionat de Rehabilitaci\u00f3 Energ\u00e8tica d'Edificis de 40 hores a Barcelona. Curs del Gremi per a persones treballadores i en atur\",\"breadcrumb\":{\"@id\":\"https:\/\/www.gremi-obres.org\/formacio\/curs-rehabilitacio-energetica-dedificis\/#breadcrumb\"},\"inLanguage\":\"ca\",\"potentialAction\":[{\"@type\":\"ReadAction\",\"target\":[\"https:\/\/www.gremi-obres.org\/formacio\/curs-rehabilitacio-energetica-dedificis\/\"]}]},{\"@type\":\"ImageObject\",\"inLanguage\":\"ca\",\"@id\":\"https:\/\/www.gremi-obres.org\/formacio\/curs-rehabilitacio-energetica-dedificis\/#primaryimage\",\"url\":\"https:\/\/www.gremi-obres.org\/formacio\/wp-content\/uploads\/2021\/06\/gremi-logo-svg.svg\",\"contentUrl\":\"https:\/\/www.gremi-obres.org\/formacio\/wp-content\/uploads\/2021\/06\/gremi-logo-svg.svg\"},{\"@type\":\"BreadcrumbList\",\"@id\":\"https:\/\/www.gremi-obres.org\/formacio\/curs-rehabilitacio-energetica-dedificis\/#breadcrumb\",\"itemListElement\":[{\"@type\":\"ListItem\",\"position\":1,\"name\":\"Inici\",\"item\":\"https:\/\/www.gremi-obres.org\/formacio\/\"},{\"@type\":\"ListItem\",\"position\":2,\"name\":\"Curs subvencionat de Rehabilitaci\u00f3 Energ\u00e8tica d&#8217;Edificis\"}]},{\"@type\":\"WebSite\",\"@id\":\"https:\/\/www.gremi-obres.org\/formacio\/#website\",\"url\":\"https:\/\/www.gremi-obres.org\/formacio\/\",\"name\":\"Gremi de Constructors d&#039;Obres\",\"description\":\"Formaci\u00f3 del Gremi de Constructors d&#039;Obres.\",\"potentialAction\":[{\"@type\":\"SearchAction\",\"target\":{\"@type\":\"EntryPoint\",\"urlTemplate\":\"https:\/\/www.gremi-obres.org\/formacio\/?s={search_term_string}\"},\"query-input\":{\"@type\":\"PropertyValueSpecification\",\"valueRequired\":true,\"valueName\":\"search_term_string\"}}],\"inLanguage\":\"ca\"}]}<\/script>\n<!-- \/ Yoast SEO plugin. -->","yoast_head_json":{"title":"Curs subvencionat de Rehabilitaci\u00f3 Energ\u00e8tica d'Edificis - Gremi de Constructors d&#039;Obres","description":"Curs subvencionat de Rehabilitaci\u00f3 Energ\u00e8tica d'Edificis de 40 hores a Barcelona. Curs del Gremi per a persones treballadores i en atur","robots":{"index":"index","follow":"follow","max-snippet":"max-snippet:-1","max-image-preview":"max-image-preview:large","max-video-preview":"max-video-preview:-1"},"canonical":"https:\/\/www.gremi-obres.org\/formacio\/curs-rehabilitacio-energetica-dedificis\/","og_locale":"ca_ES","og_type":"article","og_title":"Curs subvencionat de Rehabilitaci\u00f3 Energ\u00e8tica d'Edificis - Gremi de Constructors d&#039;Obres","og_description":"Curs subvencionat de Rehabilitaci\u00f3 Energ\u00e8tica d'Edificis de 40 hores a Barcelona. Curs del Gremi per a persones treballadores i en atur","og_url":"https:\/\/www.gremi-obres.org\/formacio\/curs-rehabilitacio-energetica-dedificis\/","og_site_name":"Gremi de Constructors d&#039;Obres","article_modified_time":"2026-04-14T10:45:29+00:00","twitter_card":"summary_large_image","twitter_misc":{"Temps estimat de lectura":"8 minuts"},"schema":{"@context":"https:\/\/schema.org","@graph":[{"@type":"WebPage","@id":"https:\/\/www.gremi-obres.org\/formacio\/curs-rehabilitacio-energetica-dedificis\/","url":"https:\/\/www.gremi-obres.org\/formacio\/curs-rehabilitacio-energetica-dedificis\/","name":"Curs subvencionat de Rehabilitaci\u00f3 Energ\u00e8tica d'Edificis - Gremi de Constructors d&#039;Obres","isPartOf":{"@id":"https:\/\/www.gremi-obres.org\/formacio\/#website"},"primaryImageOfPage":{"@id":"https:\/\/www.gremi-obres.org\/formacio\/curs-rehabilitacio-energetica-dedificis\/#primaryimage"},"image":{"@id":"https:\/\/www.gremi-obres.org\/formacio\/curs-rehabilitacio-energetica-dedificis\/#primaryimage"},"thumbnailUrl":"https:\/\/www.gremi-obres.org\/formacio\/wp-content\/uploads\/2021\/06\/gremi-logo-svg.svg","datePublished":"2016-09-16T08:36:23+00:00","dateModified":"2026-04-14T10:45:29+00:00","description":"Curs subvencionat de Rehabilitaci\u00f3 Energ\u00e8tica d'Edificis de 40 hores a Barcelona. Curs del Gremi per a persones treballadores i en atur","breadcrumb":{"@id":"https:\/\/www.gremi-obres.org\/formacio\/curs-rehabilitacio-energetica-dedificis\/#breadcrumb"},"inLanguage":"ca","potentialAction":[{"@type":"ReadAction","target":["https:\/\/www.gremi-obres.org\/formacio\/curs-rehabilitacio-energetica-dedificis\/"]}]},{"@type":"ImageObject","inLanguage":"ca","@id":"https:\/\/www.gremi-obres.org\/formacio\/curs-rehabilitacio-energetica-dedificis\/#primaryimage","url":"https:\/\/www.gremi-obres.org\/formacio\/wp-content\/uploads\/2021\/06\/gremi-logo-svg.svg","contentUrl":"https:\/\/www.gremi-obres.org\/formacio\/wp-content\/uploads\/2021\/06\/gremi-logo-svg.svg"},{"@type":"BreadcrumbList","@id":"https:\/\/www.gremi-obres.org\/formacio\/curs-rehabilitacio-energetica-dedificis\/#breadcrumb","itemListElement":[{"@type":"ListItem","position":1,"name":"Inici","item":"https:\/\/www.gremi-obres.org\/formacio\/"},{"@type":"ListItem","position":2,"name":"Curs subvencionat de Rehabilitaci\u00f3 Energ\u00e8tica d&#8217;Edificis"}]},{"@type":"WebSite","@id":"https:\/\/www.gremi-obres.org\/formacio\/#website","url":"https:\/\/www.gremi-obres.org\/formacio\/","name":"Gremi de Constructors d&#039;Obres","description":"Formaci\u00f3 del Gremi de Constructors d&#039;Obres.","potentialAction":[{"@type":"SearchAction","target":{"@type":"EntryPoint","urlTemplate":"https:\/\/www.gremi-obres.org\/formacio\/?s={search_term_string}"},"query-input":{"@type":"PropertyValueSpecification","valueRequired":true,"valueName":"search_term_string"}}],"inLanguage":"ca"}]}},"_links":{"self":[{"href":"https:\/\/www.gremi-obres.org\/formacio\/wp-json\/wp\/v2\/pages\/359","targetHints":{"allow":["GET"]}}],"collection":[{"href":"https:\/\/www.gremi-obres.org\/formacio\/wp-json\/wp\/v2\/pages"}],"about":[{"href":"https:\/\/www.gremi-obres.org\/formacio\/wp-json\/wp\/v2\/types\/page"}],"author":[{"embeddable":true,"href":"https:\/\/www.gremi-obres.org\/formacio\/wp-json\/wp\/v2\/users\/1"}],"replies":[{"embeddable":true,"href":"https:\/\/www.gremi-obres.org\/formacio\/wp-json\/wp\/v2\/comments?post=359"}],"version-history":[{"count":88,"href":"https:\/\/www.gremi-obres.org\/formacio\/wp-json\/wp\/v2\/pages\/359\/revisions"}],"predecessor-version":[{"id":27068,"href":"https:\/\/www.gremi-obres.org\/formacio\/wp-json\/wp\/v2\/pages\/359\/revisions\/27068"}],"wp:featuredmedia":[{"embeddable":true,"href":"https:\/\/www.gremi-obres.org\/formacio\/wp-json\/wp\/v2\/media\/11050"}],"wp:attachment":[{"href":"https:\/\/www.gremi-obres.org\/formacio\/wp-json\/wp\/v2\/media?parent=359"}],"curies":[{"name":"wp","href":"https:\/\/api.w.org\/{rel}","templated":true}]}}