{"id":20457,"date":"2023-03-27T09:53:20","date_gmt":"2023-03-27T09:53:20","guid":{"rendered":"https:\/\/www.gremi-obres.org\/formacio\/?page_id=20457"},"modified":"2025-11-28T09:40:10","modified_gmt":"2025-11-28T09:40:10","slug":"cursos-barcelona-prevencio-de-riscos-laborals-tpc","status":"publish","type":"page","link":"https:\/\/www.gremi-obres.org\/formacio\/cursos-barcelona-prevencio-de-riscos-laborals-tpc\/","title":{"rendered":"Curs subvencionat: Prevenci\u00f3 de Riscos Laborals per Treballs de Paleteria"},"content":{"rendered":"<div class=\"wpb-content-wrapper\"><p>[vc_row css_animation=&#8221;&#8221; row_type=&#8221;row&#8221; use_row_as_full_screen_section=&#8221;no&#8221; type=&#8221;grid&#8221; angled_section=&#8221;no&#8221; text_align=&#8221;left&#8221; background_image_as_pattern=&#8221;without_pattern&#8221; padding_top=&#8221;60&#8243;][vc_column width=&#8221;1\/3&#8243;][vc_column_text]<\/p>\n<h2><strong>PRL de treballs de Paleta (20 h)<\/strong><\/h2>\n<p>[\/vc_column_text][vc_separator type=&#8221;small&#8221; position=&#8221;left&#8221; color=&#8221;#f29760&#8243; thickness=&#8221;1&#8243; width=&#8221;86&#8243;][vc_column_text]<\/p>\n<p class=\"p1\">En aquest curs de PRL per a treballs de paleteria l\u2019alumne podr\u00e0 adquirir uns coneixements preventius b\u00e0sics i generals, tant a nivell te\u00f2ric com pr\u00e0ctic, que li permetin I&#8217;aplicaci\u00f3 de t\u00e8cniques segures de treball durant I &#8216;execuci\u00f3 de les unitats d&#8217;obra que dugui a terme i en funci\u00f3 de l&#8217;especialitat i singularitat de les feines. <strong>\u00c9s un curs adre\u00e7at tamb\u00e9 a professionals d&#8217;altres sectors.<\/strong><\/p>\n<p>[\/vc_column_text][vc_separator type=&#8221;small&#8221; position=&#8221;left&#8221; color=&#8221;#f29760&#8243; thickness=&#8221;1&#8243; width=&#8221;86&#8243;][vc_column_text]<strong>CONTINGUTS:<\/strong>[\/vc_column_text][vc_separator type=&#8221;small&#8221; position=&#8221;left&#8221; color=&#8221;#f29760&#8243; thickness=&#8221;1&#8243; width=&#8221;86&#8243;][vc_column_text]<\/p>\n<p><strong>CONTINGUTS PART COM\u00da:<\/strong><\/p>\n<ol>\n<li>T\u00e8cniques preventives.<br \/>\n&#8211; Mitjans de protecci\u00f3 col\u00b7lectiva.<br \/>\n&#8211; Equips de protecci\u00f3 individual.<br \/>\n&#8211; Senyalitzaci\u00f3.<\/li>\n<li>Mitjans auxiliars, equips i eines emprats habitualment en les obres de construcci\u00f3.<\/li>\n<\/ol>\n<p>Verificaci\u00f3, identificaci\u00f3 i vigil\u00e0ncia de el lloc de la feina i el seu entorn.<br \/>\n&#8211; Riscos generals en les obres de construcci\u00f3.<br \/>\n&#8211; Coneixement de l&#8217;entorn de el lloc de treball. Planificaci\u00f3 de les tasques des d&#8217;un punt de vista preventiu.<br \/>\n&#8211; Manipulaci\u00f3 de productes qu\u00edmics. Fitxa de dades de seguretat. Simbologia.<br \/>\n4. Interfer\u00e8ncia entre activitats.<br \/>\n&#8211; Activitats simult\u00e0nies o successives.<br \/>\n5. Drets i obligacions.<br \/>\n&#8211; Marc normatiu general i espec\u00edfic.<br \/>\n&#8211; Organitzaci\u00f3 de la prevenci\u00f3 de riscos laborals.<br \/>\n&#8211; Participaci\u00f3, informaci\u00f3, consulta i propostes.<br \/>\n6. Primers auxilis i mesures d&#8217;emerg\u00e8ncia<\/p>\n<p><b>CONTINGUTS PART ESPEC\u00cdFICA:<\/b><\/p>\n<p>Definici\u00f3 dels treballs.<br \/>\n&#8211; Fa\u00e7anes (f\u00e0brica de ma\u00f3 i revestiment de ciment).<br \/>\n&#8211; Distribuci\u00f3 interior (envans).<br \/>\n&#8211; Materials (cer\u00e0mics, cartr\u00f3-guix, escaiola, &#8230;).<\/p>\n<p>T\u00e8cniques preventives espec\u00edfiques.<br \/>\n&#8211; Identificaci\u00f3 de riscos.<br \/>\n&#8211; Avaluaci\u00f3 de riscos de el lloc (gen\u00e8rica).<br \/>\n&#8211; Mitjans auxiliars: bastides, plataformes de treball, &#8230;<br \/>\n&#8211; Equips de treball i eines: riscos i mesures preventives.<br \/>\n&#8211; Manipulaci\u00f3 manual de c\u00e0rregues.<br \/>\n&#8211; Mitjans de protecci\u00f3 col\u00b7lectiva (col\u00b7locaci\u00f3, usos, obligacions i manteniment).<br \/>\n&#8211; Equips de protecci\u00f3 individual (col\u00b7locaci\u00f3, usos, obligacions i manteniment).<br \/>\n&#8211; Materials i productes (etiquetatge, fitxes de dades de seguretat, frases H i P, &#8230;).<\/p>\n<hr \/>\n<p><strong>Pot demanar la Targeta Professional de la Construcci\u00f3:\u00a0<\/strong><\/p>\n<p><a href=\"https:\/\/www.gremi-obres.org\/formacio\/wp-content\/uploads\/2022\/02\/00071436archivodescarga.pdf\">AVANTATGES I REQUISITS PER LA TARGETA TPC<\/a><\/p>\n<p><img loading=\"lazy\" decoding=\"async\" class=\"alignnone wp-image-11851\" src=\"https:\/\/www.gremi-obres.org\/formacio\/wp-content\/uploads\/2021\/09\/tpc-300x192.jpg\" alt=\"\" width=\"266\" height=\"170\" srcset=\"https:\/\/www.gremi-obres.org\/formacio\/wp-content\/uploads\/2021\/09\/tpc-300x192.jpg 300w, https:\/\/www.gremi-obres.org\/formacio\/wp-content\/uploads\/2021\/09\/tpc.jpg 500w\" sizes=\"auto, (max-width: 266px) 100vw, 266px\" \/>[\/vc_column_text][vc_separator type=&#8221;transparent&#8221; thickness=&#8221;7&#8243;][vc_separator type=&#8221;transparent&#8221; thickness=&#8221;7&#8243;][\/vc_column][vc_column width=&#8221;1\/3&#8243;][vc_separator type=&#8221;transparent&#8221; thickness=&#8221;2&#8243;]<div id=\"mpc_connected_icons-1069f08600ce91a\" class=\"mpc-connected-icons mpc-init mpc-transition \"  data-ci-cols=\"4\" data-target=\"icon\" data-layout=\"vertical\"><div class=\"mpc-connected-icons__line\"><span><\/span><\/div><div data-id=\"mpc_icon_column-3569f08600cea33\" class=\"mpc-icon-column mpc-init mpc-parent-hover mpc-transition mpc-icon-column--style_3 mpc-align--left \" ><div data-id=\"mpc_icon-8769f08600cea72\" class=\"mpc-icon mpc-init mpc-transition mpc-effect-none mpc-icon-hover \"><div class=\"mpc-icon-wrap\"><i class=\"mpc-icon-part mpc-regular mpc-transition  fa fa-file-text-o\"><\/i><i class=\"mpc-icon-part mpc-hover mpc-transition  fa fa-file-text-o\"><\/i><\/div><\/div><div class=\"mpc-icon-column__content-wrap\"><div class=\"mpc-icon-column__content\"><h3 class=\"mpc-icon-column__heading mpc-transition\">Tipus de Curs<\/h3><div class=\"mpc-icon-column__description mpc-transition\"><h5><strong><span style=\"color: #000080;\">Formaci\u00f3 Subvencionada<\/span> <\/strong>(sense cost per a professionals del sector de la construcci\u00f3 i persones en atur)<\/h5>\n<p><strong>Qui pot apuntar-se a aquest curs subvencionat ?<\/strong><\/p>\n<p>Qualsevol persona resident a Catalunya que estigui en actiu (treballador\/a) o en situaci\u00f3 d&#8217;atur. Excepte persones que treballin en l&#8217;Administraci\u00f3 P\u00fablica.<\/p>\n<hr \/>\n<h4><span style=\"color: #008080;\">Modalitat Presencial<\/span><\/h4>\n<hr \/>\n<p>Curs subvencionat per:<\/p>\n<p><a href=\"https:\/\/conforcat.gencat.cat\/ca\/inici\" target=\"_blank\" rel=\"noopener\"><img loading=\"lazy\" decoding=\"async\" class=\"alignnone size-medium wp-image-11318\" src=\"https:\/\/www.gremi-obres.org\/formacio\/wp-content\/uploads\/2021\/07\/Consorci-300x47.png\" alt=\"\" width=\"300\" height=\"47\" \/><\/a><\/p>\n<p><a href=\"https:\/\/www.sepe.es\/HomeSepe\" target=\"_blank\" rel=\"noopener\"><img loading=\"lazy\" decoding=\"async\" class=\"alignnone size-medium wp-image-21898\" src=\"https:\/\/www.gremi-obres.org\/formacio\/wp-content\/uploads\/2024\/01\/MTESSEPE_H_COLOR-1-300x87.jpg\" alt=\"\" width=\"300\" height=\"87\" srcset=\"https:\/\/www.gremi-obres.org\/formacio\/wp-content\/uploads\/2024\/01\/MTESSEPE_H_COLOR-1-300x87.jpg 300w, https:\/\/www.gremi-obres.org\/formacio\/wp-content\/uploads\/2024\/01\/MTESSEPE_H_COLOR-1-1024x297.jpg 1024w, https:\/\/www.gremi-obres.org\/formacio\/wp-content\/uploads\/2024\/01\/MTESSEPE_H_COLOR-1-768x223.jpg 768w, https:\/\/www.gremi-obres.org\/formacio\/wp-content\/uploads\/2024\/01\/MTESSEPE_H_COLOR-1-1536x446.jpg 1536w, https:\/\/www.gremi-obres.org\/formacio\/wp-content\/uploads\/2024\/01\/MTESSEPE_H_COLOR-1-700x203.jpg 700w, https:\/\/www.gremi-obres.org\/formacio\/wp-content\/uploads\/2024\/01\/MTESSEPE_H_COLOR-1.jpg 1722w\" sizes=\"auto, (max-width: 300px) 100vw, 300px\" \/><\/a><\/p>\n<p>Aquest curs forma part dels programes de formaci\u00f3 professional per a l\u2019ocupaci\u00f3, subvencionats pel Consorci per a la Formaci\u00f3 Cont\u00ednua de Catalunya.<\/p>\n<\/div><\/div><\/div><\/div><div data-id=\"mpc_icon_column-1169f08600ceb58\" class=\"mpc-icon-column mpc-init mpc-parent-hover mpc-transition mpc-icon-column--style_3 mpc-align--left \" ><div data-id=\"mpc_icon-2469f08600ceb7b\" class=\"mpc-icon mpc-init mpc-transition mpc-effect-none mpc-icon-hover \"><div class=\"mpc-icon-wrap\"><i class=\"mpc-icon-part mpc-regular mpc-transition  fa fa-chrome\"><\/i><i class=\"mpc-icon-part mpc-hover mpc-transition  fa fa-chrome\"><\/i><\/div><\/div><div class=\"mpc-icon-column__content-wrap\"><div class=\"mpc-icon-column__content\"><h3 class=\"mpc-icon-column__heading mpc-transition\">\u00c0rea<\/h3><div class=\"mpc-icon-column__description mpc-transition\"><p>Prevenci\u00f3 de Riscos Laborals<\/p>\n<\/div><\/div><\/div><\/div><div data-id=\"mpc_icon_column-8669f08600cec0f\" class=\"mpc-icon-column mpc-init mpc-parent-hover mpc-transition mpc-icon-column--style_3 mpc-align--left \" ><div data-id=\"mpc_icon-5569f08600cec2c\" class=\"mpc-icon mpc-init mpc-transition mpc-effect-none mpc-icon-hover \"><div class=\"mpc-icon-wrap\"><i class=\"mpc-icon-part mpc-regular mpc-transition  mi mi-access_alarm\"><\/i><i class=\"mpc-icon-part mpc-hover mpc-transition  mi mi-access_alarm\"><\/i><\/div><\/div><div class=\"mpc-icon-column__content-wrap\"><div class=\"mpc-icon-column__content\"><h3 class=\"mpc-icon-column__heading mpc-transition\">DURACI\u00d3<\/h3><div class=\"mpc-icon-column__description mpc-transition\"><p>Aquest curs t\u00e9 una durada de <strong>20\u00a0hores<\/strong><\/p>\n<\/div><\/div><\/div><\/div><div data-id=\"mpc_icon_column-9169f08600cecc2\" class=\"mpc-icon-column mpc-init mpc-parent-hover mpc-transition mpc-icon-column--style_3 mpc-align--left \" ><div data-id=\"mpc_icon-8069f08600cecdd\" class=\"mpc-icon mpc-init mpc-transition mpc-effect-none mpc-icon-hover \"><div class=\"mpc-icon-wrap\"><i class=\"mpc-icon-part mpc-regular mpc-transition  fa fa-calendar\"><\/i><i class=\"mpc-icon-part mpc-hover mpc-transition  fa fa-calendar\"><\/i><\/div><\/div><div class=\"mpc-icon-column__content-wrap\"><div class=\"mpc-icon-column__content\"><h3 class=\"mpc-icon-column__heading mpc-transition\">Data<\/h3><div class=\"mpc-icon-column__description mpc-transition\"><p><b> 15\/12\/2025 <\/b>a 19\/12\/2025. Dilluns, dimarts, dimecres i divendres de 09:00 a 14:00h.<\/p>\n<p><a href=\"https:\/\/www.gremi-obres.org\/formacio\/wp-content\/uploads\/2025\/11\/CALEND.-PRL-ALBANILERIA-1.pdf\">DESCARREGA EL CALENDARI<\/a><\/p>\n<\/div><\/div><\/div><\/div><div data-id=\"mpc_icon_column-4769f08600ced6c\" class=\"mpc-icon-column mpc-init mpc-parent-hover mpc-transition mpc-icon-column--style_3 mpc-align--left \" ><div data-id=\"mpc_icon-8569f08600ced87\" class=\"mpc-icon mpc-init mpc-transition mpc-effect-none mpc-icon-hover \"><div class=\"mpc-icon-wrap\"><i class=\"mpc-icon-part mpc-regular mpc-transition  fa fa-map-marker\"><\/i><i class=\"mpc-icon-part mpc-hover mpc-transition  fa fa-map-marker\"><\/i><\/div><\/div><div class=\"mpc-icon-column__content-wrap\"><div class=\"mpc-icon-column__content\"><h3 class=\"mpc-icon-column__heading mpc-transition\">Lloc<\/h3><div class=\"mpc-icon-column__description mpc-transition\"><p><strong>GREMI DE LA CONSTRUCCI\u00d3 DE BARCELONA:<\/strong><\/p>\n<p>Gran Via de les Corts Catalanes, 663, baixos &#8211; 08010 Barcelona<\/p>\n<\/div><\/div><\/div><\/div><div data-id=\"mpc_icon_column-469f08600cee1b\" class=\"mpc-icon-column mpc-init mpc-parent-hover mpc-transition mpc-icon-column--style_3 mpc-align--left \" ><div data-id=\"mpc_icon-3769f08600ceeb2\" class=\"mpc-icon mpc-init mpc-transition mpc-effect-none mpc-icon-hover \"><div class=\"mpc-icon-wrap\"><i class=\"mpc-icon-part mpc-regular mpc-transition  fa fa-group\"><\/i><i class=\"mpc-icon-part mpc-hover mpc-transition  fa fa-group\"><\/i><\/div><\/div><div class=\"mpc-icon-column__content-wrap\"><div class=\"mpc-icon-column__content\"><h3 class=\"mpc-icon-column__heading mpc-transition\">Modalitat<\/h3><div class=\"mpc-icon-column__description mpc-transition\"><p>Curs Presencial amb Formador.<\/p>\n<p>FORMADOR: <strong>German Lahuerta<\/strong><\/p>\n<p>Formador amb m\u00e9s de 15 anys d\u2019experi\u00e8ncia en m\u00faltiples sectors industrials, especialitzat en Prevenci\u00f3 de Riscos Laborals i en formacions t\u00e8cniques acreditades. Gestiona \u00e0mplies carteres de clients, dissenyant i impartint formaci\u00f3 adaptada a les necessitats espec\u00edfiques de cada empresa. Destaca per la seva capacitat d\u2019adaptaci\u00f3, empatia, treball en equip i orientaci\u00f3 a objectius, generant un aprenentatge participatiu i efectiu. Aporta tamb\u00e9 experi\u00e8ncia jur\u00eddica i una s\u00f2lida base acad\u00e8mica en PRL, dret i gesti\u00f3 mediambiental.<\/p>\n<\/div><\/div><\/div><\/div><div data-id=\"mpc_icon_column-6069f08600cef3f\" class=\"mpc-icon-column mpc-init mpc-parent-hover mpc-transition mpc-icon-column--style_3 mpc-align--left \" ><div data-id=\"mpc_icon-5169f08600cef59\" class=\"mpc-icon mpc-init mpc-transition mpc-effect-none mpc-icon-hover \"><div class=\"mpc-icon-wrap\"><i class=\"mpc-icon-part mpc-regular mpc-transition  fa fa-institution\"><\/i><i class=\"mpc-icon-part mpc-hover mpc-transition  fa fa-institution\"><\/i><\/div><\/div><div class=\"mpc-icon-column__content-wrap\"><div class=\"mpc-icon-column__content\"><h3 class=\"mpc-icon-column__heading mpc-transition\">DIPLOMA<\/h3><div class=\"mpc-icon-column__description mpc-transition\"><p>Al finalitzar el curs es lliurar\u00e0 un diploma acreditatiu d&#8217;aquesta formaci\u00f3.<\/p>\n<\/div><\/div><\/div><\/div><div data-id=\"mpc_icon_column-1669f08600cefe1\" class=\"mpc-icon-column mpc-init mpc-parent-hover mpc-transition mpc-icon-column--style_3 mpc-align--left \" ><div data-id=\"mpc_icon-9569f08600ceffc\" class=\"mpc-icon mpc-init mpc-transition mpc-effect-none mpc-icon-hover \"><div class=\"mpc-icon-wrap\"><i class=\"mpc-icon-part mpc-regular mpc-transition  fa fa-mortar-board\"><\/i><i class=\"mpc-icon-part mpc-hover mpc-transition  fa fa-mortar-board\"><\/i><\/div><\/div><div class=\"mpc-icon-column__content-wrap\"><div class=\"mpc-icon-column__content\"><h3 class=\"mpc-icon-column__heading mpc-transition\">APPLUS ISO 9001<\/h3><div class=\"mpc-icon-column__description mpc-transition\"><p>Estem certificats\u00a0en Qualitat, segons la norma UNE-ISO 9001:2008, per l&#8217;entitat Applus, amb la voluntat d&#8217;oferir un servei de m\u00e0xima qualitat formativa.<\/p>\n<\/div><\/div><\/div><\/div><\/div>[vc_separator type=&#8221;transparent&#8221; thickness=&#8221;30&#8243;][vc_row_inner row_type=&#8221;row&#8221; type=&#8221;full_width&#8221; text_align=&#8221;center&#8221; css_animation=&#8221;&#8221; background_color=&#8221;#5c8953&#8243; css=&#8221;.vc_custom_1473763518291{padding-top: 30px !important;padding-bottom: 30px !important;}&#8221;][vc_column_inner][vc_column_text]<\/p>\n<h4 style=\"text-align: center;\"><span style=\"color: #ffffff;\"><strong>Alguna consulta?<\/strong><\/span><\/h4>\n<p style=\"text-align: center;\"><strong><span style=\"color: #ffffff;\">Si tens alg\u00fan dubte o consulta relacionada amb aquest curs no dubtis em posar-te en contacte amb nosaltres!<\/span><\/strong><\/p>\n<p>[\/vc_column_text][vc_separator type=&#8221;transparent&#8221; thickness=&#8221;20&#8243;]<a  itemprop=\"url\" href=\"https:\/\/www.gremi-obres.org\/formacio\/informacio-cursos-gremi-obres\/\" target=\"_blank\" data-hover-background-color=\"#bfbfbf\" data-hover-border-color=\"#bfbfbf\" data-hover-color=\"#333333\" class=\"qbutton  medium center default\" style=\"color: #f3f3f3; border-color: #df5461; font-weight: 700; border-radius: 0px;-moz-border-radius: 0px;-webkit-border-radius: 0px; background-color:#df5461;\">SOL.LICITA INFORMACI\u00d3<\/a>[\/vc_column_inner][\/vc_row_inner][vc_separator type=&#8221;transparent&#8221; thickness=&#8221;20&#8243;][\/vc_column][vc_column width=&#8221;1\/3&#8243;][vc_separator type=&#8221;transparent&#8221; thickness=&#8221;25&#8243;][vc_row_inner row_type=&#8221;row&#8221; type=&#8221;full_width&#8221; text_align=&#8221;center&#8221; css_animation=&#8221;&#8221; css=&#8221;.vc_custom_1472720730068{margin-right: 30px !important;margin-left: 30px !important;border-top-width: 1px !important;border-right-width: 1px !important;border-bottom-width: 1px !important;border-left-width: 1px !important;padding-right: 15px !important;padding-left: 15px !important;background-color: #f8971d !important;border-left-color: #000000 !important;border-left-style: solid !important;border-right-color: #000000 !important;border-right-style: solid !important;border-top-color: #000000 !important;border-top-style: solid !important;border-bottom-color: #000000 !important;border-bottom-style: solid !important;}&#8221;][vc_column_inner enable_sticky=&#8221;true&#8221; sticky_offset=&#8221;100&#8243;][vc_separator type=&#8221;transparent&#8221; thickness=&#8221;10&#8243;][vc_column_text]<\/p>\n<h4><strong>Inscripci\u00f3 al curs<\/strong><\/h4>\n<h4>[\/vc_column_text][vc_separator type=&#8221;transparent&#8221; thickness=&#8221;10&#8243;]\n<div class=\"wpcf7 no-js\" id=\"wpcf7-f23983-o1\" lang=\"ca\" dir=\"ltr\" data-wpcf7-id=\"23983\">\n<div class=\"screen-reader-response\"><p role=\"status\" aria-live=\"polite\" aria-atomic=\"true\"><\/p> <ul><\/ul><\/div>\n<form action=\"\/formacio\/wp-json\/wp\/v2\/pages\/20457#wpcf7-f23983-o1\" method=\"post\" class=\"wpcf7-form init default\" aria-label=\"Formulari de contacte\" novalidate=\"novalidate\" data-status=\"init\">\n<div style=\"display: none;\">\n<input type=\"hidden\" name=\"_wpcf7\" value=\"23983\" \/>\n<input type=\"hidden\" name=\"_wpcf7_version\" value=\"6.0.6\" \/>\n<input type=\"hidden\" name=\"_wpcf7_locale\" value=\"ca\" \/>\n<input type=\"hidden\" name=\"_wpcf7_unit_tag\" value=\"wpcf7-f23983-o1\" \/>\n<input type=\"hidden\" name=\"_wpcf7_container_post\" value=\"0\" \/>\n<input type=\"hidden\" name=\"_wpcf7_posted_data_hash\" value=\"\" \/>\n<input type=\"hidden\" name=\"_wpcf7_recaptcha_response\" value=\"\" \/>\n<\/div>\n<p><label><b>NOM DEL CURS<br \/>\n<span class=\"wpcf7-form-control-wrap\" data-name=\"NomdelCurs\"><input size=\"40\" maxlength=\"400\" class=\"wpcf7-form-control wpcf7-text wpcf7-validates-as-required\" aria-required=\"true\" aria-invalid=\"false\" value=\"\" type=\"text\" name=\"NomdelCurs\" \/><\/span> <\/b><\/label>\n<\/p>\n<p><label><b>NOM I COGNOMS<br \/>\n<span class=\"wpcf7-form-control-wrap\" data-name=\"your-name\"><input size=\"40\" maxlength=\"400\" class=\"wpcf7-form-control wpcf7-text wpcf7-validates-as-required\" aria-required=\"true\" aria-invalid=\"false\" value=\"\" type=\"text\" name=\"your-name\" \/><\/span> <\/b><\/label>\n<\/p>\n<p><label> <b>CORREU ELECTR\u00d2NIC<br \/>\n<span class=\"wpcf7-form-control-wrap\" data-name=\"your-email\"><input size=\"40\" maxlength=\"400\" class=\"wpcf7-form-control wpcf7-email wpcf7-validates-as-required wpcf7-text wpcf7-validates-as-email\" aria-required=\"true\" aria-invalid=\"false\" value=\"\" type=\"email\" name=\"your-email\" \/><\/span> <\/b><\/label>\n<\/p>\n<p><label><b>TEL\u00c8FON<br \/>\n<span class=\"wpcf7-form-control-wrap\" data-name=\"TELEFON\"><input size=\"40\" maxlength=\"400\" class=\"wpcf7-form-control wpcf7-tel wpcf7-validates-as-required wpcf7-text wpcf7-validates-as-tel\" aria-required=\"true\" aria-invalid=\"false\" value=\"\" type=\"tel\" name=\"TELEFON\" \/><\/span> <\/b><\/label>\n<\/p>\n<p><label><b>COM ENS HAS CONEGUT?<br \/>\n<span class=\"wpcf7-form-control-wrap\" data-name=\"COMENSHASCONEGUT\"><select class=\"wpcf7-form-control wpcf7-select wpcf7-validates-as-required\" aria-required=\"true\" aria-invalid=\"false\" name=\"COMENSHASCONEGUT\"><option value=\"\">&#8212;Trieu una opci\u00f3&#8212;<\/option><option value=\"Instagram\">Instagram<\/option><option value=\"Linkedin\">Linkedin<\/option><option value=\"Facebook\">Facebook<\/option><option value=\"Web del Gremi\">Web del Gremi<\/option><option value=\"Correu elecr\u00f3nic\">Correu elecr\u00f3nic<\/option><option value=\"Altres\">Altres<\/option><\/select><\/span> <\/b><\/label>\n<\/p>\n<p><label><b> SI HAS SELECCIONAT ALTRES, ENS HO POTS INDICAR?<br \/>\n<span class=\"wpcf7-form-control-wrap\" data-name=\"TEXT\"><input size=\"40\" maxlength=\"400\" class=\"wpcf7-form-control wpcf7-text wpcf7-validates-as-required\" aria-required=\"true\" aria-invalid=\"false\" value=\"\" type=\"text\" name=\"TEXT\" \/><\/span> <\/b><\/label>\n<\/p>\n<p><span class=\"wpcf7-form-control-wrap\" data-name=\"acceptance-324\"><span class=\"wpcf7-form-control wpcf7-acceptance\"><span class=\"wpcf7-list-item\"><input type=\"checkbox\" name=\"acceptance-324\" value=\"1\" aria-invalid=\"false\" \/><\/span><\/span><\/span> He llegit i accepto la <a href=\"http:\/\/www.gremi-obres.org\/avis-legal-de-la-web\/\">Pol\u00edtica de Privacitat<\/a> (obligatori)\n<\/p>\n<p>En compliment del Reglament (UE) 2016\/679, de Protecci\u00f3 de Dades (RGPD), les dades personals facilitades seran tractades pel Gremi de la Construcci\u00f3 de Barcelona, com a responsable del tractament, amb la finalitat de desenvolupar la formaci\u00f3 i gestionar l\u2019assist\u00e8ncia de la formaci\u00f3 sol\u00b7licitada, aix\u00ed com mantenir la relaci\u00f3 comercial o institucional, aix\u00ed com remetre informaci\u00f3 sobre serveis, activitats i q\u00fcestions relacionades amb el sector de la construcci\u00f3. La base jur\u00eddica del tractament \u00e9s el consentiment de la persona interessada i\/o l\u2019execuci\u00f3 de la relaci\u00f3 existent. Les dades no seran cedides a tercers, excepte obligaci\u00f3 legal o autoritzaci\u00f3 expressa de la persona interessada. Les dades es conservaran durant el temps necessari per complir amb les finalitats del tractament i, si escau, durant els terminis legalment exigibles.\n<\/p>\n<p>La persona interessada pot exercir els seus drets d\u2019acc\u00e9s, rectificaci\u00f3, supressi\u00f3, limitaci\u00f3 del tractament, oposici\u00f3 i portabilitat mitjan\u00e7ant escrit adre\u00e7at a Gran Via de les Corts Catalanes, 663, 6a planta, 08010 Barcelona, o b\u00e9 a l\u2019adre\u00e7a electr\u00f2nica info@gremi-obres.org. Aix\u00ed mateix, si considera que els seus drets no han estat degudament atesos, pot presentar una reclamaci\u00f3 davant l\u2019Ag\u00e8ncia Espanyola de Protecci\u00f3 de Dades (AEPD). Per m\u00e9s informaci\u00f3 referent al tractament de les seves dades, pot consultar la nostra pol\u00edtica de privacitat a: https:\/\/www.gremi-obres.org\/avis-legal-de-la-web\/\n<\/p>\n<p><input class=\"wpcf7-form-control wpcf7-submit has-spinner\" type=\"submit\" value=\"Enviar\" \/>\n<\/p><div class=\"wpcf7-response-output\" aria-hidden=\"true\"><\/div>\n<\/form>\n<\/div>\n[vc_separator type=&#8221;transparent&#8221; thickness=&#8221;20&#8243;][vc_separator type=&#8221;transparent&#8221; thickness=&#8221;20&#8243;][\/vc_column_inner][\/vc_row_inner][\/vc_column][\/vc_row][vc_row css_animation=&#8221;&#8221; row_type=&#8221;row&#8221; use_row_as_full_screen_section=&#8221;no&#8221; type=&#8221;full_width&#8221; angled_section=&#8221;no&#8221; text_align=&#8221;left&#8221; background_image_as_pattern=&#8221;without_pattern&#8221;][vc_column][vc_separator type=&#8221;transparent&#8221; thickness=&#8221;55&#8243;][\/vc_column][\/vc_row][vc_row css_animation=&#8221;&#8221; row_type=&#8221;row&#8221; use_row_as_full_screen_section=&#8221;no&#8221; type=&#8221;full_width&#8221; angled_section=&#8221;no&#8221; text_align=&#8221;left&#8221; background_image_as_pattern=&#8221;without_pattern&#8221;][vc_column][vc_column_text]<\/h4>\n<div class=\"insItem\"><\/div>\n<p>[\/vc_column_text][\/vc_column][\/vc_row]<\/p>\n<\/div>","protected":false},"excerpt":{"rendered":"<p>[vc_row css_animation=&#8221;&#8221; row_type=&#8221;row&#8221; use_row_as_full_screen_section=&#8221;no&#8221; type=&#8221;grid&#8221; angled_section=&#8221;no&#8221; text_align=&#8221;left&#8221; background_image_as_pattern=&#8221;without_pattern&#8221; padding_top=&#8221;60&#8243;][vc_column width=&#8221;1\/3&#8243;][vc_column_text] PRL de treballs de Paleta (20 h) [\/vc_column_text][vc_separator type=&#8221;small&#8221; position=&#8221;left&#8221; color=&#8221;#f29760&#8243; thickness=&#8221;1&#8243; width=&#8221;86&#8243;][vc_column_text] En aquest curs de PRL per a treballs de paleteria l\u2019alumne podr\u00e0 adquirir uns coneixements preventius b\u00e0sics i generals, tant a nivell<\/p>\n","protected":false},"author":1,"featured_media":0,"parent":0,"menu_order":0,"comment_status":"closed","ping_status":"closed","template":"","meta":{"footnotes":""},"class_list":["post-20457","page","type-page","status-publish","hentry"],"yoast_head":"<!-- This site is optimized with the Yoast SEO plugin v25.3 - https:\/\/yoast.com\/wordpress\/plugins\/seo\/ -->\n<title>Curs subvencionat: Prevenci\u00f3 de Riscos Laborals per Treballs de Paleteria - Gremi de Constructors d&#039;Obres<\/title>\n<meta name=\"description\" content=\"En aquest curs de PRL per a treballs de paleteria l\u2019alumne podr\u00e0 adquirir uns coneixements preventius b\u00e0sics i generals, tant a nivell te\u00f2ric com pr\u00e0ctic, que li permetin I&#039;aplicaci\u00f3 de t\u00e8cniques segures de treball durant I &#039;execuci\u00f3 de les unitats d&#039;obra que dugui a terme i en funci\u00f3 de l&#039;especialitat i singularitat de les feines.\" \/>\n<meta name=\"robots\" content=\"index, follow, max-snippet:-1, max-image-preview:large, max-video-preview:-1\" \/>\n<link rel=\"canonical\" href=\"https:\/\/www.gremi-obres.org\/formacio\/cursos-barcelona-prevencio-de-riscos-laborals-tpc\/\" \/>\n<meta property=\"og:locale\" content=\"ca_ES\" \/>\n<meta property=\"og:type\" content=\"article\" \/>\n<meta property=\"og:title\" content=\"Curs subvencionat: Prevenci\u00f3 de Riscos Laborals per Treballs de Paleteria - Gremi de Constructors d&#039;Obres\" \/>\n<meta property=\"og:description\" content=\"En aquest curs de PRL per a treballs de paleteria l\u2019alumne podr\u00e0 adquirir uns coneixements preventius b\u00e0sics i generals, tant a nivell te\u00f2ric com pr\u00e0ctic, que li permetin I&#039;aplicaci\u00f3 de t\u00e8cniques segures de treball durant I &#039;execuci\u00f3 de les unitats d&#039;obra que dugui a terme i en funci\u00f3 de l&#039;especialitat i singularitat de les feines.\" \/>\n<meta property=\"og:url\" content=\"https:\/\/www.gremi-obres.org\/formacio\/cursos-barcelona-prevencio-de-riscos-laborals-tpc\/\" \/>\n<meta property=\"og:site_name\" content=\"Gremi de Constructors d&#039;Obres\" \/>\n<meta property=\"article:modified_time\" content=\"2025-11-28T09:40:10+00:00\" \/>\n<meta property=\"og:image\" content=\"https:\/\/www.gremi-obres.org\/formacio\/wp-content\/uploads\/2021\/09\/tpc.jpg\" \/>\n\t<meta property=\"og:image:width\" content=\"500\" \/>\n\t<meta property=\"og:image:height\" content=\"320\" \/>\n\t<meta property=\"og:image:type\" content=\"image\/jpeg\" \/>\n<meta name=\"twitter:card\" content=\"summary_large_image\" \/>\n<meta name=\"twitter:label1\" content=\"Temps estimat de lectura\" \/>\n\t<meta name=\"twitter:data1\" content=\"6 minuts\" \/>\n<script type=\"application\/ld+json\" class=\"yoast-schema-graph\">{\"@context\":\"https:\/\/schema.org\",\"@graph\":[{\"@type\":\"WebPage\",\"@id\":\"https:\/\/www.gremi-obres.org\/formacio\/cursos-barcelona-prevencio-de-riscos-laborals-tpc\/\",\"url\":\"https:\/\/www.gremi-obres.org\/formacio\/cursos-barcelona-prevencio-de-riscos-laborals-tpc\/\",\"name\":\"Curs subvencionat: Prevenci\u00f3 de Riscos Laborals per Treballs de Paleteria - Gremi de Constructors d&#039;Obres\",\"isPartOf\":{\"@id\":\"https:\/\/www.gremi-obres.org\/formacio\/#website\"},\"primaryImageOfPage\":{\"@id\":\"https:\/\/www.gremi-obres.org\/formacio\/cursos-barcelona-prevencio-de-riscos-laborals-tpc\/#primaryimage\"},\"image\":{\"@id\":\"https:\/\/www.gremi-obres.org\/formacio\/cursos-barcelona-prevencio-de-riscos-laborals-tpc\/#primaryimage\"},\"thumbnailUrl\":\"https:\/\/www.gremi-obres.org\/formacio\/wp-content\/uploads\/2021\/09\/tpc-300x192.jpg\",\"datePublished\":\"2023-03-27T09:53:20+00:00\",\"dateModified\":\"2025-11-28T09:40:10+00:00\",\"description\":\"En aquest curs de PRL per a treballs de paleteria l\u2019alumne podr\u00e0 adquirir uns coneixements preventius b\u00e0sics i generals, tant a nivell te\u00f2ric com pr\u00e0ctic, que li permetin I'aplicaci\u00f3 de t\u00e8cniques segures de treball durant I 'execuci\u00f3 de les unitats d'obra que dugui a terme i en funci\u00f3 de l'especialitat i singularitat de les feines.\",\"breadcrumb\":{\"@id\":\"https:\/\/www.gremi-obres.org\/formacio\/cursos-barcelona-prevencio-de-riscos-laborals-tpc\/#breadcrumb\"},\"inLanguage\":\"ca\",\"potentialAction\":[{\"@type\":\"ReadAction\",\"target\":[\"https:\/\/www.gremi-obres.org\/formacio\/cursos-barcelona-prevencio-de-riscos-laborals-tpc\/\"]}]},{\"@type\":\"ImageObject\",\"inLanguage\":\"ca\",\"@id\":\"https:\/\/www.gremi-obres.org\/formacio\/cursos-barcelona-prevencio-de-riscos-laborals-tpc\/#primaryimage\",\"url\":\"https:\/\/www.gremi-obres.org\/formacio\/wp-content\/uploads\/2021\/09\/tpc.jpg\",\"contentUrl\":\"https:\/\/www.gremi-obres.org\/formacio\/wp-content\/uploads\/2021\/09\/tpc.jpg\",\"width\":500,\"height\":320},{\"@type\":\"BreadcrumbList\",\"@id\":\"https:\/\/www.gremi-obres.org\/formacio\/cursos-barcelona-prevencio-de-riscos-laborals-tpc\/#breadcrumb\",\"itemListElement\":[{\"@type\":\"ListItem\",\"position\":1,\"name\":\"Inici\",\"item\":\"https:\/\/www.gremi-obres.org\/formacio\/\"},{\"@type\":\"ListItem\",\"position\":2,\"name\":\"Curs subvencionat: Prevenci\u00f3 de Riscos Laborals per Treballs de Paleteria\"}]},{\"@type\":\"WebSite\",\"@id\":\"https:\/\/www.gremi-obres.org\/formacio\/#website\",\"url\":\"https:\/\/www.gremi-obres.org\/formacio\/\",\"name\":\"Gremi de Constructors d&#039;Obres\",\"description\":\"Formaci\u00f3 del Gremi de Constructors d&#039;Obres.\",\"potentialAction\":[{\"@type\":\"SearchAction\",\"target\":{\"@type\":\"EntryPoint\",\"urlTemplate\":\"https:\/\/www.gremi-obres.org\/formacio\/?s={search_term_string}\"},\"query-input\":{\"@type\":\"PropertyValueSpecification\",\"valueRequired\":true,\"valueName\":\"search_term_string\"}}],\"inLanguage\":\"ca\"}]}<\/script>\n<!-- \/ Yoast SEO plugin. -->","yoast_head_json":{"title":"Curs subvencionat: Prevenci\u00f3 de Riscos Laborals per Treballs de Paleteria - Gremi de Constructors d&#039;Obres","description":"En aquest curs de PRL per a treballs de paleteria l\u2019alumne podr\u00e0 adquirir uns coneixements preventius b\u00e0sics i generals, tant a nivell te\u00f2ric com pr\u00e0ctic, que li permetin I'aplicaci\u00f3 de t\u00e8cniques segures de treball durant I 'execuci\u00f3 de les unitats d'obra que dugui a terme i en funci\u00f3 de l'especialitat i singularitat de les feines.","robots":{"index":"index","follow":"follow","max-snippet":"max-snippet:-1","max-image-preview":"max-image-preview:large","max-video-preview":"max-video-preview:-1"},"canonical":"https:\/\/www.gremi-obres.org\/formacio\/cursos-barcelona-prevencio-de-riscos-laborals-tpc\/","og_locale":"ca_ES","og_type":"article","og_title":"Curs subvencionat: Prevenci\u00f3 de Riscos Laborals per Treballs de Paleteria - Gremi de Constructors d&#039;Obres","og_description":"En aquest curs de PRL per a treballs de paleteria l\u2019alumne podr\u00e0 adquirir uns coneixements preventius b\u00e0sics i generals, tant a nivell te\u00f2ric com pr\u00e0ctic, que li permetin I'aplicaci\u00f3 de t\u00e8cniques segures de treball durant I 'execuci\u00f3 de les unitats d'obra que dugui a terme i en funci\u00f3 de l'especialitat i singularitat de les feines.","og_url":"https:\/\/www.gremi-obres.org\/formacio\/cursos-barcelona-prevencio-de-riscos-laborals-tpc\/","og_site_name":"Gremi de Constructors d&#039;Obres","article_modified_time":"2025-11-28T09:40:10+00:00","og_image":[{"width":500,"height":320,"url":"https:\/\/www.gremi-obres.org\/formacio\/wp-content\/uploads\/2021\/09\/tpc.jpg","type":"image\/jpeg"}],"twitter_card":"summary_large_image","twitter_misc":{"Temps estimat de lectura":"6 minuts"},"schema":{"@context":"https:\/\/schema.org","@graph":[{"@type":"WebPage","@id":"https:\/\/www.gremi-obres.org\/formacio\/cursos-barcelona-prevencio-de-riscos-laborals-tpc\/","url":"https:\/\/www.gremi-obres.org\/formacio\/cursos-barcelona-prevencio-de-riscos-laborals-tpc\/","name":"Curs subvencionat: Prevenci\u00f3 de Riscos Laborals per Treballs de Paleteria - Gremi de Constructors d&#039;Obres","isPartOf":{"@id":"https:\/\/www.gremi-obres.org\/formacio\/#website"},"primaryImageOfPage":{"@id":"https:\/\/www.gremi-obres.org\/formacio\/cursos-barcelona-prevencio-de-riscos-laborals-tpc\/#primaryimage"},"image":{"@id":"https:\/\/www.gremi-obres.org\/formacio\/cursos-barcelona-prevencio-de-riscos-laborals-tpc\/#primaryimage"},"thumbnailUrl":"https:\/\/www.gremi-obres.org\/formacio\/wp-content\/uploads\/2021\/09\/tpc-300x192.jpg","datePublished":"2023-03-27T09:53:20+00:00","dateModified":"2025-11-28T09:40:10+00:00","description":"En aquest curs de PRL per a treballs de paleteria l\u2019alumne podr\u00e0 adquirir uns coneixements preventius b\u00e0sics i generals, tant a nivell te\u00f2ric com pr\u00e0ctic, que li permetin I'aplicaci\u00f3 de t\u00e8cniques segures de treball durant I 'execuci\u00f3 de les unitats d'obra que dugui a terme i en funci\u00f3 de l'especialitat i singularitat de les feines.","breadcrumb":{"@id":"https:\/\/www.gremi-obres.org\/formacio\/cursos-barcelona-prevencio-de-riscos-laborals-tpc\/#breadcrumb"},"inLanguage":"ca","potentialAction":[{"@type":"ReadAction","target":["https:\/\/www.gremi-obres.org\/formacio\/cursos-barcelona-prevencio-de-riscos-laborals-tpc\/"]}]},{"@type":"ImageObject","inLanguage":"ca","@id":"https:\/\/www.gremi-obres.org\/formacio\/cursos-barcelona-prevencio-de-riscos-laborals-tpc\/#primaryimage","url":"https:\/\/www.gremi-obres.org\/formacio\/wp-content\/uploads\/2021\/09\/tpc.jpg","contentUrl":"https:\/\/www.gremi-obres.org\/formacio\/wp-content\/uploads\/2021\/09\/tpc.jpg","width":500,"height":320},{"@type":"BreadcrumbList","@id":"https:\/\/www.gremi-obres.org\/formacio\/cursos-barcelona-prevencio-de-riscos-laborals-tpc\/#breadcrumb","itemListElement":[{"@type":"ListItem","position":1,"name":"Inici","item":"https:\/\/www.gremi-obres.org\/formacio\/"},{"@type":"ListItem","position":2,"name":"Curs subvencionat: Prevenci\u00f3 de Riscos Laborals per Treballs de Paleteria"}]},{"@type":"WebSite","@id":"https:\/\/www.gremi-obres.org\/formacio\/#website","url":"https:\/\/www.gremi-obres.org\/formacio\/","name":"Gremi de Constructors d&#039;Obres","description":"Formaci\u00f3 del Gremi de Constructors d&#039;Obres.","potentialAction":[{"@type":"SearchAction","target":{"@type":"EntryPoint","urlTemplate":"https:\/\/www.gremi-obres.org\/formacio\/?s={search_term_string}"},"query-input":{"@type":"PropertyValueSpecification","valueRequired":true,"valueName":"search_term_string"}}],"inLanguage":"ca"}]}},"_links":{"self":[{"href":"https:\/\/www.gremi-obres.org\/formacio\/wp-json\/wp\/v2\/pages\/20457","targetHints":{"allow":["GET"]}}],"collection":[{"href":"https:\/\/www.gremi-obres.org\/formacio\/wp-json\/wp\/v2\/pages"}],"about":[{"href":"https:\/\/www.gremi-obres.org\/formacio\/wp-json\/wp\/v2\/types\/page"}],"author":[{"embeddable":true,"href":"https:\/\/www.gremi-obres.org\/formacio\/wp-json\/wp\/v2\/users\/1"}],"replies":[{"embeddable":true,"href":"https:\/\/www.gremi-obres.org\/formacio\/wp-json\/wp\/v2\/comments?post=20457"}],"version-history":[{"count":49,"href":"https:\/\/www.gremi-obres.org\/formacio\/wp-json\/wp\/v2\/pages\/20457\/revisions"}],"predecessor-version":[{"id":26115,"href":"https:\/\/www.gremi-obres.org\/formacio\/wp-json\/wp\/v2\/pages\/20457\/revisions\/26115"}],"wp:attachment":[{"href":"https:\/\/www.gremi-obres.org\/formacio\/wp-json\/wp\/v2\/media?parent=20457"}],"curies":[{"name":"wp","href":"https:\/\/api.w.org\/{rel}","templated":true}]}}