{"id":16544,"date":"2022-02-11T17:23:44","date_gmt":"2022-02-11T17:23:44","guid":{"rendered":"https:\/\/www.gremi-obres.org\/formacio\/?page_id=16544"},"modified":"2025-09-04T10:40:31","modified_gmt":"2025-09-04T10:40:31","slug":"cursos-barcelona-curs-presto-inicial-avancat","status":"publish","type":"page","link":"https:\/\/www.gremi-obres.org\/formacio\/cursos-barcelona-curs-presto-inicial-avancat\/","title":{"rendered":"Planificaci\u00f3 i gesti\u00f3 del pressupost amb Presto"},"content":{"rendered":"<div class=\"wpb-content-wrapper\"><p>[vc_row css_animation=&#8221;&#8221; row_type=&#8221;row&#8221; use_row_as_full_screen_section=&#8221;no&#8221; type=&#8221;grid&#8221; angled_section=&#8221;no&#8221; text_align=&#8221;left&#8221; background_image_as_pattern=&#8221;without_pattern&#8221; padding_top=&#8221;60&#8243;][vc_column width=&#8221;1\/3&#8243;][vc_column_text]<\/p>\n<h4><strong>PLANIFICACI\u00d3 I GESTI\u00d3 DEL PRESSUPOST AMB PRESTO<\/strong><\/h4>\n<p><strong>OBJECTIU GENERAL:<\/strong><\/p>\n<p>[\/vc_column_text][vc_separator type=&#8221;small&#8221; position=&#8221;left&#8221; color=&#8221;#f29760&#8243; thickness=&#8221;1&#8243; width=&#8221;86&#8243;][vc_column_text]<\/p>\n<p>Planificar el projecte i gestionar el pressupost amb les caracter\u00edstiques i el funcionament del programa.<\/p>\n<p><strong>RELACI\u00d3 DE M\u00d2DULS DE FORMACI\u00d3<\/strong><\/p>\n<p>[\/vc_column_text][vc_separator type=&#8221;small&#8221; position=&#8221;left&#8221; color=&#8221;#f29760&#8243; thickness=&#8221;1&#8243; width=&#8221;86&#8243;][vc_column_text]<\/p>\n<p>M\u00d2DUL 1. PRESSUPOST DE PREU DE COST ESTIMAT I DE VENDA (10H)<\/p>\n<p>M\u00d2DUL 2. PLANIFICACI\u00d3 TEMPORAL DEL PROJECTE (10H)<\/p>\n<p>M\u00d2DUL 3. PLANIFICACI\u00d3 ECON\u00d2MICA I FINANCERA (10H)<\/p>\n<p><strong>DESNVOLUPAMENT MODULAR<\/strong><\/p>\n<p>[\/vc_column_text][vc_separator type=&#8221;small&#8221; position=&#8221;left&#8221; color=&#8221;#f29760&#8243; thickness=&#8221;1&#8243; width=&#8221;86&#8243;][vc_column_text]<\/p>\n<p>M\u00d2DUL DE FORMACI\u00d3 1: PRESSUPOST DE PREU DE COST ESTIMAT I DE VENDA (10H)<\/p>\n<p><strong>Objectiu:<\/strong> aplicar t\u00e8cniques, mitjan\u00e7ant Presto, per elaborar pressupostos de cost estimat i de venda.<\/p>\n<p><strong>Resultats d&#8217;aprenentatge:<\/strong><\/p>\n<p><em>Coneixements\/Capacitats cognitives i pr\u00e0ctiques<\/em><\/p>\n<ul>\n<li>Gesti\u00f3 del proc\u00e9s pressupostari\n<ul>\n<li>Creaci\u00f3 de pressupost objectiu i preu de pressupost<\/li>\n<li>Treball del pressupost objectiu independent al pressupost<\/li>\n<li>Comparaci\u00f3 de pressupost i objectiu<\/li>\n<li>Preparaci\u00f3 del pressupost per lliurar al client (sense dades d&#8217;objectiu ni d&#8217;altres)<\/li>\n<li>Impressi\u00f3 de la informaci\u00f3<\/li>\n<\/ul>\n<\/li>\n<\/ul>\n<p><em>Habilitats de gesti\u00f3, personals i socials<\/em><\/p>\n<ul>\n<li>Inter\u00e8s per la metodologia Presto<\/li>\n<li>Rigor en el control i la gesti\u00f3 de costos<\/li>\n<li>H\u00e0bit per fer pressupostos i mesuraments de projectes d&#8217;edificaci\u00f3 o obra civil<\/li>\n<\/ul>\n<p>M\u00d2DUL DE FORMACI\u00d3 2: PLANIFICACI\u00d3 TEMPORAL DEL PROJECTE (10H)<\/p>\n<p><strong>Objectiu:<\/strong> aplicar les indicacions corresponents per a la correcta planificaci\u00f3 temporal d&#8217;un projecte.<\/p>\n<p><strong>Resultats d&#8217;aprenentatge:<\/strong><\/p>\n<p><em>Coneixements\/Capacitats cognitives i pr\u00e0ctiques<\/em><\/p>\n<ul>\n<li>Planificaci\u00f3 temporal del projecte de pressupost o objectiu a planificaci\u00f3 temporal\n<ul>\n<li>Organitzaci\u00f3 de tasques i activitats<\/li>\n<li>Vincles, preced\u00e8ncies i folgances<\/li>\n<li>Assignaci\u00f3 de recursos<\/li>\n<li>Visualitzaci\u00f3 dels resultats de planificaci\u00f3 temporal<\/li>\n<li>Comunicaci\u00f3 amb Microsoft Project<\/li>\n<li>Informes de planificaci\u00f3 temporal<\/li>\n<\/ul>\n<\/li>\n<\/ul>\n<p><em>Habilitats de gesti\u00f3, personals i socials<\/em><\/p>\n<ul>\n<li>Rigor en el control i la gesti\u00f3 de costos<\/li>\n<\/ul>\n<p>M\u00d2DUL DE FORMACI\u00d3 3: PLANIFICACI\u00d3 ECON\u00d2MICA I FINANCERA (10H)<\/p>\n<p><strong>Objectiu:<\/strong> desenvolupar una planificaci\u00f3 econ\u00f2mica i de contractaci\u00f3 eficient i rigorosa.<\/p>\n<p><strong>Resultats d&#8217;aprenentatge:<\/strong><\/p>\n<p><em>Coneixements\/Capacitats cognitives i pr\u00e0ctiques<\/em><\/p>\n<ul>\n<li>Definici\u00f3 de la planificaci\u00f3 econ\u00f2mica i financera\n<ul>\n<li>Planificaci\u00f3 de les quantitats objectives per fases<\/li>\n<li>Planificaci\u00f3 des de la informaci\u00f3 del diagrama de barres<\/li>\n<li>Planificaci\u00f3 amb informaci\u00f3 de les certificacions<\/li>\n<li>Visualitzaci\u00f3 dels informes<\/li>\n<\/ul>\n<\/li>\n<li>Gesti\u00f3 de la contractaci\u00f3 i les comandes\n<ul>\n<li>Definici\u00f3 dels conceptes subcontractats i\/o comprats per crear les llistes de la compra<\/li>\n<li>Atribuci\u00f3 de grups o lots de compra pe ala sol\u00b7licitud de preus<\/li>\n<li>Enviament de sol\u00b7licitud de preus\/contractaci\u00f3 a prove\u00efdors\/subcontractes<\/li>\n<li>Comparatiu de preus<\/li>\n<li>Realitzaci\u00f3 del contracte i\/o de la comanda<\/li>\n<li>Visualitzaci\u00f3 i adaptaci\u00f3 dels informes<\/li>\n<\/ul>\n<\/li>\n<\/ul>\n<p><em>Habilitats de gesti\u00f3, personals i socials<\/em><\/p>\n<ul>\n<li>inter\u00e8s per l&#8217;efici\u00e8ncia i el rigor per fer pressupostos i mesuraments de projectes d&#8217;edificaci\u00f3 o obra civil<\/li>\n<\/ul>\n<p>[\/vc_column_text][vc_separator type=&#8221;transparent&#8221; thickness=&#8221;7&#8243;][\/vc_column][vc_column width=&#8221;1\/3&#8243;][vc_column_text css=&#8221;.vc_custom_1629185611789{padding-left: 8% !important;}&#8221;]<strong>RIB Spain cedeix llic\u00e8ncies de formaci\u00f3 als alumnes durant la formaci\u00f3 amb un mes addicional. M\u00e9s informaci\u00f3 a <a href=\"https:\/\/www.rib-software.es\/index.php\" target=\"_blank\" rel=\"noopener\">www.rib-software.es<\/a><\/strong>[\/vc_column_text][vc_separator type=&#8221;transparent&#8221; thickness=&#8221;2&#8243;][vc_single_image image=&#8221;20523&#8243; img_size=&#8221;full&#8221; css=&#8221;.vc_custom_1681302283398{padding-left: 8% !important;}&#8221; qode_css_animation=&#8221;&#8221;][vc_separator type=&#8221;transparent&#8221; thickness=&#8221;2&#8243;]<div id=\"mpc_connected_icons-8969f45ce729254\" class=\"mpc-connected-icons mpc-init mpc-transition \"  data-ci-cols=\"4\" data-target=\"icon\" data-layout=\"vertical\"><div class=\"mpc-connected-icons__line\"><span><\/span><\/div><div data-id=\"mpc_icon_column-2169f45ce729364\" class=\"mpc-icon-column mpc-init mpc-parent-hover mpc-transition mpc-icon-column--style_3 mpc-align--left \" ><div data-id=\"mpc_icon-3569f45ce72939f\" class=\"mpc-icon mpc-init mpc-transition mpc-effect-none mpc-icon-hover \"><div class=\"mpc-icon-wrap\"><i class=\"mpc-icon-part mpc-regular mpc-transition  fa fa-file-text-o\"><\/i><i class=\"mpc-icon-part mpc-hover mpc-transition  fa fa-file-text-o\"><\/i><\/div><\/div><div class=\"mpc-icon-column__content-wrap\"><div class=\"mpc-icon-column__content\"><h3 class=\"mpc-icon-column__heading mpc-transition\">Tipus de Curs<\/h3><div class=\"mpc-icon-column__description mpc-transition\"><h5><strong><span style=\"color: #000080;\">Formaci\u00f3 Subvencionada<\/span> <\/strong>(sense cost per a professionals de tots els sectors i persones en atur)<\/h5>\n<p><strong>Qui pot apuntar-se a aquest curs subvencionat?<\/strong><\/p>\n<p>Qualsevol persona resident a Catalunya que estigui en actiu (treballador\/a o en situaci\u00f3 d&#8217;atur). Excepte persones que treballin en l&#8217;Administraci\u00f3 P\u00fablica.<\/p>\n<hr \/>\n<h4><span style=\"color: #008080;\">Modalitat\u00a0 Presencial<\/span><\/h4>\n<hr \/>\n<p>Curs subvencionat per:<\/p>\n<p><a href=\"https:\/\/conforcat.gencat.cat\/ca\/inici\" target=\"_blank\" rel=\"noopener\"><img loading=\"lazy\" decoding=\"async\" class=\"alignnone size-medium wp-image-11318\" src=\"https:\/\/www.gremi-obres.org\/formacio\/wp-content\/uploads\/2021\/07\/Consorci-300x47.png\" alt=\"\" width=\"300\" height=\"47\" \/><\/a><\/p>\n<p><a href=\"https:\/\/www.sepe.es\/\" target=\"_blank\" rel=\"noopener\"><img loading=\"lazy\" decoding=\"async\" class=\"alignnone size-medium wp-image-7437\" src=\"https:\/\/www.gremi-obres.org\/formacio\/wp-content\/uploads\/2020\/02\/MTESSEPE_H_COLOR_CAT-002-1-300x87.jpg\" alt=\"\" width=\"300\" height=\"87\" \/><\/a><\/p>\n<p>Aquest curs forma part dels programes de formaci\u00f3 professional per a l\u2019ocupaci\u00f3, subvencionats pel Consorci per a la Formaci\u00f3 Cont\u00ednua de Catalunya.<\/p>\n<\/div><\/div><\/div><\/div><div data-id=\"mpc_icon_column-1269f45ce729481\" class=\"mpc-icon-column mpc-init mpc-parent-hover mpc-transition mpc-icon-column--style_3 mpc-align--left \" ><div data-id=\"mpc_icon-9969f45ce7294a3\" class=\"mpc-icon mpc-init mpc-transition mpc-effect-none mpc-icon-hover \"><div class=\"mpc-icon-wrap\"><i class=\"mpc-icon-part mpc-regular mpc-transition  fa fa-chrome\"><\/i><i class=\"mpc-icon-part mpc-hover mpc-transition  fa fa-chrome\"><\/i><\/div><\/div><div class=\"mpc-icon-column__content-wrap\"><div class=\"mpc-icon-column__content\"><h3 class=\"mpc-icon-column__heading mpc-transition\">\u00c1rea<\/h3><div class=\"mpc-icon-column__description mpc-transition\"><p>Software de Construcci\u00f3.<\/p>\n<\/div><\/div><\/div><\/div><div data-id=\"mpc_icon_column-6169f45ce72952b\" class=\"mpc-icon-column mpc-init mpc-parent-hover mpc-transition mpc-icon-column--style_3 mpc-align--left \" ><div data-id=\"mpc_icon-8569f45ce729552\" class=\"mpc-icon mpc-init mpc-transition mpc-effect-none mpc-icon-hover \"><div class=\"mpc-icon-wrap\"><i class=\"mpc-icon-part mpc-regular mpc-transition  mi mi-access_alarm\"><\/i><i class=\"mpc-icon-part mpc-hover mpc-transition  mi mi-access_alarm\"><\/i><\/div><\/div><div class=\"mpc-icon-column__content-wrap\"><div class=\"mpc-icon-column__content\"><h3 class=\"mpc-icon-column__heading mpc-transition\">DURACI\u00d3<\/h3><div class=\"mpc-icon-column__description mpc-transition\"><p>Aquest curs t\u00e9 una durada de <strong>30\u00a0hores<\/strong><\/p>\n<p><a href=\"https:\/\/www.gremi-obres.org\/formacio\/wp-content\/uploads\/2025\/09\/Calendari_PLANIFICACIO-AMB-PRESTO_13-10-25.pdf\">CONSULTA EL CALENDARI<\/a><\/p>\n<\/div><\/div><\/div><\/div><div data-id=\"mpc_icon_column-9769f45ce7295ef\" class=\"mpc-icon-column mpc-init mpc-parent-hover mpc-transition mpc-icon-column--style_3 mpc-align--left \" ><div data-id=\"mpc_icon-7869f45ce72960b\" class=\"mpc-icon mpc-init mpc-transition mpc-effect-none mpc-icon-hover \"><div class=\"mpc-icon-wrap\"><i class=\"mpc-icon-part mpc-regular mpc-transition  fa fa-calendar\"><\/i><i class=\"mpc-icon-part mpc-hover mpc-transition  fa fa-calendar\"><\/i><\/div><\/div><div class=\"mpc-icon-column__content-wrap\"><div class=\"mpc-icon-column__content\"><h3 class=\"mpc-icon-column__heading mpc-transition\">Data<\/h3><div class=\"mpc-icon-column__description mpc-transition\"><h5><strong>13\/10\/2025<\/strong>\u00a0a 05\/11\/2025. Dilluns i dimecres de 17:15 a 21:00h.<\/h5>\n<\/div><\/div><\/div><\/div><div data-id=\"mpc_icon_column-2669f45ce729695\" class=\"mpc-icon-column mpc-init mpc-parent-hover mpc-transition mpc-icon-column--style_3 mpc-align--left \" ><div data-id=\"mpc_icon-8969f45ce7296b0\" class=\"mpc-icon mpc-init mpc-transition mpc-effect-none mpc-icon-hover \"><div class=\"mpc-icon-wrap\"><i class=\"mpc-icon-part mpc-regular mpc-transition  fa fa-map-marker\"><\/i><i class=\"mpc-icon-part mpc-hover mpc-transition  fa fa-map-marker\"><\/i><\/div><\/div><div class=\"mpc-icon-column__content-wrap\"><div class=\"mpc-icon-column__content\"><h3 class=\"mpc-icon-column__heading mpc-transition\">Lloc<\/h3><div class=\"mpc-icon-column__description mpc-transition\"><p><strong>GREMI BARCELONA:<br \/>\n<\/strong>Gremi de la Construcci\u00f3 de Barcelona i Comarques, Gran Via de les Corts Catalanes, 663 \u2013 08010 Barcelona.<\/p>\n<\/div><\/div><\/div><\/div><div data-id=\"mpc_icon_column-4469f45ce72973a\" class=\"mpc-icon-column mpc-init mpc-parent-hover mpc-transition mpc-icon-column--style_3 mpc-align--left \" ><div data-id=\"mpc_icon-7669f45ce729753\" class=\"mpc-icon mpc-init mpc-transition mpc-effect-none mpc-icon-hover \"><div class=\"mpc-icon-wrap\"><i class=\"mpc-icon-part mpc-regular mpc-transition  fa fa-group\"><\/i><i class=\"mpc-icon-part mpc-hover mpc-transition  fa fa-group\"><\/i><\/div><\/div><div class=\"mpc-icon-column__content-wrap\"><div class=\"mpc-icon-column__content\"><h3 class=\"mpc-icon-column__heading mpc-transition\">Modalitat<\/h3><div class=\"mpc-icon-column__description mpc-transition\"><p>Modalidad Presencial amb formador<\/p>\n<\/div><\/div><\/div><\/div><div data-id=\"mpc_icon_column-8369f45ce7297cc\" class=\"mpc-icon-column mpc-init mpc-parent-hover mpc-transition mpc-icon-column--style_3 mpc-align--left \" ><div data-id=\"mpc_icon-1469f45ce7297e5\" class=\"mpc-icon mpc-init mpc-transition mpc-effect-none mpc-icon-hover \"><div class=\"mpc-icon-wrap\"><i class=\"mpc-icon-part mpc-regular mpc-transition  fa fa-mortar-board\"><\/i><i class=\"mpc-icon-part mpc-hover mpc-transition  fa fa-mortar-board\"><\/i><\/div><\/div><div class=\"mpc-icon-column__content-wrap\"><div class=\"mpc-icon-column__content\"><h3 class=\"mpc-icon-column__heading mpc-transition\">FORMADOR\/A<\/h3><div class=\"mpc-icon-column__description mpc-transition\"><p class=\"p1\"><a href=\"https:\/\/es.linkedin.com\/in\/meritxell-serrat-quintana-1477a025\">Meritxell Serrat Quintana<\/a><\/p>\n<\/div><\/div><\/div><\/div><div data-id=\"mpc_icon_column-3369f45ce729868\" class=\"mpc-icon-column mpc-init mpc-parent-hover mpc-transition mpc-icon-column--style_3 mpc-align--left \" ><div data-id=\"mpc_icon-4069f45ce729880\" class=\"mpc-icon mpc-init mpc-transition mpc-effect-none mpc-icon-hover \"><div class=\"mpc-icon-wrap\"><i class=\"mpc-icon-part mpc-regular mpc-transition  fa fa-institution\"><\/i><i class=\"mpc-icon-part mpc-hover mpc-transition  fa fa-institution\"><\/i><\/div><\/div><div class=\"mpc-icon-column__content-wrap\"><div class=\"mpc-icon-column__content\"><h3 class=\"mpc-icon-column__heading mpc-transition\">DIPLOMA<\/h3><div class=\"mpc-icon-column__description mpc-transition\"><p>Al finalitzar el curs es lliurar\u00e0 un diploma acreditatiu d&#8217;aquesta formaci\u00f3.<\/p>\n<\/div><\/div><\/div><\/div><div data-id=\"mpc_icon_column-8469f45ce7298f8\" class=\"mpc-icon-column mpc-init mpc-parent-hover mpc-transition mpc-icon-column--style_3 mpc-align--left \" ><div data-id=\"mpc_icon-2869f45ce72990f\" class=\"mpc-icon mpc-init mpc-transition mpc-effect-none mpc-icon-hover \"><div class=\"mpc-icon-wrap\"><i class=\"mpc-icon-part mpc-regular mpc-transition  fa fa-mortar-board\"><\/i><i class=\"mpc-icon-part mpc-hover mpc-transition  fa fa-mortar-board\"><\/i><\/div><\/div><div class=\"mpc-icon-column__content-wrap\"><div class=\"mpc-icon-column__content\"><h3 class=\"mpc-icon-column__heading mpc-transition\">APPLUS ISO 9001<\/h3><div class=\"mpc-icon-column__description mpc-transition\"><p>Estem certificats\u00a0en Qualitat, segons la norma UNE-ISO 9001, per l&#8217;entitat Applus, amb la voluntat d&#8217;oferir un servei de m\u00e0xima qualitat formativa.<\/p>\n<\/div><\/div><\/div><\/div><\/div>[vc_separator type=&#8221;transparent&#8221; thickness=&#8221;30&#8243;][vc_row_inner row_type=&#8221;row&#8221; type=&#8221;full_width&#8221; text_align=&#8221;center&#8221; css_animation=&#8221;&#8221; background_color=&#8221;#5c8953&#8243; css=&#8221;.vc_custom_1473763518291{padding-top: 30px !important;padding-bottom: 30px !important;}&#8221;][vc_column_inner][vc_column_text]<\/p>\n<h4 style=\"text-align: center;\"><span style=\"color: #ffffff;\"><strong>Alguna consulta?<\/strong><\/span><\/h4>\n<p style=\"text-align: center;\"><strong><span style=\"color: #ffffff;\">Si tens algun dubte o consulta relacionada amb aquest curs no dubtis em posar-te en contacte amb nosaltres!<\/span><\/strong><\/p>\n<p>[\/vc_column_text][vc_separator type=&#8221;transparent&#8221; thickness=&#8221;20&#8243;]<a  itemprop=\"url\" href=\"https:\/\/www.gremi-obres.org\/formacio\/informacio-cursos-gremi-obres\/\" target=\"_blank\" data-hover-background-color=\"#bfbfbf\" data-hover-border-color=\"#bfbfbf\" data-hover-color=\"#333333\" class=\"qbutton  medium center default\" style=\"color: #f3f3f3; border-color: #df5461; font-weight: 700; border-radius: 0px;-moz-border-radius: 0px;-webkit-border-radius: 0px; background-color:#df5461;\">SOL.LICITA INFORMACI\u00d3<\/a>[\/vc_column_inner][\/vc_row_inner][vc_separator type=&#8221;transparent&#8221; thickness=&#8221;20&#8243;][\/vc_column][vc_column width=&#8221;1\/3&#8243;][vc_separator type=&#8221;transparent&#8221; thickness=&#8221;25&#8243;][vc_row_inner row_type=&#8221;row&#8221; type=&#8221;full_width&#8221; text_align=&#8221;center&#8221; css_animation=&#8221;&#8221; css=&#8221;.vc_custom_1472720730068{margin-right: 30px !important;margin-left: 30px !important;border-top-width: 1px !important;border-right-width: 1px !important;border-bottom-width: 1px !important;border-left-width: 1px !important;padding-right: 15px !important;padding-left: 15px !important;background-color: #f8971d !important;border-left-color: #000000 !important;border-left-style: solid !important;border-right-color: #000000 !important;border-right-style: solid !important;border-top-color: #000000 !important;border-top-style: solid !important;border-bottom-color: #000000 !important;border-bottom-style: solid !important;}&#8221;][vc_column_inner enable_sticky=&#8221;true&#8221; sticky_offset=&#8221;100&#8243;][vc_separator type=&#8221;transparent&#8221; thickness=&#8221;10&#8243;][vc_column_text css=&#8221;&#8221;]<\/p>\n<h4><strong>Vull inscriure&#8217;m!<\/strong><\/h4>\n<p>[\/vc_column_text][vc_separator type=&#8221;transparent&#8221; thickness=&#8221;10&#8243;]\n<div class=\"wpcf7 no-js\" id=\"wpcf7-f23523-o1\" lang=\"ca\" dir=\"ltr\" data-wpcf7-id=\"23523\">\n<div class=\"screen-reader-response\"><p role=\"status\" aria-live=\"polite\" aria-atomic=\"true\"><\/p> <ul><\/ul><\/div>\n<form action=\"\/formacio\/wp-json\/wp\/v2\/pages\/16544#wpcf7-f23523-o1\" method=\"post\" class=\"wpcf7-form init cf7_custom_style_3\" aria-label=\"Formulari de contacte\" novalidate=\"novalidate\" data-status=\"init\">\n<div style=\"display: none;\">\n<input type=\"hidden\" name=\"_wpcf7\" value=\"23523\" \/>\n<input type=\"hidden\" name=\"_wpcf7_version\" value=\"6.0.6\" \/>\n<input type=\"hidden\" name=\"_wpcf7_locale\" value=\"ca\" \/>\n<input type=\"hidden\" name=\"_wpcf7_unit_tag\" value=\"wpcf7-f23523-o1\" \/>\n<input type=\"hidden\" name=\"_wpcf7_container_post\" value=\"0\" \/>\n<input type=\"hidden\" name=\"_wpcf7_posted_data_hash\" value=\"\" \/>\n<input type=\"hidden\" name=\"_wpcf7_recaptcha_response\" value=\"\" \/>\n<\/div>\n<p><label><b>NOM DEL CURS<br \/>\n<span class=\"wpcf7-form-control-wrap\" data-name=\"NomdelCurs\"><input size=\"40\" maxlength=\"400\" class=\"wpcf7-form-control wpcf7-text wpcf7-validates-as-required\" aria-required=\"true\" aria-invalid=\"false\" value=\"\" type=\"text\" name=\"NomdelCurs\" \/><\/span> <\/b><\/label>\n<\/p>\n<p><label><b>NOM I COGNOMS<br \/>\n<span class=\"wpcf7-form-control-wrap\" data-name=\"your-name\"><input size=\"40\" maxlength=\"400\" class=\"wpcf7-form-control wpcf7-text wpcf7-validates-as-required\" aria-required=\"true\" aria-invalid=\"false\" value=\"\" type=\"text\" name=\"your-name\" \/><\/span> <\/b><\/label>\n<\/p>\n<p><label> <b>CORREU ELECTR\u00d2NIC<br \/>\n<span class=\"wpcf7-form-control-wrap\" data-name=\"your-email\"><input size=\"40\" maxlength=\"400\" class=\"wpcf7-form-control wpcf7-email wpcf7-validates-as-required wpcf7-text wpcf7-validates-as-email\" aria-required=\"true\" aria-invalid=\"false\" value=\"\" type=\"email\" name=\"your-email\" \/><\/span> <\/b><\/label>\n<\/p>\n<p><label><b>TEL\u00c8FON<br \/>\n<span class=\"wpcf7-form-control-wrap\" data-name=\"TELEFON\"><input size=\"40\" maxlength=\"400\" class=\"wpcf7-form-control wpcf7-tel wpcf7-validates-as-required wpcf7-text wpcf7-validates-as-tel\" aria-required=\"true\" aria-invalid=\"false\" value=\"\" type=\"tel\" name=\"TELEFON\" \/><\/span> <\/b><\/label>\n<\/p>\n<p><label><b>COM ENS HAS CONEGUT?<br \/>\n<span class=\"wpcf7-form-control-wrap\" data-name=\"COMENSHASCONEGUT\"><select class=\"wpcf7-form-control wpcf7-select wpcf7-validates-as-required\" aria-required=\"true\" aria-invalid=\"false\" name=\"COMENSHASCONEGUT\"><option value=\"\">&#8212;Trieu una opci\u00f3&#8212;<\/option><option value=\"Instagram\">Instagram<\/option><option value=\"Linkedin\">Linkedin<\/option><option value=\"Facebook\">Facebook<\/option><option value=\"Web del Gremi\">Web del Gremi<\/option><option value=\"Correu elecr\u00f3nic\">Correu elecr\u00f3nic<\/option><option value=\"Altres\">Altres<\/option><\/select><\/span> <\/b><\/label>\n<\/p>\n<p><label><b> SI HAS SELECCIONAT ALTRES, ENS HO POTS INDICAR?<br \/>\n<span class=\"wpcf7-form-control-wrap\" data-name=\"TEXT\"><input size=\"40\" maxlength=\"400\" class=\"wpcf7-form-control wpcf7-text wpcf7-validates-as-required\" aria-required=\"true\" aria-invalid=\"false\" value=\"\" type=\"text\" name=\"TEXT\" \/><\/span> <\/b><\/label>\n<\/p>\n<p><span class=\"wpcf7-form-control-wrap\" data-name=\"acceptance-324\"><span class=\"wpcf7-form-control wpcf7-acceptance\"><span class=\"wpcf7-list-item\"><input type=\"checkbox\" name=\"acceptance-324\" value=\"1\" aria-invalid=\"false\" \/><\/span><\/span><\/span> He llegit i accepto la <a href=\"http:\/\/www.gremi-obres.org\/avis-legal-de-la-web\/\">Pol\u00edtica de Privacitat<\/a> (obligatori)\n<\/p>\n<p>En compliment del Reglament (UE) 2016\/679, de Protecci\u00f3 de Dades (RGPD), les dades personals facilitades seran tractades pel Gremi de la Construcci\u00f3 de Barcelona, com a responsable del tractament, amb la finalitat de desenvolupar la formaci\u00f3 i gestionar l\u2019assist\u00e8ncia de la formaci\u00f3 sol\u00b7licitada, aix\u00ed com mantenir la relaci\u00f3 comercial o institucional, aix\u00ed com remetre informaci\u00f3 sobre serveis, activitats i q\u00fcestions relacionades amb el sector de la construcci\u00f3. La base jur\u00eddica del tractament \u00e9s el consentiment de la persona interessada i\/o l\u2019execuci\u00f3 de la relaci\u00f3 existent. Les dades no seran cedides a tercers, excepte obligaci\u00f3 legal o autoritzaci\u00f3 expressa de la persona interessada. Les dades es conservaran durant el temps necessari per complir amb les finalitats del tractament i, si escau, durant els terminis legalment exigibles.\n<\/p>\n<p>La persona interessada pot exercir els seus drets d\u2019acc\u00e9s, rectificaci\u00f3, supressi\u00f3, limitaci\u00f3 del tractament, oposici\u00f3 i portabilitat mitjan\u00e7ant escrit adre\u00e7at a Gran Via de les Corts Catalanes, 663, 6a planta, 08010 Barcelona, o b\u00e9 a l\u2019adre\u00e7a electr\u00f2nica info@gremi-obres.org. Aix\u00ed mateix, si considera que els seus drets no han estat degudament atesos, pot presentar una reclamaci\u00f3 davant l\u2019Ag\u00e8ncia Espanyola de Protecci\u00f3 de Dades (AEPD). Per m\u00e9s informaci\u00f3 referent al tractament de les seves dades, pot consultar la nostra pol\u00edtica de privacitat a: https:\/\/www.gremi-obres.org\/avis-legal-de-la-web\/\n<\/p>\n<p><input class=\"wpcf7-form-control wpcf7-submit has-spinner\" type=\"submit\" value=\"Enviar\" \/>\n<\/p><div class=\"wpcf7-response-output\" aria-hidden=\"true\"><\/div>\n<\/form>\n<\/div>\n[vc_separator type=&#8221;transparent&#8221; thickness=&#8221;20&#8243;][vc_separator type=&#8221;transparent&#8221; thickness=&#8221;20&#8243;][\/vc_column_inner][\/vc_row_inner][\/vc_column][\/vc_row][vc_row css_animation=&#8221;&#8221; row_type=&#8221;row&#8221; use_row_as_full_screen_section=&#8221;no&#8221; type=&#8221;full_width&#8221; angled_section=&#8221;no&#8221; text_align=&#8221;left&#8221; background_image_as_pattern=&#8221;without_pattern&#8221;][vc_column][vc_separator type=&#8221;transparent&#8221; thickness=&#8221;55&#8243;][\/vc_column][\/vc_row]<\/p>\n<\/div>","protected":false},"excerpt":{"rendered":"<p>[vc_row css_animation=&#8221;&#8221; row_type=&#8221;row&#8221; use_row_as_full_screen_section=&#8221;no&#8221; type=&#8221;grid&#8221; angled_section=&#8221;no&#8221; text_align=&#8221;left&#8221; background_image_as_pattern=&#8221;without_pattern&#8221; padding_top=&#8221;60&#8243;][vc_column width=&#8221;1\/3&#8243;][vc_column_text] PLANIFICACI\u00d3 I GESTI\u00d3 DEL PRESSUPOST AMB PRESTO OBJECTIU GENERAL: [\/vc_column_text][vc_separator type=&#8221;small&#8221; position=&#8221;left&#8221; color=&#8221;#f29760&#8243; thickness=&#8221;1&#8243; width=&#8221;86&#8243;][vc_column_text] Planificar el projecte i gestionar el pressupost amb les caracter\u00edstiques i el funcionament del programa. RELACI\u00d3 DE M\u00d2DULS DE FORMACI\u00d3<\/p>\n","protected":false},"author":1,"featured_media":0,"parent":0,"menu_order":0,"comment_status":"closed","ping_status":"closed","template":"","meta":{"footnotes":""},"class_list":["post-16544","page","type-page","status-publish","hentry"],"yoast_head":"<!-- This site is optimized with the Yoast SEO plugin v25.3 - https:\/\/yoast.com\/wordpress\/plugins\/seo\/ -->\n<title>Planificaci\u00f3 i gesti\u00f3 del pressupost amb Presto - Gremi de Constructors d&#039;Obres<\/title>\n<meta name=\"robots\" content=\"index, follow, max-snippet:-1, max-image-preview:large, max-video-preview:-1\" \/>\n<link rel=\"canonical\" href=\"https:\/\/www.gremi-obres.org\/formacio\/cursos-barcelona-curs-presto-inicial-avancat\/\" \/>\n<meta property=\"og:locale\" content=\"ca_ES\" \/>\n<meta property=\"og:type\" content=\"article\" \/>\n<meta property=\"og:title\" content=\"Planificaci\u00f3 i gesti\u00f3 del pressupost amb Presto - Gremi de Constructors d&#039;Obres\" \/>\n<meta property=\"og:description\" content=\"[vc_row css_animation=&#8221;&#8221; row_type=&#8221;row&#8221; use_row_as_full_screen_section=&#8221;no&#8221; type=&#8221;grid&#8221; angled_section=&#8221;no&#8221; text_align=&#8221;left&#8221; background_image_as_pattern=&#8221;without_pattern&#8221; padding_top=&#8221;60&#8243;][vc_column width=&#8221;1\/3&#8243;][vc_column_text] PLANIFICACI\u00d3 I GESTI\u00d3 DEL PRESSUPOST AMB PRESTO OBJECTIU GENERAL: [\/vc_column_text][vc_separator type=&#8221;small&#8221; position=&#8221;left&#8221; color=&#8221;#f29760&#8243; thickness=&#8221;1&#8243; width=&#8221;86&#8243;][vc_column_text] Planificar el projecte i gestionar el pressupost amb les caracter\u00edstiques i el funcionament del programa. RELACI\u00d3 DE M\u00d2DULS DE FORMACI\u00d3\" \/>\n<meta property=\"og:url\" content=\"https:\/\/www.gremi-obres.org\/formacio\/cursos-barcelona-curs-presto-inicial-avancat\/\" \/>\n<meta property=\"og:site_name\" content=\"Gremi de Constructors d&#039;Obres\" \/>\n<meta property=\"article:modified_time\" content=\"2025-09-04T10:40:31+00:00\" \/>\n<meta property=\"og:image\" content=\"https:\/\/www.gremi-obres.org\/formacio\/wp-content\/uploads\/2021\/07\/Consorci-300x47.png\" \/>\n<meta name=\"twitter:card\" content=\"summary_large_image\" \/>\n<meta name=\"twitter:label1\" content=\"Temps estimat de lectura\" \/>\n\t<meta name=\"twitter:data1\" content=\"6 minuts\" \/>\n<script type=\"application\/ld+json\" class=\"yoast-schema-graph\">{\"@context\":\"https:\/\/schema.org\",\"@graph\":[{\"@type\":\"WebPage\",\"@id\":\"https:\/\/www.gremi-obres.org\/formacio\/cursos-barcelona-curs-presto-inicial-avancat\/\",\"url\":\"https:\/\/www.gremi-obres.org\/formacio\/cursos-barcelona-curs-presto-inicial-avancat\/\",\"name\":\"Planificaci\u00f3 i gesti\u00f3 del pressupost amb Presto - Gremi de Constructors d&#039;Obres\",\"isPartOf\":{\"@id\":\"https:\/\/www.gremi-obres.org\/formacio\/#website\"},\"primaryImageOfPage\":{\"@id\":\"https:\/\/www.gremi-obres.org\/formacio\/cursos-barcelona-curs-presto-inicial-avancat\/#primaryimage\"},\"image\":{\"@id\":\"https:\/\/www.gremi-obres.org\/formacio\/cursos-barcelona-curs-presto-inicial-avancat\/#primaryimage\"},\"thumbnailUrl\":\"https:\/\/www.gremi-obres.org\/formacio\/wp-content\/uploads\/2021\/07\/Consorci-300x47.png\",\"datePublished\":\"2022-02-11T17:23:44+00:00\",\"dateModified\":\"2025-09-04T10:40:31+00:00\",\"breadcrumb\":{\"@id\":\"https:\/\/www.gremi-obres.org\/formacio\/cursos-barcelona-curs-presto-inicial-avancat\/#breadcrumb\"},\"inLanguage\":\"ca\",\"potentialAction\":[{\"@type\":\"ReadAction\",\"target\":[\"https:\/\/www.gremi-obres.org\/formacio\/cursos-barcelona-curs-presto-inicial-avancat\/\"]}]},{\"@type\":\"ImageObject\",\"inLanguage\":\"ca\",\"@id\":\"https:\/\/www.gremi-obres.org\/formacio\/cursos-barcelona-curs-presto-inicial-avancat\/#primaryimage\",\"url\":\"https:\/\/www.gremi-obres.org\/formacio\/wp-content\/uploads\/2021\/07\/Consorci-300x47.png\",\"contentUrl\":\"https:\/\/www.gremi-obres.org\/formacio\/wp-content\/uploads\/2021\/07\/Consorci-300x47.png\"},{\"@type\":\"BreadcrumbList\",\"@id\":\"https:\/\/www.gremi-obres.org\/formacio\/cursos-barcelona-curs-presto-inicial-avancat\/#breadcrumb\",\"itemListElement\":[{\"@type\":\"ListItem\",\"position\":1,\"name\":\"Inici\",\"item\":\"https:\/\/www.gremi-obres.org\/formacio\/\"},{\"@type\":\"ListItem\",\"position\":2,\"name\":\"Planificaci\u00f3 i gesti\u00f3 del pressupost amb Presto\"}]},{\"@type\":\"WebSite\",\"@id\":\"https:\/\/www.gremi-obres.org\/formacio\/#website\",\"url\":\"https:\/\/www.gremi-obres.org\/formacio\/\",\"name\":\"Gremi de Constructors d&#039;Obres\",\"description\":\"Formaci\u00f3 del Gremi de Constructors d&#039;Obres.\",\"potentialAction\":[{\"@type\":\"SearchAction\",\"target\":{\"@type\":\"EntryPoint\",\"urlTemplate\":\"https:\/\/www.gremi-obres.org\/formacio\/?s={search_term_string}\"},\"query-input\":{\"@type\":\"PropertyValueSpecification\",\"valueRequired\":true,\"valueName\":\"search_term_string\"}}],\"inLanguage\":\"ca\"}]}<\/script>\n<!-- \/ Yoast SEO plugin. -->","yoast_head_json":{"title":"Planificaci\u00f3 i gesti\u00f3 del pressupost amb Presto - Gremi de Constructors d&#039;Obres","robots":{"index":"index","follow":"follow","max-snippet":"max-snippet:-1","max-image-preview":"max-image-preview:large","max-video-preview":"max-video-preview:-1"},"canonical":"https:\/\/www.gremi-obres.org\/formacio\/cursos-barcelona-curs-presto-inicial-avancat\/","og_locale":"ca_ES","og_type":"article","og_title":"Planificaci\u00f3 i gesti\u00f3 del pressupost amb Presto - Gremi de Constructors d&#039;Obres","og_description":"[vc_row css_animation=&#8221;&#8221; row_type=&#8221;row&#8221; use_row_as_full_screen_section=&#8221;no&#8221; type=&#8221;grid&#8221; angled_section=&#8221;no&#8221; text_align=&#8221;left&#8221; background_image_as_pattern=&#8221;without_pattern&#8221; padding_top=&#8221;60&#8243;][vc_column width=&#8221;1\/3&#8243;][vc_column_text] PLANIFICACI\u00d3 I GESTI\u00d3 DEL PRESSUPOST AMB PRESTO OBJECTIU GENERAL: [\/vc_column_text][vc_separator type=&#8221;small&#8221; position=&#8221;left&#8221; color=&#8221;#f29760&#8243; thickness=&#8221;1&#8243; width=&#8221;86&#8243;][vc_column_text] Planificar el projecte i gestionar el pressupost amb les caracter\u00edstiques i el funcionament del programa. RELACI\u00d3 DE M\u00d2DULS DE FORMACI\u00d3","og_url":"https:\/\/www.gremi-obres.org\/formacio\/cursos-barcelona-curs-presto-inicial-avancat\/","og_site_name":"Gremi de Constructors d&#039;Obres","article_modified_time":"2025-09-04T10:40:31+00:00","og_image":[{"url":"https:\/\/www.gremi-obres.org\/formacio\/wp-content\/uploads\/2021\/07\/Consorci-300x47.png","type":"","width":"","height":""}],"twitter_card":"summary_large_image","twitter_misc":{"Temps estimat de lectura":"6 minuts"},"schema":{"@context":"https:\/\/schema.org","@graph":[{"@type":"WebPage","@id":"https:\/\/www.gremi-obres.org\/formacio\/cursos-barcelona-curs-presto-inicial-avancat\/","url":"https:\/\/www.gremi-obres.org\/formacio\/cursos-barcelona-curs-presto-inicial-avancat\/","name":"Planificaci\u00f3 i gesti\u00f3 del pressupost amb Presto - Gremi de Constructors d&#039;Obres","isPartOf":{"@id":"https:\/\/www.gremi-obres.org\/formacio\/#website"},"primaryImageOfPage":{"@id":"https:\/\/www.gremi-obres.org\/formacio\/cursos-barcelona-curs-presto-inicial-avancat\/#primaryimage"},"image":{"@id":"https:\/\/www.gremi-obres.org\/formacio\/cursos-barcelona-curs-presto-inicial-avancat\/#primaryimage"},"thumbnailUrl":"https:\/\/www.gremi-obres.org\/formacio\/wp-content\/uploads\/2021\/07\/Consorci-300x47.png","datePublished":"2022-02-11T17:23:44+00:00","dateModified":"2025-09-04T10:40:31+00:00","breadcrumb":{"@id":"https:\/\/www.gremi-obres.org\/formacio\/cursos-barcelona-curs-presto-inicial-avancat\/#breadcrumb"},"inLanguage":"ca","potentialAction":[{"@type":"ReadAction","target":["https:\/\/www.gremi-obres.org\/formacio\/cursos-barcelona-curs-presto-inicial-avancat\/"]}]},{"@type":"ImageObject","inLanguage":"ca","@id":"https:\/\/www.gremi-obres.org\/formacio\/cursos-barcelona-curs-presto-inicial-avancat\/#primaryimage","url":"https:\/\/www.gremi-obres.org\/formacio\/wp-content\/uploads\/2021\/07\/Consorci-300x47.png","contentUrl":"https:\/\/www.gremi-obres.org\/formacio\/wp-content\/uploads\/2021\/07\/Consorci-300x47.png"},{"@type":"BreadcrumbList","@id":"https:\/\/www.gremi-obres.org\/formacio\/cursos-barcelona-curs-presto-inicial-avancat\/#breadcrumb","itemListElement":[{"@type":"ListItem","position":1,"name":"Inici","item":"https:\/\/www.gremi-obres.org\/formacio\/"},{"@type":"ListItem","position":2,"name":"Planificaci\u00f3 i gesti\u00f3 del pressupost amb Presto"}]},{"@type":"WebSite","@id":"https:\/\/www.gremi-obres.org\/formacio\/#website","url":"https:\/\/www.gremi-obres.org\/formacio\/","name":"Gremi de Constructors d&#039;Obres","description":"Formaci\u00f3 del Gremi de Constructors d&#039;Obres.","potentialAction":[{"@type":"SearchAction","target":{"@type":"EntryPoint","urlTemplate":"https:\/\/www.gremi-obres.org\/formacio\/?s={search_term_string}"},"query-input":{"@type":"PropertyValueSpecification","valueRequired":true,"valueName":"search_term_string"}}],"inLanguage":"ca"}]}},"_links":{"self":[{"href":"https:\/\/www.gremi-obres.org\/formacio\/wp-json\/wp\/v2\/pages\/16544","targetHints":{"allow":["GET"]}}],"collection":[{"href":"https:\/\/www.gremi-obres.org\/formacio\/wp-json\/wp\/v2\/pages"}],"about":[{"href":"https:\/\/www.gremi-obres.org\/formacio\/wp-json\/wp\/v2\/types\/page"}],"author":[{"embeddable":true,"href":"https:\/\/www.gremi-obres.org\/formacio\/wp-json\/wp\/v2\/users\/1"}],"replies":[{"embeddable":true,"href":"https:\/\/www.gremi-obres.org\/formacio\/wp-json\/wp\/v2\/comments?post=16544"}],"version-history":[{"count":36,"href":"https:\/\/www.gremi-obres.org\/formacio\/wp-json\/wp\/v2\/pages\/16544\/revisions"}],"predecessor-version":[{"id":25691,"href":"https:\/\/www.gremi-obres.org\/formacio\/wp-json\/wp\/v2\/pages\/16544\/revisions\/25691"}],"wp:attachment":[{"href":"https:\/\/www.gremi-obres.org\/formacio\/wp-json\/wp\/v2\/media?parent=16544"}],"curies":[{"name":"wp","href":"https:\/\/api.w.org\/{rel}","templated":true}]}}