{"id":4113,"date":"2017-12-19T10:09:15","date_gmt":"2017-12-19T10:09:15","guid":{"rendered":"https:\/\/www.gremi-obres.org\/formacio\/?page_id=4113"},"modified":"2025-04-08T09:46:34","modified_gmt":"2025-04-08T09:46:34","slug":"operador-grua-torre","status":"publish","type":"page","link":"https:\/\/www.gremi-obres.org\/formacio\/es\/cursos\/operador-grua-torre\/","title":{"rendered":"Curs subvencionat d&#8217;Operador\/a de Grua Torre"},"content":{"rendered":"<div class=\"wpb-content-wrapper\"><p>[vc_row row_type=\u00bbrow\u00bb use_row_as_full_screen_section=\u00bbno\u00bb type=\u00bbgrid\u00bb angled_section=\u00bbno\u00bb text_align=\u00bbleft\u00bb background_image_as_pattern=\u00bbwithout_pattern\u00bb padding_top=\u00bb60&#8243; css_animation=\u00bb\u00bb][vc_column width=\u00bb1\/3&#8243;][vc_column_text]<\/p>\n<h4><strong>OPERADOR\/A DE GRUA TORRE<\/strong><\/h4>\n<h4>[\/vc_column_text][vc_separator type=\u00bbsmall\u00bb position=\u00bbleft\u00bb color=\u00bb#f29760&#8243; thickness=\u00bb1&#8243; width=\u00bb86&#8243;][vc_column_text]<\/h4>\n<p>M\u00d2DUL 1: REALITZAR OPERACIONS D&#8217;ELEVACI\u00d3 O DESPLA\u00c7AMENT DE C\u00c0RREGUES AMB GRUES TORRE (240H)<\/p>\n<p><strong>Objectiu: <\/strong>realitzar totes les operacions pr\u00f2pies de l&#8217;operador de grua torre optimitzant les capacitats de la m\u00e0quina de manera segura.<\/p>\n<p><strong>CONTINGUTS TE\u00d2RIC-PR\u00c0CTICS:<\/strong><\/p>\n<ul>\n<li>Condicions d&#8217;utilitzaci\u00f3 de la grua-torre\n<ul>\n<li>Documentaci\u00f3 que acompanya la implantaci\u00f3 de la grua-torre. Utilitzaci\u00f3 del manual de l&#8217;operador de grua torre<\/li>\n<li>Lectura de croquis i dibuixos de pl\u00e0nols de situaci\u00f3 i elements de la grua-torre<\/li>\n<li>Diagrama de c\u00e0rregues i c\u00e0lcul de diagrames associats a les proves de c\u00e0rega<\/li>\n<li>Seguretat de moment de parell. seguretat de c\u00e0rrega m\u00e0xima<\/li>\n<li>Condicions d&#8217;estabilitat en servei i fora de servei<\/li>\n<li>Aplicaci\u00f3 del pla de seguretat i salut en l&#8217;\u00fas de la m\u00e0quina o de l&#8217;equip de treball concret<\/li>\n<li>Riscos i mesures preventives necess\u00e0ries<\/li>\n<li>Normativa aplicable nacional i europea<\/li>\n<\/ul>\n<\/li>\n<li>Components de la grua-torre\n<ul>\n<li>La grua torre: conceptes, tipus, components, classificaci\u00f3<\/li>\n<li>Composici\u00f3 estructural: ploma, llast d&#8217;estabilitat, contrapesos d&#8217;equilibris. Condicions que han de complir<\/li>\n<li>Massa. Arriostraments r\u00edgids i el\u00e0stics<\/li>\n<li>Elements de seguretat en grues. Limitadors<\/li>\n<li>Motors i equips el\u00e8ctrics<\/li>\n<li>Cables d&#8217;acer. Tipus i caracter\u00edstiques<\/li>\n<li>Sistemes de comandament i operaci\u00f3<\/li>\n<li>Riscos i mesures preventives necess\u00e0ries<\/li>\n<\/ul>\n<\/li>\n<li>Empla\u00e7ament de la grua-torre\n<ul>\n<li>Desnivells de base. Via. Posada a terra<\/li>\n<li>Entorn de treball. Proximitat d&#8217;edificis i l\u00ednies el\u00e8ctriques d&#8217;alta tensi\u00f3. Instal\u00b7lacions amb diverses grues. Zona de seguretat<\/li>\n<li>Zones de c\u00e0rrega i desc\u00e0rrega. Limitacions de c\u00e0rrega i abast. Tipus i caracter\u00edstiques<\/li>\n<li>Planificaci\u00f3 de les tasques des d&#8217;un punt de vista preventiu<\/li>\n<\/ul>\n<\/li>\n<li>Operacions amb la grua-torre\n<ul>\n<li>Funcions de la grua-torre<\/li>\n<li>Tipus de c\u00e0rregues. Sistemes d&#8217;equilibrat<\/li>\n<li>Tipus de contenidors i mitjans auxiliars\n<ul>\n<li>Tipus<\/li>\n<li>Caracter\u00edstiques<\/li>\n<li>Recomanacions de maneig<\/li>\n<\/ul>\n<\/li>\n<li>Maneig de la grua-torre. Operaci\u00f3 i manipulaci\u00f3\n<ul>\n<li>Maneig de la grua torre amb botonera<\/li>\n<li>Maneig amb comandament sense fil de joystick<\/li>\n<li>Maneig amb comandament de joystick amb cable<\/li>\n<li>Maneig des de cabina<\/li>\n<\/ul>\n<\/li>\n<li>Maneig de grua-torre autodesplegable. Operaci\u00f3 i manipulaci\u00f3\n<ul>\n<li>Maneig de la grua torre amb botonera<\/li>\n<li>Maneig amb comandament sense fil de joystick<\/li>\n<li>Maneig amb comandament de joystick amb cable<\/li>\n<\/ul>\n<\/li>\n<li>M\u00e8todes d&#8217;elevaci\u00f3 i despla\u00e7ament de c\u00e0rregues<\/li>\n<li>M\u00e8todes de despla\u00e7ament en vertical de grans c\u00e0rregues<\/li>\n<li>Treballs en buit<\/li>\n<li>Posada en penell<\/li>\n<li>Maniobres permeses i prohibides:\n<ul>\n<li>Traccions obliq\u00fces<\/li>\n<li>C\u00e0rregues<\/li>\n<li>Rotacions<\/li>\n<\/ul>\n<\/li>\n<li>Senyalitzaci\u00f3. Coneixement i caracter\u00edstiques\n<ul>\n<li>Tipus<\/li>\n<li>Situacions d&#8217;aplicaci\u00f3<\/li>\n<li>Aplicaci\u00f3 de senyalitzaci\u00f3 gestual<\/li>\n<\/ul>\n<\/li>\n<li>Manipulaci\u00f3 de comandaments i controls<\/li>\n<li>Riscos i mesures preventives necess\u00e0ries<\/li>\n<li>Activitats simult\u00e0nies o successives. Interfer\u00e8ncies amb altres m\u00e0quines de la zona (grues). Protocols de actuaci\u00f3 dels operadors en cas d&#8217;interfer\u00e8ncies<\/li>\n<\/ul>\n<\/li>\n<li>Manteniment de primer nivell de la grua-torre\n<ul>\n<li>Manteniment i conservaci\u00f3 de la grua-torre\n<ul>\n<li>Tipus<\/li>\n<li>Periodicitats<\/li>\n<li>Manipulaci\u00f3 de cables<\/li>\n<li>Limitacions de l&#8217;operador<\/li>\n<\/ul>\n<\/li>\n<li>Greixatge. Inspeccions<\/li>\n<li>Comprovaci\u00f3 i verificacions di\u00e0ries i setmanals de seguretat i de manteniment<\/li>\n<li>Regulaci\u00f3 i posada en servei<\/li>\n<li>Manual del fabricant, caracter\u00edstiques dels elements principals, dispositius de seguretat, documentaci\u00f3, sistemes d&#8217;elevaci\u00f3, etc.<\/li>\n<li>Manteniment de les proteccions individuals i col\u00b7lectives<\/li>\n<li>Aplicaci\u00f3 de la normativa aplicable de seguretat al manteniment de maquin\u00e0ria d&#8217;elevaci\u00f3<\/li>\n<\/ul>\n<\/li>\n<\/ul>\n<p>M\u00d2DUL 2: PREVENCI\u00d3 DE RISCOS LABORALS PER A TREBALLS AMB APARELLS ELEVADORS (35H)<\/p>\n<p><strong>Objectiu:<\/strong> recon\u00e8ixer els possibles riscos dels treballs en edificaci\u00f3 i obra civil especialment els que es deriven d&#8217;aparells elevadors aix\u00ed com dels mecanismes de seguretat, per evitar possibles riscos laborals.<\/p>\n<p><strong>CONTINGUTS TE\u00d2RIC-PR\u00c0CTICS:<\/strong><\/p>\n<ul>\n<li>Els riscos en feines d&#8217;edificaci\u00f3 i obra civil\n<ul>\n<li>T\u00e8cniques preventives\n<ul>\n<li>Mitjans de protecci\u00f3 col\u00b7lectiva<\/li>\n<li>Equips de protecci\u00f3 individual<\/li>\n<li>Senyalitzaci\u00f3<\/li>\n<\/ul>\n<\/li>\n<li>Mitjans auxiliars,equips i eines emprats habitualment a les obres de construcci\u00f3<\/li>\n<li>Verificaci\u00f3, identificaci\u00f3 i vigil\u00e0ncia del lloc del treball i el seu entorn\n<ul>\n<li>Riscos generals a les obres de construcci\u00f3<\/li>\n<li>Coneixement de l&#8217;entorn del lloc de treball. Planificaci\u00f3 de les tasques des del punt de vista preventiu<\/li>\n<li>Manipulaci\u00f3 de productes qu\u00edmics. Fitxa de dades de seguretat. Simbologia<\/li>\n<\/ul>\n<\/li>\n<li>Interfer\u00e8ncia entre activitats\n<ul>\n<li>Activitats simult\u00e0nies o successives<\/li>\n<\/ul>\n<\/li>\n<li>Drets i obligacions\n<ul>\n<li>Marc normatiu general i espec\u00edfic<\/li>\n<li>Organitzaci\u00f3 de la prevenci\u00f3 de riscos laborals<\/li>\n<li>Participaci\u00f3, informaci\u00f3, consulta i propostes<\/li>\n<\/ul>\n<\/li>\n<li>Primers auxilis i mesures d&#8217;emerg\u00e8ncia<\/li>\n<\/ul>\n<\/li>\n<li>Prevenci\u00f3 de riscos laborals en feines amb aparells elevadors\n<ul>\n<li>Definici\u00f3 dels treballs\n<ul>\n<li>Tipus de m\u00e0quines i equips, components principals. Grua torre, grua m\u00f2bil autopropulsada, muntac\u00e0rregues, maquinet, plataformes d&#8217;elevaci\u00f3 m\u00f2bils, manipuladora telesc\u00f2pica, etc.<\/li>\n<\/ul>\n<\/li>\n<li>T\u00e8cniques preventives espec\u00edfiques\n<ul>\n<li>Identificaci\u00f3 de riscos<\/li>\n<li>Avaluaci\u00f3 de riscos del lloc (gen\u00e8rica)<\/li>\n<li>Mitjans auxiliars (\u00fatils de la m\u00e0quina o de l&#8217;equip de treball)<\/li>\n<li>Equips de treball i eines: riscos i mesures preventives<\/li>\n<li>Estrobat de la c\u00e0rrega<\/li>\n<li>Mitjans de protecci\u00f3 col\u00b7lectiva (col\u00b7locaci\u00f3, usos, obligacions i manteniment)<\/li>\n<li>Equips de protecci\u00f3 individual (col\u00b7locaci\u00f3, usos, obligacions i manteniment)<\/li>\n<li>Manteniment i verificacions, manual del fabricant, caracter\u00edstiques dels elements principals, dispositius de seguretat, sistemes d&#8217;elevaci\u00f3, documentaci\u00f3, etc.<\/li>\n<li>Interfer\u00e8ncies entre activitats<\/li>\n<li>Interfer\u00e8ncies amb altres m\u00e0quines<\/li>\n<li>Protocols d&#8217;actuaci\u00f3 dels operadors en cas d&#8217;interfer\u00e8ncies<\/li>\n<li>Senyalitzaci\u00f3<\/li>\n<\/ul>\n<\/li>\n<\/ul>\n<\/li>\n<\/ul>\n<p>[\/vc_column_text][vc_separator type=\u00bbtransparent\u00bb thickness=\u00bb7&#8243;][vc_separator type=\u00bbtransparent\u00bb thickness=\u00bb7&#8243;][\/vc_column][vc_column width=\u00bb1\/3&#8243;][vc_separator type=\u00bbtransparent\u00bb thickness=\u00bb2&#8243;]<div id=\"mpc_connected_icons-5369f45b4580344\" class=\"mpc-connected-icons mpc-init mpc-transition \"  data-ci-cols=\"4\" data-target=\"icon\" data-layout=\"vertical\"><div class=\"mpc-connected-icons__line\"><span><\/span><\/div><div data-id=\"mpc_icon_column-969f45b458044c\" class=\"mpc-icon-column mpc-init mpc-parent-hover mpc-transition mpc-icon-column--style_3 mpc-align--left \" ><div data-id=\"mpc_icon-9469f45b458048a\" class=\"mpc-icon mpc-init mpc-transition mpc-effect-none mpc-icon-hover \"><div class=\"mpc-icon-wrap\"><i class=\"mpc-icon-part mpc-regular mpc-transition  fa fa-file-text-o\"><\/i><i class=\"mpc-icon-part mpc-hover mpc-transition  fa fa-file-text-o\"><\/i><\/div><\/div><div class=\"mpc-icon-column__content-wrap\"><div class=\"mpc-icon-column__content\"><h3 class=\"mpc-icon-column__heading mpc-transition\">Tipus de Curs<\/h3><div class=\"mpc-icon-column__description mpc-transition\"><h5><strong><span style=\"color: #000080;\">Formaci\u00f3 Subvencionada<\/span> <\/strong>(sense cost per a professionals de tots els sectors i persones en atur)<\/h5>\n<p><strong>Qui pot apuntar-se a aquest curs subvencionat ?<\/strong><\/p>\n<p>Qualsevol persona resident a Catalunya que estigui en actiu (treballador\/a o en situaci\u00f3 d&#8217;atur). Excepte persones que treballin en l&#8217;adminsitraci\u00f3 p\u00fablica.<\/p>\n<hr \/>\n<h4><span style=\"color: #008080;\">Modalitat Presencial<\/span><\/h4>\n<hr \/>\n<p>Curs subvencionat per:<\/p>\n<p><a href=\"https:\/\/conforcat.gencat.cat\/ca\/inici\" target=\"_blank\" rel=\"noopener\"><img loading=\"lazy\" decoding=\"async\" class=\"alignnone size-medium wp-image-11318\" src=\"https:\/\/www.gremi-obres.org\/formacio\/wp-content\/uploads\/2021\/07\/Consorci-300x47.png\" alt=\"\" width=\"300\" height=\"47\" \/><\/a><\/p>\n<p><img loading=\"lazy\" decoding=\"async\" class=\"alignnone size-medium wp-image-21899\" src=\"https:\/\/www.gremi-obres.org\/formacio\/wp-content\/uploads\/2024\/01\/MTESSEPE_H_COLOR-1-300x87.jpg\" alt=\"\" width=\"300\" height=\"87\" srcset=\"https:\/\/www.gremi-obres.org\/formacio\/wp-content\/uploads\/2024\/01\/MTESSEPE_H_COLOR-1-300x87.jpg 300w, https:\/\/www.gremi-obres.org\/formacio\/wp-content\/uploads\/2024\/01\/MTESSEPE_H_COLOR-1-1024x297.jpg 1024w, https:\/\/www.gremi-obres.org\/formacio\/wp-content\/uploads\/2024\/01\/MTESSEPE_H_COLOR-1-768x223.jpg 768w, https:\/\/www.gremi-obres.org\/formacio\/wp-content\/uploads\/2024\/01\/MTESSEPE_H_COLOR-1-1536x446.jpg 1536w, https:\/\/www.gremi-obres.org\/formacio\/wp-content\/uploads\/2024\/01\/MTESSEPE_H_COLOR-1-700x203.jpg 700w, https:\/\/www.gremi-obres.org\/formacio\/wp-content\/uploads\/2024\/01\/MTESSEPE_H_COLOR-1.jpg 1722w\" sizes=\"auto, (max-width: 300px) 100vw, 300px\" \/><\/p>\n<p>Aquest curs forma part dels programes de formaci\u00f3 professional per a l\u2019ocupaci\u00f3, subvencionats pel Consorci per a la Formaci\u00f3 Cont\u00ednua de Catalunya.<\/p>\n<\/div><\/div><\/div><\/div><div data-id=\"mpc_icon_column-3169f45b458056f\" class=\"mpc-icon-column mpc-init mpc-parent-hover mpc-transition mpc-icon-column--style_3 mpc-align--left \" ><div data-id=\"mpc_icon-4769f45b4580593\" class=\"mpc-icon mpc-init mpc-transition mpc-effect-none mpc-icon-hover \"><div class=\"mpc-icon-wrap\"><i class=\"mpc-icon-part mpc-regular mpc-transition  fa fa-chrome\"><\/i><i class=\"mpc-icon-part mpc-hover mpc-transition  fa fa-chrome\"><\/i><\/div><\/div><div class=\"mpc-icon-column__content-wrap\"><div class=\"mpc-icon-column__content\"><h3 class=\"mpc-icon-column__heading mpc-transition\">\u00c1rea<\/h3><div class=\"mpc-icon-column__description mpc-transition\"><p>Maquin\u00e0ria i oficis<\/p>\n<\/div><\/div><\/div><\/div><div data-id=\"mpc_icon_column-9569f45b4580651\" class=\"mpc-icon-column mpc-init mpc-parent-hover mpc-transition mpc-icon-column--style_3 mpc-align--left \" ><div data-id=\"mpc_icon-1569f45b4580670\" class=\"mpc-icon mpc-init mpc-transition mpc-effect-none mpc-icon-hover \"><div class=\"mpc-icon-wrap\"><i class=\"mpc-icon-part mpc-regular mpc-transition  mi mi-access_alarm\"><\/i><i class=\"mpc-icon-part mpc-hover mpc-transition  mi mi-access_alarm\"><\/i><\/div><\/div><div class=\"mpc-icon-column__content-wrap\"><div class=\"mpc-icon-column__content\"><h3 class=\"mpc-icon-column__heading mpc-transition\">DURACI\u00d3<\/h3><div class=\"mpc-icon-column__description mpc-transition\"><p>Aquest curs t\u00e9 una durada de <strong>275 hores<\/strong><\/p>\n<\/div><\/div><\/div><\/div><div data-id=\"mpc_icon_column-9669f45b45806f9\" class=\"mpc-icon-column mpc-init mpc-parent-hover mpc-transition mpc-icon-column--style_3 mpc-align--left \" ><div data-id=\"mpc_icon-4269f45b4580714\" class=\"mpc-icon mpc-init mpc-transition mpc-effect-none mpc-icon-hover \"><div class=\"mpc-icon-wrap\"><i class=\"mpc-icon-part mpc-regular mpc-transition  fa fa-calendar\"><\/i><i class=\"mpc-icon-part mpc-hover mpc-transition  fa fa-calendar\"><\/i><\/div><\/div><div class=\"mpc-icon-column__content-wrap\"><div class=\"mpc-icon-column__content\"><h3 class=\"mpc-icon-column__heading mpc-transition\">Data<\/h3><div class=\"mpc-icon-column__description mpc-transition\"><p><strong>06\/05\/2025<\/strong> a 25\/11\/2025\u00a0 <a href=\"https:\/\/www.gremi-obres.org\/formacio\/wp-content\/uploads\/2025\/04\/Calendari_GRUA_06-05-25.pdf\">(CONSULTAR CALENDARI)<\/a><\/p>\n<p><strong>PART TE\u00d2RICA: de 16:00 a 21:00 h<\/strong><\/p>\n<p><strong>PART PR\u00c0CTICA JULIOL: de 8:00 a 14:00 h<\/strong><\/p>\n<p><strong>PART PR\u00c0CTICA SETEMBRE, OCTUBRE i NOVEMBRE: de 15:00 a 20:00 h<\/strong><\/p>\n<p>&nbsp;<\/p>\n<\/div><\/div><\/div><\/div><div data-id=\"mpc_icon_column-3569f45b45807a8\" class=\"mpc-icon-column mpc-init mpc-parent-hover mpc-transition mpc-icon-column--style_3 mpc-align--left \" ><div data-id=\"mpc_icon-2769f45b45807c2\" class=\"mpc-icon mpc-init mpc-transition mpc-effect-none mpc-icon-hover \"><div class=\"mpc-icon-wrap\"><i class=\"mpc-icon-part mpc-regular mpc-transition  fa fa-map-marker\"><\/i><i class=\"mpc-icon-part mpc-hover mpc-transition  fa fa-map-marker\"><\/i><\/div><\/div><div class=\"mpc-icon-column__content-wrap\"><div class=\"mpc-icon-column__content\"><h3 class=\"mpc-icon-column__heading mpc-transition\">Lloc<\/h3><div class=\"mpc-icon-column__description mpc-transition\"><p><strong>Part te\u00f2rica:\u00a0<\/strong>Gremi de la Construcci\u00f3 de Barcelona, Gran Via de les Corts Catalanes, 663, 08010 Barcelona<\/p>\n<p><strong>Part pr\u00e0ctica:\u00a0<\/strong>Fundaci\u00f3n Laboral de la Construcci\u00f3n, Avinguda Comunitat Europea, 30, 08917 Badalona<\/p>\n<\/div><\/div><\/div><\/div><div data-id=\"mpc_icon_column-10069f45b458084d\" class=\"mpc-icon-column mpc-init mpc-parent-hover mpc-transition mpc-icon-column--style_3 mpc-align--left \" ><div data-id=\"mpc_icon-769f45b458086c\" class=\"mpc-icon mpc-init mpc-transition mpc-effect-none mpc-icon-hover \"><div class=\"mpc-icon-wrap\"><i class=\"mpc-icon-part mpc-regular mpc-transition  fa fa-group\"><\/i><i class=\"mpc-icon-part mpc-hover mpc-transition  fa fa-group\"><\/i><\/div><\/div><div class=\"mpc-icon-column__content-wrap\"><div class=\"mpc-icon-column__content\"><h3 class=\"mpc-icon-column__heading mpc-typography--mpc_preset_20 mpc-transition\">Modalitat<\/h3><div class=\"mpc-icon-column__description mpc-typography--mpc_preset_1 mpc-transition\"><p>Curs Presencial amb Formador.<\/p>\n<\/div><\/div><\/div><\/div><div data-id=\"mpc_icon_column-6269f45b45808e8\" class=\"mpc-icon-column mpc-init mpc-parent-hover mpc-transition mpc-icon-column--style_3 mpc-align--left \" ><div data-id=\"mpc_icon-6769f45b4580901\" class=\"mpc-icon mpc-init mpc-transition mpc-effect-none mpc-icon-hover \"><div class=\"mpc-icon-wrap\"><i class=\"mpc-icon-part mpc-regular mpc-transition  fa fa-institution\"><\/i><i class=\"mpc-icon-part mpc-hover mpc-transition  fa fa-institution\"><\/i><\/div><\/div><div class=\"mpc-icon-column__content-wrap\"><div class=\"mpc-icon-column__content\"><h3 class=\"mpc-icon-column__heading mpc-transition\">DIPLOMA<\/h3><div class=\"mpc-icon-column__description mpc-transition\"><p>Al finalitzar el curs es lliurar\u00e0 un diploma acreditatiu d&#8217;aquesta formaci\u00f3.<\/p>\n<\/div><\/div><\/div><\/div><div data-id=\"mpc_icon_column-9169f45b458097c\" class=\"mpc-icon-column mpc-init mpc-parent-hover mpc-transition mpc-icon-column--style_3 mpc-align--left \" ><div data-id=\"mpc_icon-4569f45b4580995\" class=\"mpc-icon mpc-init mpc-transition mpc-effect-none mpc-icon-hover \"><div class=\"mpc-icon-wrap\"><i class=\"mpc-icon-part mpc-regular mpc-transition  fa fa-mortar-board\"><\/i><i class=\"mpc-icon-part mpc-hover mpc-transition  fa fa-mortar-board\"><\/i><\/div><\/div><div class=\"mpc-icon-column__content-wrap\"><div class=\"mpc-icon-column__content\"><h3 class=\"mpc-icon-column__heading mpc-transition\">APPLUS ISO 9001<\/h3><div class=\"mpc-icon-column__description mpc-transition\"><p>Estem certificats en Qualitat, segons la norma UNE-ISO 9001:2008, per l&#8217;entitat Applus, amb la voluntat d&#8217;oferir un servei de m\u00e0xima qualitat formativa.<\/p>\n<\/div><\/div><\/div><\/div><\/div>[vc_separator type=\u00bbtransparent\u00bb thickness=\u00bb30&#8243;][vc_row_inner row_type=\u00bbrow\u00bb type=\u00bbfull_width\u00bb text_align=\u00bbcenter\u00bb background_color=\u00bb#5c8953&#8243; css_animation=\u00bb\u00bb css=\u00bb.vc_custom_1473763518291{padding-top: 30px !important;padding-bottom: 30px !important;}\u00bb][\/vc_row_inner][vc_column_inner][\/vc_column_inner][vc_column_text]<\/p>\n<p>[\/vc_column_text][\/vc_column][vc_column width=\u00bb1\/3&#8243;][vc_separator type=\u00bbtransparent\u00bb thickness=\u00bb25&#8243;][vc_row_inner row_type=\u00bbrow\u00bb type=\u00bbfull_width\u00bb text_align=\u00bbcenter\u00bb css_animation=\u00bb\u00bb css=\u00bb.vc_custom_1472720730068{margin-right: 30px !important;margin-left: 30px !important;border-top-width: 1px !important;border-right-width: 1px !important;border-bottom-width: 1px !important;border-left-width: 1px !important;padding-right: 15px !important;padding-left: 15px !important;background-color: #f8971d !important;border-left-color: #000000 !important;border-left-style: solid !important;border-right-color: #000000 !important;border-right-style: solid !important;border-top-color: #000000 !important;border-top-style: solid !important;border-bottom-color: #000000 !important;border-bottom-style: solid !important;}\u00bb][vc_column_inner enable_sticky=\u00bbtrue\u00bb sticky_offset=\u00bb100&#8243;][vc_separator type=\u00bbtransparent\u00bb thickness=\u00bb10&#8243;][vc_column_text]<\/p>\n<h4><strong>Vull inscriure&#8217;m!<\/strong><\/h4>\n<p>[\/vc_column_text][vc_separator type=\u00bbtransparent\u00bb thickness=\u00bb10&#8243;]\n<div class=\"wpcf7 no-js\" id=\"wpcf7-f23518-o1\" lang=\"ca\" dir=\"ltr\" data-wpcf7-id=\"23518\">\n<div class=\"screen-reader-response\"><p role=\"status\" aria-live=\"polite\" aria-atomic=\"true\"><\/p> <ul><\/ul><\/div>\n<form action=\"\/formacio\/es\/wp-json\/wp\/v2\/pages\/4113#wpcf7-f23518-o1\" method=\"post\" class=\"wpcf7-form init cf7_custom_style_3\" aria-label=\"Formulari de contacte\" novalidate=\"novalidate\" data-status=\"init\">\n<div style=\"display: none;\">\n<input type=\"hidden\" name=\"_wpcf7\" value=\"23518\" \/>\n<input type=\"hidden\" name=\"_wpcf7_version\" value=\"6.0.6\" \/>\n<input type=\"hidden\" name=\"_wpcf7_locale\" value=\"ca\" \/>\n<input type=\"hidden\" name=\"_wpcf7_unit_tag\" value=\"wpcf7-f23518-o1\" \/>\n<input type=\"hidden\" name=\"_wpcf7_container_post\" value=\"0\" \/>\n<input type=\"hidden\" name=\"_wpcf7_posted_data_hash\" value=\"\" \/>\n<input type=\"hidden\" name=\"_wpcf7_recaptcha_response\" value=\"\" \/>\n<\/div>\n<p><label><b>NOM DEL CURS<br \/>\n<span class=\"wpcf7-form-control-wrap\" data-name=\"NomdelCurs\"><input size=\"40\" maxlength=\"400\" class=\"wpcf7-form-control wpcf7-text wpcf7-validates-as-required\" aria-required=\"true\" aria-invalid=\"false\" value=\"\" type=\"text\" name=\"NomdelCurs\" \/><\/span> <\/b><\/label>\n<\/p>\n<p><label><b>NOM I COGNOMS<br \/>\n<span class=\"wpcf7-form-control-wrap\" data-name=\"your-name\"><input size=\"40\" maxlength=\"400\" class=\"wpcf7-form-control wpcf7-text wpcf7-validates-as-required\" aria-required=\"true\" aria-invalid=\"false\" value=\"\" type=\"text\" name=\"your-name\" \/><\/span> <\/b><\/label>\n<\/p>\n<p><label> <b>CORREU ELECTR\u00d2NIC<br \/>\n<span class=\"wpcf7-form-control-wrap\" data-name=\"your-email\"><input size=\"40\" maxlength=\"400\" class=\"wpcf7-form-control wpcf7-email wpcf7-validates-as-required wpcf7-text wpcf7-validates-as-email\" aria-required=\"true\" aria-invalid=\"false\" value=\"\" type=\"email\" name=\"your-email\" \/><\/span> <\/b><\/label>\n<\/p>\n<p><label><b>TEL\u00c8FON<br \/>\n<span class=\"wpcf7-form-control-wrap\" data-name=\"TELEFON\"><input size=\"40\" maxlength=\"400\" class=\"wpcf7-form-control wpcf7-tel wpcf7-validates-as-required wpcf7-text wpcf7-validates-as-tel\" aria-required=\"true\" aria-invalid=\"false\" value=\"\" type=\"tel\" name=\"TELEFON\" \/><\/span> <\/b><\/label>\n<\/p>\n<p><label><b>COM ENS HAS CONEGUT?<br \/>\n<span class=\"wpcf7-form-control-wrap\" data-name=\"COMENSHASCONEGUT\"><select class=\"wpcf7-form-control wpcf7-select wpcf7-validates-as-required\" aria-required=\"true\" aria-invalid=\"false\" name=\"COMENSHASCONEGUT\"><option value=\"\">&#8212;Trieu una opci\u00f3&#8212;<\/option><option value=\"Instagram\">Instagram<\/option><option value=\"Linkedin\">Linkedin<\/option><option value=\"Facebook\">Facebook<\/option><option value=\"Web del Gremi\">Web del Gremi<\/option><option value=\"Correu elecr\u00f3nic\">Correu elecr\u00f3nic<\/option><option value=\"Altres\">Altres<\/option><\/select><\/span> <\/b><\/label>\n<\/p>\n<p><label><b> SI HAS SELECCIONAT ALTRES, ENS HO POTS INDICAR?<br \/>\n<span class=\"wpcf7-form-control-wrap\" data-name=\"TEXT\"><input size=\"40\" maxlength=\"400\" class=\"wpcf7-form-control wpcf7-text wpcf7-validates-as-required\" aria-required=\"true\" aria-invalid=\"false\" value=\"\" type=\"text\" name=\"TEXT\" \/><\/span> <\/b><\/label>\n<\/p>\n<p><span class=\"wpcf7-form-control-wrap\" data-name=\"acceptance-324\"><span class=\"wpcf7-form-control wpcf7-acceptance\"><span class=\"wpcf7-list-item\"><input type=\"checkbox\" name=\"acceptance-324\" value=\"1\" aria-invalid=\"false\" \/><\/span><\/span><\/span> He llegit i accepto la <a href=\"http:\/\/www.gremi-obres.org\/avis-legal-de-la-web\/\">Pol\u00edtica de Privacitat<\/a> (obligatori)\n<\/p>\n<p>En compliment del Reglament (UE) 2016\/679, de Protecci\u00f3 de Dades (RGPD), les dades personals facilitades seran tractades pel Gremi de la Construcci\u00f3 de Barcelona, com a responsable del tractament, amb la finalitat de desenvolupar la formaci\u00f3 i gestionar l\u2019assist\u00e8ncia de la formaci\u00f3 sol\u00b7licitada, aix\u00ed com mantenir la relaci\u00f3 comercial o institucional, aix\u00ed com remetre informaci\u00f3 sobre serveis, activitats i q\u00fcestions relacionades amb el sector de la construcci\u00f3. La base jur\u00eddica del tractament \u00e9s el consentiment de la persona interessada i\/o l\u2019execuci\u00f3 de la relaci\u00f3 existent. Les dades no seran cedides a tercers, excepte obligaci\u00f3 legal o autoritzaci\u00f3 expressa de la persona interessada. Les dades es conservaran durant el temps necessari per complir amb les finalitats del tractament i, si escau, durant els terminis legalment exigibles.\n<\/p>\n<p>La persona interessada pot exercir els seus drets d\u2019acc\u00e9s, rectificaci\u00f3, supressi\u00f3, limitaci\u00f3 del tractament, oposici\u00f3 i portabilitat mitjan\u00e7ant escrit adre\u00e7at a Gran Via de les Corts Catalanes, 663, 6a planta, 08010 Barcelona, o b\u00e9 a l\u2019adre\u00e7a electr\u00f2nica info@gremi-obres.org. Aix\u00ed mateix, si considera que els seus drets no han estat degudament atesos, pot presentar una reclamaci\u00f3 davant l\u2019Ag\u00e8ncia Espanyola de Protecci\u00f3 de Dades (AEPD). Per m\u00e9s informaci\u00f3 referent al tractament de les seves dades, pot consultar la nostra pol\u00edtica de privacitat a: https:\/\/www.gremi-obres.org\/avis-legal-de-la-web\/\n<\/p>\n<p><input class=\"wpcf7-form-control wpcf7-submit has-spinner\" type=\"submit\" value=\"Enviar\" \/>\n<\/p><div class=\"wpcf7-response-output\" aria-hidden=\"true\"><\/div>\n<\/form>\n<\/div>\n[vc_separator type=\u00bbtransparent\u00bb thickness=\u00bb20&#8243;][vc_separator type=\u00bbtransparent\u00bb thickness=\u00bb20&#8243;][\/vc_column_inner][\/vc_row_inner][\/vc_column][\/vc_row][vc_row row_type=\u00bbrow\u00bb use_row_as_full_screen_section=\u00bbno\u00bb type=\u00bbfull_width\u00bb angled_section=\u00bbno\u00bb text_align=\u00bbleft\u00bb background_image_as_pattern=\u00bbwithout_pattern\u00bb css_animation=\u00bb\u00bb][vc_column][vc_separator type=\u00bbtransparent\u00bb thickness=\u00bb55&#8243;][\/vc_column][\/vc_row][vc_row row_type=\u00bbrow\u00bb use_row_as_full_screen_section=\u00bbno\u00bb type=\u00bbfull_width\u00bb angled_section=\u00bbno\u00bb text_align=\u00bbleft\u00bb background_image_as_pattern=\u00bbwithout_pattern\u00bb css_animation=\u00bb\u00bb][vc_column][vc_column_text]<\/p>\n<h4 style=\"text-align: center;\"><span style=\"color: #ffffff;\"><strong>Alguna consulta<\/strong><\/span><\/h4>\n<p>[\/vc_column_text][\/vc_column][\/vc_row]<\/p>\n<\/div>","protected":false},"excerpt":{"rendered":"<p>[vc_row row_type=\u00bbrow\u00bb use_row_as_full_screen_section=\u00bbno\u00bb type=\u00bbgrid\u00bb angled_section=\u00bbno\u00bb text_align=\u00bbleft\u00bb background_image_as_pattern=\u00bbwithout_pattern\u00bb padding_top=\u00bb60&#8243; css_animation=\u00bb\u00bb][vc_column width=\u00bb1\/3&#8243;][vc_column_text] OPERADOR\/A DE GRUA TORRE [\/vc_column_text][vc_separator type=\u00bbsmall\u00bb position=\u00bbleft\u00bb color=\u00bb#f29760&#8243; thickness=\u00bb1&#8243; width=\u00bb86&#8243;][vc_column_text] M\u00d2DUL 1: REALITZAR OPERACIONS D&#8217;ELEVACI\u00d3 O DESPLA\u00c7AMENT DE C\u00c0RREGUES AMB GRUES TORRE (240H) Objectiu: realitzar totes les operacions pr\u00f2pies de l&#8217;operador de grua torre optimitzant<\/p>\n","protected":false},"author":1,"featured_media":11539,"parent":917,"menu_order":2,"comment_status":"closed","ping_status":"closed","template":"","meta":{"footnotes":""},"class_list":["post-4113","page","type-page","status-publish","has-post-thumbnail","hentry"],"yoast_head":"<!-- This site is optimized with the Yoast SEO plugin v25.3 - https:\/\/yoast.com\/wordpress\/plugins\/seo\/ -->\n<title>Curs subvencionat d&#039;Operador\/a de Grua Torre - Gremi de Constructors d&#039;Obres<\/title>\n<meta name=\"description\" content=\"Curso subvencionado en Barcelona de Operador de Gr\u00faa Torre. Curso de 230 h para trabajadores y personas en desempleo\" \/>\n<meta name=\"robots\" content=\"index, follow, max-snippet:-1, max-image-preview:large, max-video-preview:-1\" \/>\n<link rel=\"canonical\" href=\"https:\/\/www.gremi-obres.org\/formacio\/es\/cursos\/operador-grua-torre\/\" \/>\n<meta property=\"og:locale\" content=\"es_ES\" \/>\n<meta property=\"og:type\" content=\"article\" \/>\n<meta property=\"og:title\" content=\"Curs subvencionat d&#039;Operador\/a de Grua Torre - Gremi de Constructors d&#039;Obres\" \/>\n<meta property=\"og:description\" content=\"Curso subvencionado en Barcelona de Operador de Gr\u00faa Torre. Curso de 230 h para trabajadores y personas en desempleo\" \/>\n<meta property=\"og:url\" content=\"https:\/\/www.gremi-obres.org\/formacio\/es\/cursos\/operador-grua-torre\/\" \/>\n<meta property=\"og:site_name\" content=\"Gremi de Constructors d&#039;Obres\" \/>\n<meta property=\"article:modified_time\" content=\"2025-04-08T09:46:34+00:00\" \/>\n<meta name=\"twitter:card\" content=\"summary_large_image\" \/>\n<meta name=\"twitter:label1\" content=\"Tiempo de lectura\" \/>\n\t<meta name=\"twitter:data1\" content=\"8 minutos\" \/>\n<script type=\"application\/ld+json\" class=\"yoast-schema-graph\">{\"@context\":\"https:\/\/schema.org\",\"@graph\":[{\"@type\":\"WebPage\",\"@id\":\"https:\/\/www.gremi-obres.org\/formacio\/es\/cursos\/operador-grua-torre\/\",\"url\":\"https:\/\/www.gremi-obres.org\/formacio\/es\/cursos\/operador-grua-torre\/\",\"name\":\"Curs subvencionat d'Operador\/a de Grua Torre - Gremi de Constructors d&#039;Obres\",\"isPartOf\":{\"@id\":\"https:\/\/www.gremi-obres.org\/formacio\/#website\"},\"primaryImageOfPage\":{\"@id\":\"https:\/\/www.gremi-obres.org\/formacio\/es\/cursos\/operador-grua-torre\/#primaryimage\"},\"image\":{\"@id\":\"https:\/\/www.gremi-obres.org\/formacio\/es\/cursos\/operador-grua-torre\/#primaryimage\"},\"thumbnailUrl\":\"https:\/\/www.gremi-obres.org\/formacio\/wp-content\/uploads\/2021\/08\/trabaja-portal-1.svg\",\"datePublished\":\"2017-12-19T10:09:15+00:00\",\"dateModified\":\"2025-04-08T09:46:34+00:00\",\"description\":\"Curso subvencionado en Barcelona de Operador de Gr\u00faa Torre. Curso de 230 h para trabajadores y personas en desempleo\",\"breadcrumb\":{\"@id\":\"https:\/\/www.gremi-obres.org\/formacio\/es\/cursos\/operador-grua-torre\/#breadcrumb\"},\"inLanguage\":\"es\",\"potentialAction\":[{\"@type\":\"ReadAction\",\"target\":[\"https:\/\/www.gremi-obres.org\/formacio\/es\/cursos\/operador-grua-torre\/\"]}]},{\"@type\":\"ImageObject\",\"inLanguage\":\"es\",\"@id\":\"https:\/\/www.gremi-obres.org\/formacio\/es\/cursos\/operador-grua-torre\/#primaryimage\",\"url\":\"https:\/\/www.gremi-obres.org\/formacio\/wp-content\/uploads\/2021\/08\/trabaja-portal-1.svg\",\"contentUrl\":\"https:\/\/www.gremi-obres.org\/formacio\/wp-content\/uploads\/2021\/08\/trabaja-portal-1.svg\",\"width\":512,\"height\":512},{\"@type\":\"BreadcrumbList\",\"@id\":\"https:\/\/www.gremi-obres.org\/formacio\/es\/cursos\/operador-grua-torre\/#breadcrumb\",\"itemListElement\":[{\"@type\":\"ListItem\",\"position\":1,\"name\":\"Inici\",\"item\":\"https:\/\/www.gremi-obres.org\/formacio\/es\/\"},{\"@type\":\"ListItem\",\"position\":2,\"name\":\"Cursos\",\"item\":\"https:\/\/www.gremi-obres.org\/formacio\/es\/cursos\/\"},{\"@type\":\"ListItem\",\"position\":3,\"name\":\"Curs subvencionat d&#8217;Operador\/a de Grua Torre\"}]},{\"@type\":\"WebSite\",\"@id\":\"https:\/\/www.gremi-obres.org\/formacio\/#website\",\"url\":\"https:\/\/www.gremi-obres.org\/formacio\/\",\"name\":\"Gremi de Constructors d&#039;Obres\",\"description\":\"Formaci\u00f3 del Gremi de Constructors d&#039;Obres.\",\"potentialAction\":[{\"@type\":\"SearchAction\",\"target\":{\"@type\":\"EntryPoint\",\"urlTemplate\":\"https:\/\/www.gremi-obres.org\/formacio\/?s={search_term_string}\"},\"query-input\":{\"@type\":\"PropertyValueSpecification\",\"valueRequired\":true,\"valueName\":\"search_term_string\"}}],\"inLanguage\":\"es\"}]}<\/script>\n<!-- \/ Yoast SEO plugin. -->","yoast_head_json":{"title":"Curs subvencionat d'Operador\/a de Grua Torre - Gremi de Constructors d&#039;Obres","description":"Curso subvencionado en Barcelona de Operador de Gr\u00faa Torre. Curso de 230 h para trabajadores y personas en desempleo","robots":{"index":"index","follow":"follow","max-snippet":"max-snippet:-1","max-image-preview":"max-image-preview:large","max-video-preview":"max-video-preview:-1"},"canonical":"https:\/\/www.gremi-obres.org\/formacio\/es\/cursos\/operador-grua-torre\/","og_locale":"es_ES","og_type":"article","og_title":"Curs subvencionat d'Operador\/a de Grua Torre - Gremi de Constructors d&#039;Obres","og_description":"Curso subvencionado en Barcelona de Operador de Gr\u00faa Torre. Curso de 230 h para trabajadores y personas en desempleo","og_url":"https:\/\/www.gremi-obres.org\/formacio\/es\/cursos\/operador-grua-torre\/","og_site_name":"Gremi de Constructors d&#039;Obres","article_modified_time":"2025-04-08T09:46:34+00:00","twitter_card":"summary_large_image","twitter_misc":{"Tiempo de lectura":"8 minutos"},"schema":{"@context":"https:\/\/schema.org","@graph":[{"@type":"WebPage","@id":"https:\/\/www.gremi-obres.org\/formacio\/es\/cursos\/operador-grua-torre\/","url":"https:\/\/www.gremi-obres.org\/formacio\/es\/cursos\/operador-grua-torre\/","name":"Curs subvencionat d'Operador\/a de Grua Torre - Gremi de Constructors d&#039;Obres","isPartOf":{"@id":"https:\/\/www.gremi-obres.org\/formacio\/#website"},"primaryImageOfPage":{"@id":"https:\/\/www.gremi-obres.org\/formacio\/es\/cursos\/operador-grua-torre\/#primaryimage"},"image":{"@id":"https:\/\/www.gremi-obres.org\/formacio\/es\/cursos\/operador-grua-torre\/#primaryimage"},"thumbnailUrl":"https:\/\/www.gremi-obres.org\/formacio\/wp-content\/uploads\/2021\/08\/trabaja-portal-1.svg","datePublished":"2017-12-19T10:09:15+00:00","dateModified":"2025-04-08T09:46:34+00:00","description":"Curso subvencionado en Barcelona de Operador de Gr\u00faa Torre. Curso de 230 h para trabajadores y personas en desempleo","breadcrumb":{"@id":"https:\/\/www.gremi-obres.org\/formacio\/es\/cursos\/operador-grua-torre\/#breadcrumb"},"inLanguage":"es","potentialAction":[{"@type":"ReadAction","target":["https:\/\/www.gremi-obres.org\/formacio\/es\/cursos\/operador-grua-torre\/"]}]},{"@type":"ImageObject","inLanguage":"es","@id":"https:\/\/www.gremi-obres.org\/formacio\/es\/cursos\/operador-grua-torre\/#primaryimage","url":"https:\/\/www.gremi-obres.org\/formacio\/wp-content\/uploads\/2021\/08\/trabaja-portal-1.svg","contentUrl":"https:\/\/www.gremi-obres.org\/formacio\/wp-content\/uploads\/2021\/08\/trabaja-portal-1.svg","width":512,"height":512},{"@type":"BreadcrumbList","@id":"https:\/\/www.gremi-obres.org\/formacio\/es\/cursos\/operador-grua-torre\/#breadcrumb","itemListElement":[{"@type":"ListItem","position":1,"name":"Inici","item":"https:\/\/www.gremi-obres.org\/formacio\/es\/"},{"@type":"ListItem","position":2,"name":"Cursos","item":"https:\/\/www.gremi-obres.org\/formacio\/es\/cursos\/"},{"@type":"ListItem","position":3,"name":"Curs subvencionat d&#8217;Operador\/a de Grua Torre"}]},{"@type":"WebSite","@id":"https:\/\/www.gremi-obres.org\/formacio\/#website","url":"https:\/\/www.gremi-obres.org\/formacio\/","name":"Gremi de Constructors d&#039;Obres","description":"Formaci\u00f3 del Gremi de Constructors d&#039;Obres.","potentialAction":[{"@type":"SearchAction","target":{"@type":"EntryPoint","urlTemplate":"https:\/\/www.gremi-obres.org\/formacio\/?s={search_term_string}"},"query-input":{"@type":"PropertyValueSpecification","valueRequired":true,"valueName":"search_term_string"}}],"inLanguage":"es"}]}},"_links":{"self":[{"href":"https:\/\/www.gremi-obres.org\/formacio\/es\/wp-json\/wp\/v2\/pages\/4113","targetHints":{"allow":["GET"]}}],"collection":[{"href":"https:\/\/www.gremi-obres.org\/formacio\/es\/wp-json\/wp\/v2\/pages"}],"about":[{"href":"https:\/\/www.gremi-obres.org\/formacio\/es\/wp-json\/wp\/v2\/types\/page"}],"author":[{"embeddable":true,"href":"https:\/\/www.gremi-obres.org\/formacio\/es\/wp-json\/wp\/v2\/users\/1"}],"replies":[{"embeddable":true,"href":"https:\/\/www.gremi-obres.org\/formacio\/es\/wp-json\/wp\/v2\/comments?post=4113"}],"version-history":[{"count":102,"href":"https:\/\/www.gremi-obres.org\/formacio\/es\/wp-json\/wp\/v2\/pages\/4113\/revisions"}],"predecessor-version":[{"id":24748,"href":"https:\/\/www.gremi-obres.org\/formacio\/es\/wp-json\/wp\/v2\/pages\/4113\/revisions\/24748"}],"up":[{"embeddable":true,"href":"https:\/\/www.gremi-obres.org\/formacio\/es\/wp-json\/wp\/v2\/pages\/917"}],"wp:featuredmedia":[{"embeddable":true,"href":"https:\/\/www.gremi-obres.org\/formacio\/es\/wp-json\/wp\/v2\/media\/11539"}],"wp:attachment":[{"href":"https:\/\/www.gremi-obres.org\/formacio\/es\/wp-json\/wp\/v2\/media?parent=4113"}],"curies":[{"name":"wp","href":"https:\/\/api.w.org\/{rel}","templated":true}]}}