{"id":16583,"date":"2022-02-22T08:23:28","date_gmt":"2022-02-22T08:23:28","guid":{"rendered":"https:\/\/www.gremi-obres.org\/formacio\/?page_id=16583"},"modified":"2022-03-03T12:14:48","modified_gmt":"2022-03-03T12:14:48","slug":"curs-subvencionat-de-presto-avancat-preu-de-cost-estimat-comparatius-i-contractacions-i-planificacio","status":"publish","type":"page","link":"https:\/\/www.gremi-obres.org\/formacio\/es\/curs-subvencionat-de-presto-avancat-preu-de-cost-estimat-comparatius-i-contractacions-i-planificacio\/","title":{"rendered":"Curs subvencionat de Presto Avan\u00e7at: Preu de cost estimat, comparatius i contractacions i planificaci\u00f3"},"content":{"rendered":"<div class=\"wpb-content-wrapper\"><p>[vc_row row_type=\u00bbrow\u00bb use_row_as_full_screen_section=\u00bbno\u00bb type=\u00bbgrid\u00bb angled_section=\u00bbno\u00bb text_align=\u00bbleft\u00bb background_image_as_pattern=\u00bbwithout_pattern\u00bb padding_top=\u00bb60&#8243; css_animation=\u00bb\u00bb][vc_column width=\u00bb1\/3&#8243;][vc_column_text]<\/p>\n<h4>Objectius<\/h4>\n<p>[\/vc_column_text][vc_separator type=\u00bbsmall\u00bb position=\u00bbleft\u00bb color=\u00bb#f29760&#8243; thickness=\u00bb1&#8243; width=\u00bb86&#8243;][vc_column_text]<\/p>\n<p>Aprendre amb l\u2019\u00faltima versi\u00f3 de Presto els seg\u00fcents conceptes:<\/p>\n<ul>\n<li>Pressupost de cost estimat (objectiu) i de venda (pressupost).<\/li>\n<li>Planificaci\u00f3 econ\u00f2mica i temporal del projecte.<\/li>\n<li>Gesti\u00f3 de Compres i Subcontractacions.<\/li>\n<\/ul>\n<p>La llic\u00e8ncia educativa utilitzada per aquest curs ser\u00e0 la de <strong>PRESTO 2021.<\/strong><\/p>\n<p>[\/vc_column_text][vc_separator type=\u00bbtransparent\u00bb thickness=\u00bb7&#8243;][vc_column_text]<\/p>\n<h2>Curs subvencionat de Presto Avan\u00e7at: preu de cost estimat, comparatius i contractacions i planificaci\u00f3<\/h2>\n<p>[\/vc_column_text][vc_separator type=\u00bbsmall\u00bb position=\u00bbleft\u00bb color=\u00bb#f29760&#8243; thickness=\u00bb1&#8243; width=\u00bb86&#8243;][vc_column_text]CONTINGUTS<\/p>\n<p>M\u00d2DUL 1: PRESSUPOST PREU COST ESTIMAT I VENDA<br \/>\n1.1 Creaci\u00f3 de pressupost objectiu i preu de pressupost.<br \/>\n1.2 Treball del pressupost objectiu independent al pressupost.<br \/>\n1.3 Comparaci\u00f3 de pressupost i objectiu.<br \/>\n1.4 Preparar el pressupost per a entregar a client (sense dades d&#8217;objectiu ni d&#8217;altres).<br \/>\n1.5 Impressi\u00f3 de la informaci\u00f3.<\/p>\n<p>M\u00d2DUL 2: PLANIFICACI\u00d3 TEMPORAL DEL PROJECTE<br \/>\n2.1 Pas de pressupost o objectiu a planificaci\u00f3 temporal. Planit (metodologia BIM).<br \/>\n2.2 Organitzaci\u00f3 de tasques i activitats.<br \/>\n2.3 Lligams, preced\u00e8ncies i folgances.<br \/>\n2.4 Assignaci\u00f3 de recursos.<br \/>\n2.5 Visualitzaci\u00f3 dels resultats de planificaci\u00f3 temporal.<br \/>\n2.6 Comunicaci\u00f3 amb Microsoft Project.<br \/>\n2.7 Informes de planificaci\u00f3 temporal.<\/p>\n<p>M\u00d2DUL 3: PLANIFICACI\u00d3 ECON\u00d2MICA I FINANCERA<br \/>\n3.1 Planificaci\u00f3 de les quantitats objectives per fases.<br \/>\n3.2 Planificaci\u00f3 des de la informaci\u00f3 del diagrama de barres.<br \/>\n3.3 Planificaci\u00f3 amb informaci\u00f3 de les certificacions.<br \/>\n3.4 Visualitzaci\u00f3 dels informes.<\/p>\n<p>M\u00d2DUL 4:\u00a0 CONTRACTACI\u00d3 I COMANDES<br \/>\n4.1 Definici\u00f3 dels conceptes subcontractats i\/o comprats per a crear les llistes de la compra.<br \/>\n4.2 Atribuci\u00f3 de grups o lots de compra per a la sol\u2022licitud de preus.<br \/>\n4.3 Enviament de sol\u2022licitud de preus\/contractaci\u00f3 a prove\u00efdors\/subcontractes.<br \/>\n4.4 Comparatiu de preus.<br \/>\n4.5 Realitzaci\u00f3 del contracte i \/ o de la comanda.<br \/>\n4.6 Visualitzaci\u00f3 i adaptaci\u00f3 dels informes.<\/p>\n<p>M\u00d2DUL 5: COMPARAR OFERTES<br \/>\n5.1 Enviar oferta a subcontractes generals.<br \/>\n5.2 Introducci\u00f3 de les ofertes rebudes.<br \/>\n5.3 Comparaci\u00f3 de les ofertes.<\/p>\n<p>M\u00d2DUL 6: ALTRES M\u00c8TODES DE SOL\u00b7LICITAR PREUS<br \/>\n6.1 Treball dels amidaments per espais per a dividir l&#8217;obra per industrials.<\/p>\n<p>[\/vc_column_text][vc_separator type=\u00bbtransparent\u00bb thickness=\u00bb7&#8243;][\/vc_column][vc_column width=\u00bb1\/3&#8243;][vc_column_text css=\u00bb.vc_custom_1629185611789{padding-left: 8% !important;}\u00bb]<strong>RIB Spain cedeix llic\u00e8ncies de formaci\u00f3 als alumnes durant la formaci\u00f3 m\u00e9s un mes addicional<\/strong>[\/vc_column_text][vc_single_image image=\u00bb10320&#8243; img_size=\u00bbfull\u00bb qode_css_animation=\u00bb\u00bb css=\u00bb.vc_custom_1629185632104{padding-left: 8% !important;}\u00bb][vc_separator type=\u00bbtransparent\u00bb thickness=\u00bb2&#8243;]<div id=\"mpc_connected_icons-9569f4716b1eff0\" class=\"mpc-connected-icons mpc-init mpc-transition \"  data-ci-cols=\"4\" data-target=\"icon\" data-layout=\"vertical\"><div class=\"mpc-connected-icons__line\"><span><\/span><\/div><div data-id=\"mpc_icon_column-5069f4716b1f104\" class=\"mpc-icon-column mpc-init mpc-parent-hover mpc-transition mpc-icon-column--style_3 mpc-align--left \" ><div data-id=\"mpc_icon-6969f4716b1f13d\" class=\"mpc-icon mpc-init mpc-transition mpc-effect-none mpc-icon-hover \"><div class=\"mpc-icon-wrap\"><i class=\"mpc-icon-part mpc-regular mpc-transition  fa fa-file-text-o\"><\/i><i class=\"mpc-icon-part mpc-hover mpc-transition  fa fa-file-text-o\"><\/i><\/div><\/div><div class=\"mpc-icon-column__content-wrap\"><div class=\"mpc-icon-column__content\"><h3 class=\"mpc-icon-column__heading mpc-transition\">Tipus de Curs<\/h3><div class=\"mpc-icon-column__description mpc-transition\"><h5><strong>Formaci\u00f3 Subvencionada.\u00a0<\/strong><\/h5>\n<p><strong>Qui pot apuntar-se a aquest curs subvencionat (sense cost econ\u00f2mic)?<\/strong><\/p>\n<p>Qualsevol persona resident a Catalunya que estigui en actiu (treballador\/a o en situaci\u00f3 d&#8217;atur). Excepte persones que treballin en l&#8217;Administraci\u00f3 P\u00fablica.<\/p>\n<hr \/>\n<h4><span style=\"color: #008080;\">Modalitat\u00a0 Presencial<\/span><\/h4>\n<hr \/>\n<p>Curs subvencionat per:<\/p>\n<p><a href=\"https:\/\/conforcat.gencat.cat\/ca\/inici\" target=\"_blank\" rel=\"noopener\"><img loading=\"lazy\" decoding=\"async\" class=\"alignnone size-medium wp-image-11318\" src=\"https:\/\/www.gremi-obres.org\/formacio\/wp-content\/uploads\/2021\/07\/Consorci-300x47.png\" alt=\"\" width=\"300\" height=\"47\" \/><\/a><\/p>\n<p><a href=\"https:\/\/www.sepe.es\/\" target=\"_blank\" rel=\"noopener\"><img loading=\"lazy\" decoding=\"async\" class=\"alignnone size-medium wp-image-7437\" src=\"https:\/\/www.gremi-obres.org\/formacio\/wp-content\/uploads\/2020\/02\/MTESSEPE_H_COLOR_CAT-002-1-300x87.jpg\" alt=\"\" width=\"300\" height=\"87\" \/><\/a><\/p>\n<p>Aquest curs forma part dels programes de formaci\u00f3 professional per a l\u2019ocupaci\u00f3, subvencionats pel Consorci per a la Formaci\u00f3 Cont\u00ednua de Catalunya.<\/p>\n<\/div><\/div><\/div><\/div><div data-id=\"mpc_icon_column-4169f4716b1f22c\" class=\"mpc-icon-column mpc-init mpc-parent-hover mpc-transition mpc-icon-column--style_3 mpc-align--left \" ><div data-id=\"mpc_icon-7769f4716b1f24e\" class=\"mpc-icon mpc-init mpc-transition mpc-effect-none mpc-icon-hover \"><div class=\"mpc-icon-wrap\"><i class=\"mpc-icon-part mpc-regular mpc-transition  fa fa-chrome\"><\/i><i class=\"mpc-icon-part mpc-hover mpc-transition  fa fa-chrome\"><\/i><\/div><\/div><div class=\"mpc-icon-column__content-wrap\"><div class=\"mpc-icon-column__content\"><h3 class=\"mpc-icon-column__heading mpc-transition\">\u00c1rea<\/h3><div class=\"mpc-icon-column__description mpc-transition\"><p>Software de Construcci\u00f3.<\/p>\n<\/div><\/div><\/div><\/div><div data-id=\"mpc_icon_column-1269f4716b1f2e1\" class=\"mpc-icon-column mpc-init mpc-parent-hover mpc-transition mpc-icon-column--style_3 mpc-align--left \" ><div data-id=\"mpc_icon-1769f4716b1f2fe\" class=\"mpc-icon mpc-init mpc-transition mpc-effect-none mpc-icon-hover \"><div class=\"mpc-icon-wrap\"><i class=\"mpc-icon-part mpc-regular mpc-transition  mi mi-access_alarm\"><\/i><i class=\"mpc-icon-part mpc-hover mpc-transition  mi mi-access_alarm\"><\/i><\/div><\/div><div class=\"mpc-icon-column__content-wrap\"><div class=\"mpc-icon-column__content\"><h3 class=\"mpc-icon-column__heading mpc-transition\">DURACI\u00d3<\/h3><div class=\"mpc-icon-column__description mpc-transition\"><p>Aquest curs t\u00e9 una durada de <strong>30\u00a0hores<\/strong><\/p>\n<\/div><\/div><\/div><\/div><div data-id=\"mpc_icon_column-9069f4716b1f392\" class=\"mpc-icon-column mpc-init mpc-parent-hover mpc-transition mpc-icon-column--style_3 mpc-align--left \" ><div data-id=\"mpc_icon-9869f4716b1f3c5\" class=\"mpc-icon mpc-init mpc-transition mpc-effect-none mpc-icon-hover \"><div class=\"mpc-icon-wrap\"><i class=\"mpc-icon-part mpc-regular mpc-transition  fa fa-calendar\"><\/i><i class=\"mpc-icon-part mpc-hover mpc-transition  fa fa-calendar\"><\/i><\/div><\/div><div class=\"mpc-icon-column__content-wrap\"><div class=\"mpc-icon-column__content\"><h3 class=\"mpc-icon-column__heading mpc-transition\">Data<\/h3><div class=\"mpc-icon-column__description mpc-transition\"><p><strong>19\/04\/2022<\/strong> a 13\/05\/2022, dimarts de 17:15 a 21 h i divendres de 16 a 19:45 h<\/p>\n<p>*El dia 15\/04 no hi haur\u00e0 classe coincidint amb les vacances de Setmana Santa.<\/p>\n<\/div><\/div><\/div><\/div><div data-id=\"mpc_icon_column-8269f4716b1f497\" class=\"mpc-icon-column mpc-init mpc-parent-hover mpc-transition mpc-icon-column--style_3 mpc-align--left \" ><div data-id=\"mpc_icon-1669f4716b1f4b9\" class=\"mpc-icon mpc-init mpc-transition mpc-effect-none mpc-icon-hover \"><div class=\"mpc-icon-wrap\"><i class=\"mpc-icon-part mpc-regular mpc-transition  fa fa-map-marker\"><\/i><i class=\"mpc-icon-part mpc-hover mpc-transition  fa fa-map-marker\"><\/i><\/div><\/div><div class=\"mpc-icon-column__content-wrap\"><div class=\"mpc-icon-column__content\"><h3 class=\"mpc-icon-column__heading mpc-transition\">Lloc<\/h3><div class=\"mpc-icon-column__description mpc-transition\"><p><strong>GREMI BARCELONA:<br \/>\n<\/strong>Gremi de Constructors d\u2019Obres de Barcelona i Comarques, Gran Via de les Corts Catalanes, 663 \u2013 08010 Barcelona.<\/p>\n<\/div><\/div><\/div><\/div><div data-id=\"mpc_icon_column-3869f4716b1f566\" class=\"mpc-icon-column mpc-init mpc-parent-hover mpc-transition mpc-icon-column--style_3 mpc-align--left \" ><div data-id=\"mpc_icon-5569f4716b1f588\" class=\"mpc-icon mpc-init mpc-transition mpc-effect-none mpc-icon-hover \"><div class=\"mpc-icon-wrap\"><i class=\"mpc-icon-part mpc-regular mpc-transition  fa fa-group\"><\/i><i class=\"mpc-icon-part mpc-hover mpc-transition  fa fa-group\"><\/i><\/div><\/div><div class=\"mpc-icon-column__content-wrap\"><div class=\"mpc-icon-column__content\"><h3 class=\"mpc-icon-column__heading mpc-transition\">Modalitat<\/h3><div class=\"mpc-icon-column__description mpc-transition\"><p>Modalidad Presencial amb formador<\/p>\n<\/div><\/div><\/div><\/div><div data-id=\"mpc_icon_column-6469f4716b1f612\" class=\"mpc-icon-column mpc-init mpc-parent-hover mpc-transition mpc-icon-column--style_3 mpc-align--left \" ><div data-id=\"mpc_icon-8469f4716b1f62e\" class=\"mpc-icon mpc-init mpc-transition mpc-effect-none mpc-icon-hover \"><div class=\"mpc-icon-wrap\"><i class=\"mpc-icon-part mpc-regular mpc-transition  fa fa-mortar-board\"><\/i><i class=\"mpc-icon-part mpc-hover mpc-transition  fa fa-mortar-board\"><\/i><\/div><\/div><div class=\"mpc-icon-column__content-wrap\"><div class=\"mpc-icon-column__content\"><h3 class=\"mpc-icon-column__heading mpc-transition\">FORMADOR\/A<\/h3><div class=\"mpc-icon-column__description mpc-transition\"><p class=\"p1\"><a href=\"https:\/\/es.linkedin.com\/in\/meritxell-serrat-quintana-1477a025\">Meritxell Serrat Quintana<\/a><\/p>\n<\/div><\/div><\/div><\/div><div data-id=\"mpc_icon_column-3269f4716b1f6bd\" class=\"mpc-icon-column mpc-init mpc-parent-hover mpc-transition mpc-icon-column--style_3 mpc-align--left \" ><div data-id=\"mpc_icon-4369f4716b1f6d8\" class=\"mpc-icon mpc-init mpc-transition mpc-effect-none mpc-icon-hover \"><div class=\"mpc-icon-wrap\"><i class=\"mpc-icon-part mpc-regular mpc-transition  fa fa-institution\"><\/i><i class=\"mpc-icon-part mpc-hover mpc-transition  fa fa-institution\"><\/i><\/div><\/div><div class=\"mpc-icon-column__content-wrap\"><div class=\"mpc-icon-column__content\"><h3 class=\"mpc-icon-column__heading mpc-transition\">DIPLOMA<\/h3><div class=\"mpc-icon-column__description mpc-transition\"><p>Al finalitzar el curs es lliurar\u00e0 un diploma acreditatiu d&#8217;aquesta formaci\u00f3.<\/p>\n<\/div><\/div><\/div><\/div><div data-id=\"mpc_icon_column-9069f4716b1f755\" class=\"mpc-icon-column mpc-init mpc-parent-hover mpc-transition mpc-icon-column--style_3 mpc-align--left \" ><div data-id=\"mpc_icon-10069f4716b1f76d\" class=\"mpc-icon mpc-init mpc-transition mpc-effect-none mpc-icon-hover \"><div class=\"mpc-icon-wrap\"><i class=\"mpc-icon-part mpc-regular mpc-transition  fa fa-mortar-board\"><\/i><i class=\"mpc-icon-part mpc-hover mpc-transition  fa fa-mortar-board\"><\/i><\/div><\/div><div class=\"mpc-icon-column__content-wrap\"><div class=\"mpc-icon-column__content\"><h3 class=\"mpc-icon-column__heading mpc-transition\">APPLUS ISO 9001<\/h3><div class=\"mpc-icon-column__description mpc-transition\"><p>Estem certificats\u00a0en Qualitat, segons la norma UNE-ISO 9001, per l&#8217;entitat Applus, amb la voluntat d&#8217;oferir un servei de m\u00e0xima qualitat formativa.<\/p>\n<\/div><\/div><\/div><\/div><\/div>[vc_separator type=\u00bbtransparent\u00bb thickness=\u00bb30&#8243;][vc_row_inner row_type=\u00bbrow\u00bb type=\u00bbfull_width\u00bb text_align=\u00bbcenter\u00bb background_color=\u00bb#5c8953&#8243; css_animation=\u00bb\u00bb css=\u00bb.vc_custom_1473763518291{padding-top: 30px !important;padding-bottom: 30px !important;}\u00bb][vc_column_inner][vc_column_text]<\/p>\n<h4 style=\"text-align: center;\"><span style=\"color: #ffffff;\"><strong>Alguna consulta?<\/strong><\/span><\/h4>\n<p style=\"text-align: center;\"><strong><span style=\"color: #ffffff;\">Si tens alg\u00fan dubte o consulta relacionada amb aquest curs no dubtis em posar-te en contacte amb nosaltres!<\/span><\/strong><\/p>\n<p>[\/vc_column_text][vc_separator type=\u00bbtransparent\u00bb thickness=\u00bb20&#8243;]<a  itemprop=\"url\" href=\"https:\/\/www.gremi-obres.org\/formacio\/informacio-cursos-gremi-obres\/\" target=\"_blank\" data-hover-background-color=\"#bfbfbf\" data-hover-border-color=\"#bfbfbf\" data-hover-color=\"#333333\" class=\"qbutton  medium center default\" style=\"color: #f3f3f3; border-color: #df5461; font-weight: 700; border-radius: 0px;-moz-border-radius: 0px;-webkit-border-radius: 0px; background-color:#df5461;\">SOL.LICITA INFORMACI\u00d3<\/a>[\/vc_column_inner][\/vc_row_inner][vc_separator type=\u00bbtransparent\u00bb thickness=\u00bb20&#8243;][\/vc_column][vc_column width=\u00bb1\/3&#8243;][vc_row_inner row_type=\u00bbrow\u00bb type=\u00bbfull_width\u00bb text_align=\u00bbleft\u00bb css_animation=\u00bb\u00bb css=\u00bb.vc_custom_1629185935101{margin-right: 30px !important;margin-left: 30px !important;border-top-width: 4px !important;border-right-width: 4px !important;border-bottom-width: 4px !important;border-left-width: 4px !important;padding-right: 15px !important;padding-left: 15px !important;background: #f2b705 url(https:\/\/www.gremi-obres.org\/formacio\/wp-content\/uploads\/2021\/07\/blanco.png?id=11288) !important;border-left-color: #f2b705 !important;border-left-style: solid !important;border-right-color: #f2b705 !important;border-right-style: solid !important;border-top-color: #f2b705 !important;border-top-style: solid !important;border-bottom-color: #f2b705 !important;border-bottom-style: solid !important;}\u00bb][vc_column_inner enable_sticky=\u00bbtrue\u00bb sticky_offset=\u00bb100&#8243;][vc_separator type=\u00bbtransparent\u00bb thickness=\u00bb10&#8243;][vc_column_text]<\/p>\n<h4 style=\"text-align: center;\">Places disponibles.<br \/>\nInscripci\u00f3<\/h4>\n<p style=\"text-align: center;\"><iframe loading=\"lazy\" src=\"https:\/\/docs.google.com\/forms\/d\/e\/1FAIpQLSegFjah8kT6BiTaYOsVPCj-TKiBiScK3RGGqLk5ieVL_8aS_w\/viewform?embedded=true\" width=\"100%\" height=\"1240\" frameborder=\"0\" marginwidth=\"0\" marginheight=\"0\">S&#8217;est\u00e0 carregant\u2026<\/iframe><\/p>\n<p>[\/vc_column_text][vc_separator type=\u00bbtransparent\u00bb thickness=\u00bb1&#8243; up=\u00bb1&#8243; down=\u00bb15&#8243;][vc_column_text]<\/p>\n<h4 style=\"text-align: center;\">Un cop inscrit&#8230;<\/h4>\n<hr \/>\n<p><strong>1) Ens posarem en contacte amb tu per fer-te arribar el Full d&#8217;Inscripci\u00f3.<\/strong><\/p>\n<hr \/>\n<p><strong>2) Ens hauries d&#8217;enviar omplert el Full d&#8217;Inscripci\u00f3 que t&#8217;enviarem a <a href=\"mailto:formacio@gremi-obres.org\">formacio@gremi-obres.org <\/a>juntament amb:<\/strong><\/p>\n<p>-Una fotoc\u00f2pia del DNI en vigor.<br \/>\n-\u00daltima n\u00f2mina o \u00faltim rebut d\u2019aut\u00f2nom o document DARDO (si est\u00e0s en situaci\u00f3 d&#8217;atur).<\/p>\n<hr \/>\n<p>Per qualsevol dubte contacteu amb nosaltres al 932 6594 30 o enviant un mail a <a href=\"mailto:formacio@gremi-obres.org\">formacio@gremi-obres.org<\/a>.<\/p>\n<p>[\/vc_column_text][vc_separator type=\u00bbtransparent\u00bb thickness=\u00bb20&#8243;][vc_column_text]<\/p>\n<h6 style=\"text-align: left;\"><span style=\"font-weight: 400;\">Les dades obligat\u00f2ries s\u00f3n imprescindibles per a tramitar la sol\u00b7licitud. La resta de dades es sol\u00b7liciten per oferir un millor servei i comunicaci\u00f3. El sol\u00b7licitant autoritza la incorporaci\u00f3 de totes les dades esmentades a un arxiu titularitat del Gremi de Constructors d\u2019Obres de Barcelona i Comarques, amb domicili a Barcelona, Gran Via de les Corts Catalanes, n\u00fam. 663, que t\u00e9 com a finalitat tramitar la sol\u00b7licitud. Aix\u00ed mateix, autoritza que se li envi\u00ef informaci\u00f3 i ofertes comercials per correu electr\u00f2nic o algun altre mitj\u00e0 de comunicaci\u00f3 electr\u00f2nica equivalent. El sol\u00b7licitant disposa dels drets d\u2019acc\u00e9s, rectificaci\u00f3 i cancel\u00b7laci\u00f3 d\u2019aquestes dades, aix\u00ed com a oposar-se al seu tractament mitjan\u00e7ant escrit a l&#8217;adre\u00e7a anteriorment indicada amb la refer\u00e8ncia Protecci\u00f3 de Dades.<\/span><\/h6>\n<p>[\/vc_column_text][vc_separator type=\u00bbtransparent\u00bb thickness=\u00bb20&#8243;][\/vc_column_inner][\/vc_row_inner][vc_separator type=\u00bbtransparent\u00bb thickness=\u00bb25&#8243;][\/vc_column][\/vc_row][vc_row row_type=\u00bbrow\u00bb use_row_as_full_screen_section=\u00bbno\u00bb type=\u00bbfull_width\u00bb angled_section=\u00bbno\u00bb text_align=\u00bbleft\u00bb background_image_as_pattern=\u00bbwithout_pattern\u00bb css_animation=\u00bb\u00bb][vc_column][vc_separator type=\u00bbtransparent\u00bb thickness=\u00bb55&#8243;][\/vc_column][\/vc_row]<\/p>\n<\/div>","protected":false},"excerpt":{"rendered":"<p>[vc_row row_type=\u00bbrow\u00bb use_row_as_full_screen_section=\u00bbno\u00bb type=\u00bbgrid\u00bb angled_section=\u00bbno\u00bb text_align=\u00bbleft\u00bb background_image_as_pattern=\u00bbwithout_pattern\u00bb padding_top=\u00bb60&#8243; css_animation=\u00bb\u00bb][vc_column width=\u00bb1\/3&#8243;][vc_column_text] Objectius [\/vc_column_text][vc_separator type=\u00bbsmall\u00bb position=\u00bbleft\u00bb color=\u00bb#f29760&#8243; thickness=\u00bb1&#8243; width=\u00bb86&#8243;][vc_column_text] Aprendre amb l\u2019\u00faltima versi\u00f3 de Presto els seg\u00fcents conceptes: Pressupost de cost estimat (objectiu) i de venda (pressupost). Planificaci\u00f3 econ\u00f2mica i temporal del projecte. Gesti\u00f3 de Compres i<\/p>\n","protected":false},"author":1,"featured_media":0,"parent":0,"menu_order":0,"comment_status":"closed","ping_status":"closed","template":"","meta":{"footnotes":""},"class_list":["post-16583","page","type-page","status-publish","hentry"],"yoast_head":"<!-- This site is optimized with the Yoast SEO plugin v25.3 - https:\/\/yoast.com\/wordpress\/plugins\/seo\/ -->\n<title>Curs subvencionat de Presto Avan\u00e7at: Preu de cost estimat, comparatius i contractacions i planificaci\u00f3 - Gremi de Constructors d&#039;Obres<\/title>\n<meta name=\"robots\" content=\"index, follow, max-snippet:-1, max-image-preview:large, max-video-preview:-1\" \/>\n<link rel=\"canonical\" href=\"https:\/\/www.gremi-obres.org\/formacio\/es\/curs-subvencionat-de-presto-avancat-preu-de-cost-estimat-comparatius-i-contractacions-i-planificacio\/\" \/>\n<meta property=\"og:locale\" content=\"es_ES\" \/>\n<meta property=\"og:type\" content=\"article\" \/>\n<meta property=\"og:title\" content=\"Curs subvencionat de Presto Avan\u00e7at: Preu de cost estimat, comparatius i contractacions i planificaci\u00f3 - Gremi de Constructors d&#039;Obres\" \/>\n<meta property=\"og:description\" content=\"[vc_row row_type=\u00bbrow\u00bb use_row_as_full_screen_section=\u00bbno\u00bb type=\u00bbgrid\u00bb angled_section=\u00bbno\u00bb text_align=\u00bbleft\u00bb background_image_as_pattern=\u00bbwithout_pattern\u00bb padding_top=\u00bb60&#8243; css_animation=\u00bb\u00bb][vc_column width=\u00bb1\/3&#8243;][vc_column_text] Objectius [\/vc_column_text][vc_separator type=\u00bbsmall\u00bb position=\u00bbleft\u00bb color=\u00bb#f29760&#8243; thickness=\u00bb1&#8243; width=\u00bb86&#8243;][vc_column_text] Aprendre amb l\u2019\u00faltima versi\u00f3 de Presto els seg\u00fcents conceptes: Pressupost de cost estimat (objectiu) i de venda (pressupost). Planificaci\u00f3 econ\u00f2mica i temporal del projecte. Gesti\u00f3 de Compres i\" \/>\n<meta property=\"og:url\" content=\"https:\/\/www.gremi-obres.org\/formacio\/es\/curs-subvencionat-de-presto-avancat-preu-de-cost-estimat-comparatius-i-contractacions-i-planificacio\/\" \/>\n<meta property=\"og:site_name\" content=\"Gremi de Constructors d&#039;Obres\" \/>\n<meta property=\"article:modified_time\" content=\"2022-03-03T12:14:48+00:00\" \/>\n<meta property=\"og:image\" content=\"https:\/\/www.gremi-obres.org\/formacio\/wp-content\/uploads\/2021\/07\/Consorci-300x47.png\" \/>\n<meta name=\"twitter:card\" content=\"summary_large_image\" \/>\n<meta name=\"twitter:label1\" content=\"Tiempo de lectura\" \/>\n\t<meta name=\"twitter:data1\" content=\"7 minutos\" \/>\n<script type=\"application\/ld+json\" class=\"yoast-schema-graph\">{\"@context\":\"https:\/\/schema.org\",\"@graph\":[{\"@type\":\"WebPage\",\"@id\":\"https:\/\/www.gremi-obres.org\/formacio\/es\/curs-subvencionat-de-presto-avancat-preu-de-cost-estimat-comparatius-i-contractacions-i-planificacio\/\",\"url\":\"https:\/\/www.gremi-obres.org\/formacio\/es\/curs-subvencionat-de-presto-avancat-preu-de-cost-estimat-comparatius-i-contractacions-i-planificacio\/\",\"name\":\"Curs subvencionat de Presto Avan\u00e7at: Preu de cost estimat, comparatius i contractacions i planificaci\u00f3 - Gremi de Constructors d&#039;Obres\",\"isPartOf\":{\"@id\":\"https:\/\/www.gremi-obres.org\/formacio\/#website\"},\"primaryImageOfPage\":{\"@id\":\"https:\/\/www.gremi-obres.org\/formacio\/es\/curs-subvencionat-de-presto-avancat-preu-de-cost-estimat-comparatius-i-contractacions-i-planificacio\/#primaryimage\"},\"image\":{\"@id\":\"https:\/\/www.gremi-obres.org\/formacio\/es\/curs-subvencionat-de-presto-avancat-preu-de-cost-estimat-comparatius-i-contractacions-i-planificacio\/#primaryimage\"},\"thumbnailUrl\":\"https:\/\/www.gremi-obres.org\/formacio\/wp-content\/uploads\/2021\/07\/Consorci-300x47.png\",\"datePublished\":\"2022-02-22T08:23:28+00:00\",\"dateModified\":\"2022-03-03T12:14:48+00:00\",\"breadcrumb\":{\"@id\":\"https:\/\/www.gremi-obres.org\/formacio\/es\/curs-subvencionat-de-presto-avancat-preu-de-cost-estimat-comparatius-i-contractacions-i-planificacio\/#breadcrumb\"},\"inLanguage\":\"es\",\"potentialAction\":[{\"@type\":\"ReadAction\",\"target\":[\"https:\/\/www.gremi-obres.org\/formacio\/es\/curs-subvencionat-de-presto-avancat-preu-de-cost-estimat-comparatius-i-contractacions-i-planificacio\/\"]}]},{\"@type\":\"ImageObject\",\"inLanguage\":\"es\",\"@id\":\"https:\/\/www.gremi-obres.org\/formacio\/es\/curs-subvencionat-de-presto-avancat-preu-de-cost-estimat-comparatius-i-contractacions-i-planificacio\/#primaryimage\",\"url\":\"https:\/\/www.gremi-obres.org\/formacio\/wp-content\/uploads\/2021\/07\/Consorci-300x47.png\",\"contentUrl\":\"https:\/\/www.gremi-obres.org\/formacio\/wp-content\/uploads\/2021\/07\/Consorci-300x47.png\"},{\"@type\":\"BreadcrumbList\",\"@id\":\"https:\/\/www.gremi-obres.org\/formacio\/es\/curs-subvencionat-de-presto-avancat-preu-de-cost-estimat-comparatius-i-contractacions-i-planificacio\/#breadcrumb\",\"itemListElement\":[{\"@type\":\"ListItem\",\"position\":1,\"name\":\"Inici\",\"item\":\"https:\/\/www.gremi-obres.org\/formacio\/es\/\"},{\"@type\":\"ListItem\",\"position\":2,\"name\":\"Curs subvencionat de Presto Avan\u00e7at: Preu de cost estimat, comparatius i contractacions i planificaci\u00f3\"}]},{\"@type\":\"WebSite\",\"@id\":\"https:\/\/www.gremi-obres.org\/formacio\/#website\",\"url\":\"https:\/\/www.gremi-obres.org\/formacio\/\",\"name\":\"Gremi de Constructors d&#039;Obres\",\"description\":\"Formaci\u00f3 del Gremi de Constructors d&#039;Obres.\",\"potentialAction\":[{\"@type\":\"SearchAction\",\"target\":{\"@type\":\"EntryPoint\",\"urlTemplate\":\"https:\/\/www.gremi-obres.org\/formacio\/?s={search_term_string}\"},\"query-input\":{\"@type\":\"PropertyValueSpecification\",\"valueRequired\":true,\"valueName\":\"search_term_string\"}}],\"inLanguage\":\"es\"}]}<\/script>\n<!-- \/ Yoast SEO plugin. -->","yoast_head_json":{"title":"Curs subvencionat de Presto Avan\u00e7at: Preu de cost estimat, comparatius i contractacions i planificaci\u00f3 - Gremi de Constructors d&#039;Obres","robots":{"index":"index","follow":"follow","max-snippet":"max-snippet:-1","max-image-preview":"max-image-preview:large","max-video-preview":"max-video-preview:-1"},"canonical":"https:\/\/www.gremi-obres.org\/formacio\/es\/curs-subvencionat-de-presto-avancat-preu-de-cost-estimat-comparatius-i-contractacions-i-planificacio\/","og_locale":"es_ES","og_type":"article","og_title":"Curs subvencionat de Presto Avan\u00e7at: Preu de cost estimat, comparatius i contractacions i planificaci\u00f3 - Gremi de Constructors d&#039;Obres","og_description":"[vc_row row_type=\u00bbrow\u00bb use_row_as_full_screen_section=\u00bbno\u00bb type=\u00bbgrid\u00bb angled_section=\u00bbno\u00bb text_align=\u00bbleft\u00bb background_image_as_pattern=\u00bbwithout_pattern\u00bb padding_top=\u00bb60&#8243; css_animation=\u00bb\u00bb][vc_column width=\u00bb1\/3&#8243;][vc_column_text] Objectius [\/vc_column_text][vc_separator type=\u00bbsmall\u00bb position=\u00bbleft\u00bb color=\u00bb#f29760&#8243; thickness=\u00bb1&#8243; width=\u00bb86&#8243;][vc_column_text] Aprendre amb l\u2019\u00faltima versi\u00f3 de Presto els seg\u00fcents conceptes: Pressupost de cost estimat (objectiu) i de venda (pressupost). Planificaci\u00f3 econ\u00f2mica i temporal del projecte. Gesti\u00f3 de Compres i","og_url":"https:\/\/www.gremi-obres.org\/formacio\/es\/curs-subvencionat-de-presto-avancat-preu-de-cost-estimat-comparatius-i-contractacions-i-planificacio\/","og_site_name":"Gremi de Constructors d&#039;Obres","article_modified_time":"2022-03-03T12:14:48+00:00","og_image":[{"url":"https:\/\/www.gremi-obres.org\/formacio\/wp-content\/uploads\/2021\/07\/Consorci-300x47.png","type":"","width":"","height":""}],"twitter_card":"summary_large_image","twitter_misc":{"Tiempo de lectura":"7 minutos"},"schema":{"@context":"https:\/\/schema.org","@graph":[{"@type":"WebPage","@id":"https:\/\/www.gremi-obres.org\/formacio\/es\/curs-subvencionat-de-presto-avancat-preu-de-cost-estimat-comparatius-i-contractacions-i-planificacio\/","url":"https:\/\/www.gremi-obres.org\/formacio\/es\/curs-subvencionat-de-presto-avancat-preu-de-cost-estimat-comparatius-i-contractacions-i-planificacio\/","name":"Curs subvencionat de Presto Avan\u00e7at: Preu de cost estimat, comparatius i contractacions i planificaci\u00f3 - Gremi de Constructors d&#039;Obres","isPartOf":{"@id":"https:\/\/www.gremi-obres.org\/formacio\/#website"},"primaryImageOfPage":{"@id":"https:\/\/www.gremi-obres.org\/formacio\/es\/curs-subvencionat-de-presto-avancat-preu-de-cost-estimat-comparatius-i-contractacions-i-planificacio\/#primaryimage"},"image":{"@id":"https:\/\/www.gremi-obres.org\/formacio\/es\/curs-subvencionat-de-presto-avancat-preu-de-cost-estimat-comparatius-i-contractacions-i-planificacio\/#primaryimage"},"thumbnailUrl":"https:\/\/www.gremi-obres.org\/formacio\/wp-content\/uploads\/2021\/07\/Consorci-300x47.png","datePublished":"2022-02-22T08:23:28+00:00","dateModified":"2022-03-03T12:14:48+00:00","breadcrumb":{"@id":"https:\/\/www.gremi-obres.org\/formacio\/es\/curs-subvencionat-de-presto-avancat-preu-de-cost-estimat-comparatius-i-contractacions-i-planificacio\/#breadcrumb"},"inLanguage":"es","potentialAction":[{"@type":"ReadAction","target":["https:\/\/www.gremi-obres.org\/formacio\/es\/curs-subvencionat-de-presto-avancat-preu-de-cost-estimat-comparatius-i-contractacions-i-planificacio\/"]}]},{"@type":"ImageObject","inLanguage":"es","@id":"https:\/\/www.gremi-obres.org\/formacio\/es\/curs-subvencionat-de-presto-avancat-preu-de-cost-estimat-comparatius-i-contractacions-i-planificacio\/#primaryimage","url":"https:\/\/www.gremi-obres.org\/formacio\/wp-content\/uploads\/2021\/07\/Consorci-300x47.png","contentUrl":"https:\/\/www.gremi-obres.org\/formacio\/wp-content\/uploads\/2021\/07\/Consorci-300x47.png"},{"@type":"BreadcrumbList","@id":"https:\/\/www.gremi-obres.org\/formacio\/es\/curs-subvencionat-de-presto-avancat-preu-de-cost-estimat-comparatius-i-contractacions-i-planificacio\/#breadcrumb","itemListElement":[{"@type":"ListItem","position":1,"name":"Inici","item":"https:\/\/www.gremi-obres.org\/formacio\/es\/"},{"@type":"ListItem","position":2,"name":"Curs subvencionat de Presto Avan\u00e7at: Preu de cost estimat, comparatius i contractacions i planificaci\u00f3"}]},{"@type":"WebSite","@id":"https:\/\/www.gremi-obres.org\/formacio\/#website","url":"https:\/\/www.gremi-obres.org\/formacio\/","name":"Gremi de Constructors d&#039;Obres","description":"Formaci\u00f3 del Gremi de Constructors d&#039;Obres.","potentialAction":[{"@type":"SearchAction","target":{"@type":"EntryPoint","urlTemplate":"https:\/\/www.gremi-obres.org\/formacio\/?s={search_term_string}"},"query-input":{"@type":"PropertyValueSpecification","valueRequired":true,"valueName":"search_term_string"}}],"inLanguage":"es"}]}},"_links":{"self":[{"href":"https:\/\/www.gremi-obres.org\/formacio\/es\/wp-json\/wp\/v2\/pages\/16583","targetHints":{"allow":["GET"]}}],"collection":[{"href":"https:\/\/www.gremi-obres.org\/formacio\/es\/wp-json\/wp\/v2\/pages"}],"about":[{"href":"https:\/\/www.gremi-obres.org\/formacio\/es\/wp-json\/wp\/v2\/types\/page"}],"author":[{"embeddable":true,"href":"https:\/\/www.gremi-obres.org\/formacio\/es\/wp-json\/wp\/v2\/users\/1"}],"replies":[{"embeddable":true,"href":"https:\/\/www.gremi-obres.org\/formacio\/es\/wp-json\/wp\/v2\/comments?post=16583"}],"version-history":[{"count":6,"href":"https:\/\/www.gremi-obres.org\/formacio\/es\/wp-json\/wp\/v2\/pages\/16583\/revisions"}],"predecessor-version":[{"id":16696,"href":"https:\/\/www.gremi-obres.org\/formacio\/es\/wp-json\/wp\/v2\/pages\/16583\/revisions\/16696"}],"wp:attachment":[{"href":"https:\/\/www.gremi-obres.org\/formacio\/es\/wp-json\/wp\/v2\/media?parent=16583"}],"curies":[{"name":"wp","href":"https:\/\/api.w.org\/{rel}","templated":true}]}}