{"id":1117,"date":"2016-10-18T11:56:56","date_gmt":"2016-10-18T11:56:56","guid":{"rendered":"https:\/\/www.gremi-obres.org\/formacio\/es\/?page_id=1117"},"modified":"2026-04-22T10:44:46","modified_gmt":"2026-04-22T10:44:46","slug":"curso-seguridad-atmosferas-explosivas-atex","status":"publish","type":"page","link":"https:\/\/www.gremi-obres.org\/formacio\/es\/cursos\/curso-seguridad-atmosferas-explosivas-atex\/","title":{"rendered":"Curso bonificable de Seguridad Atm\u00f3sferas Explosivas ATEX"},"content":{"rendered":"<div class=\"wpb-content-wrapper\"><p>[vc_row row_type=\u00bbrow\u00bb use_row_as_full_screen_section=\u00bbno\u00bb type=\u00bbgrid\u00bb angled_section=\u00bbno\u00bb text_align=\u00bbleft\u00bb background_image_as_pattern=\u00bbwithout_pattern\u00bb padding_top=\u00bb60&#8243; css_animation=\u00bb\u00bb][vc_column width=\u00bb1\/3&#8243;][vc_column_text]<\/p>\n<h4>Descripci\u00f3n<\/h4>\n<p>[\/vc_column_text][vc_separator type=\u00bbsmall\u00bb position=\u00bbleft\u00bb color=\u00bb#f29760&#8243; thickness=\u00bb1&#8243; width=\u00bb86&#8243;][vc_column_text]Dirigido a los profesionales que se inician en los trabajos en espacios confinados. El curso abarca todas las materias y operaciones b\u00e1sicas para llevar a cabo de forma segura las tareas con riesgo en espacios confinados. Con las clases te\u00f3ricas se pretende abordar con profundidad los puntos m\u00e1s cr\u00edticos de la seguridad en los espacios confinados, para la correcta evaluaci\u00f3n de los riesgos. Las clases pr\u00e1cticas est\u00e1n pensadas para que el alumno de una manera natural y amena aprenda las maniobras, el protocolo de entrada y los equipos de protecci\u00f3n para trabajos en espacios confinados.[\/vc_column_text][vc_separator type=\u00bbtransparent\u00bb thickness=\u00bb7&#8243;][vc_column_text]<\/p>\n<h2>Curso bonificable de Seguridad Atm\u00f3sferas Explosivas ATEX<\/h2>\n<p>[\/vc_column_text][vc_separator type=\u00bbsmall\u00bb position=\u00bbleft\u00bb color=\u00bb#f29760&#8243; thickness=\u00bb1&#8243; width=\u00bb86&#8243;][vc_column_text]<span style=\"color: #808080;\">OBJETIVOS<\/span><\/p>\n<p>Una vez finalizada la formaci\u00f3n, los alumnos adquieren las competencias:<br \/>\n-Reconocer Las zonas o espacios ATEX.<br \/>\n-Conocer Normativas ZONAS ATEX<br \/>\n&#8211; Identificar pictogramas espacios ATEX<br \/>\n&#8211; Analizar el entorno y riesgos en zonas ATEX.<\/p>\n<p><span style=\"color: #808080;\">PROGRAMA<\/span><\/p>\n<p>-Marco Reglamentario y normativo: Real Decreto 681\/2003 y Real Decreto 400\/1996.<br \/>\nProcedimientos de Conformidad y Marcado de Equipos. Mantenimiento de equipos instalados en zonas ATEX.<br \/>\nDocumento de protecci\u00f3n contra Explosivos Clasificaci\u00f3n de \u00c1reas de Riesgo en Zonas An\u00e1lisis de Escapes para Gases y Vapores.<br \/>\n-Ventilaci\u00f3n Y c\u00e1lculo de la extensi\u00f3n de zonas por gases, vapores y nieblas. -Clasificaci\u00f3n Por zonas para polvo. La certificaci\u00f3n de personas. Seguridad Laboral en el \u00c1mbito ATEX.<br \/>\n-Soluciones Espec\u00edficas para la protecci\u00f3n contra explosiones. Evaluaci\u00f3n de un equipo mec\u00e1nico seg\u00fan normativa actual.<br \/>\n-An\u00e1lisis De riesgos en funci\u00f3n del entorno de trabajo. Protocolos de actuaci\u00f3n en funci\u00f3n de la zona de afectaci\u00f3n.[\/vc_column_text][vc_separator type=\u00bbtransparent\u00bb thickness=\u00bb7&#8243;][vc_single_image image=\u00bb21265&#8243; img_size=\u00bbfull\u00bb qode_css_animation=\u00bb\u00bb][vc_separator type=\u00bbtransparent\u00bb thickness=\u00bb7&#8243;][\/vc_column][vc_column width=\u00bb1\/3&#8243;][vc_separator type=\u00bbtransparent\u00bb thickness=\u00bb2&#8243;]<div id=\"mpc_connected_icons-1269f770690fdd9\" class=\"mpc-connected-icons mpc-init mpc-transition \"  data-ci-cols=\"4\" data-target=\"icon\" data-layout=\"vertical\"><div class=\"mpc-connected-icons__line\"><span><\/span><\/div><div data-id=\"mpc_icon_column-1269f770690febc\" class=\"mpc-icon-column mpc-init mpc-parent-hover mpc-transition mpc-icon-column--style_3 mpc-align--left \" ><div data-id=\"mpc_icon-769f770690fef9\" class=\"mpc-icon mpc-init mpc-transition mpc-effect-none mpc-icon-hover \"><div class=\"mpc-icon-wrap\"><i class=\"mpc-icon-part mpc-regular mpc-transition  fa fa-file-text-o\"><\/i><i class=\"mpc-icon-part mpc-hover mpc-transition  fa fa-file-text-o\"><\/i><\/div><\/div><div class=\"mpc-icon-column__content-wrap\"><div class=\"mpc-icon-column__content\"><h3 class=\"mpc-icon-column__heading mpc-transition\">Tipo de curso<\/h3><div class=\"mpc-icon-column__description mpc-transition\"><h5><strong>Formaci\u00f3n bonificable<\/strong><\/h5>\n<p>Este curso es bonificable por Fundae (Fundaci\u00f3n Estatal para la Formaci\u00f3n en el Empleo)<\/p>\n<p><a href=\"https:\/\/www.fundae.es\/\" target=\"_blank\" rel=\"noopener\"><img loading=\"lazy\" decoding=\"async\" class=\"alignnone wp-image-12239\" src=\"https:\/\/www.gremi-obres.org\/formacio\/wp-content\/uploads\/2021\/10\/fundae-300x47.png\" alt=\"\" width=\"402\" height=\"63\" srcset=\"https:\/\/www.gremi-obres.org\/formacio\/wp-content\/uploads\/2021\/10\/fundae-300x47.png 300w, https:\/\/www.gremi-obres.org\/formacio\/wp-content\/uploads\/2021\/10\/fundae-700x109.png 700w, https:\/\/www.gremi-obres.org\/formacio\/wp-content\/uploads\/2021\/10\/fundae.png 768w\" sizes=\"auto, (max-width: 402px) 100vw, 402px\" \/><\/a><\/p>\n<hr \/>\n<h5><strong>\u00bfQui\u00e9n puede apuntarse a este curso?<\/strong><\/h5>\n<p>Cualquier persona interesada. Son cursos abiertos cuya bonificaci\u00f3n solo es opcional, no obligatoria.<\/p>\n<h5><strong>\u00bfC\u00f3mo bonificar el curso?<\/strong><\/h5>\n<p>Las personas trabajadoras pueden bonificarse el curso mediante el cr\u00e9dito de formaci\u00f3n de su empresa (que hasta cierto l\u00edmite anual supone un coste cero).<\/p>\n<p><em>Si en vuestra empresa no sab\u00e9is c\u00f3mo gestionar estos cr\u00e9ditos desde el propio Gremi os podemos derivar a una gestor\u00eda de confianza que cobra una tasa de gesti\u00f3n por alumno dependiendo del cr\u00e9dito a bonificar.<\/em><\/p>\n<p><em>Si os conviene, tambi\u00e9n pod\u00e9is bonificar los cursos desde vuestra propia empresa:<\/em><\/p>\n<h5 class=\"card2\"><a href=\"https:\/\/www.fundae.es\/empresas\/home\/como-bonificarte\" target=\"_blank\" rel=\"noopener\"><button data-wp-editing=\"1\"><img loading=\"lazy\" decoding=\"async\" class=\"alignnone wp-image-31868 \" role=\"img\" src=\"https:\/\/www.gremi-obres.org\/wp-content\/uploads\/2021\/08\/flecha-naranja.svg\" alt=\"\" width=\"11\" height=\"11\" \/> C\u00f3mo bonificar un curso<\/button><\/a><\/h5>\n<\/div><\/div><\/div><\/div><div data-id=\"mpc_icon_column-6769f770690ffcf\" class=\"mpc-icon-column mpc-init mpc-parent-hover mpc-transition mpc-icon-column--style_3 mpc-align--left \" ><div data-id=\"mpc_icon-869f770690ffef\" class=\"mpc-icon mpc-init mpc-transition mpc-effect-none mpc-icon-hover \"><div class=\"mpc-icon-wrap\"><i class=\"mpc-icon-part mpc-regular mpc-transition  el el-eur\"><\/i><i class=\"mpc-icon-part mpc-hover mpc-transition  el el-eur\"><\/i><\/div><\/div><div class=\"mpc-icon-column__content-wrap\"><div class=\"mpc-icon-column__content\"><h3 class=\"mpc-icon-column__heading mpc-transition\">Precio<\/h3><div class=\"mpc-icon-column__description mpc-transition\"><p>Precio agremiados\/ estudiantes\/desempleados: 134,76 \u20ac<br \/>\nPrecio: 144,90 \u20ac<\/p>\n<p>El precio para agremiados es tambi\u00e9n aplicable a personas desempleadas y estudiantes.<\/p>\n<\/div><\/div><\/div><\/div><div data-id=\"mpc_icon_column-969f770691007d\" class=\"mpc-icon-column mpc-init mpc-parent-hover mpc-transition mpc-icon-column--style_3 mpc-align--left \" ><div data-id=\"mpc_icon-769f7706910099\" class=\"mpc-icon mpc-init mpc-transition mpc-effect-none mpc-icon-hover \"><div class=\"mpc-icon-wrap\"><i class=\"mpc-icon-part mpc-regular mpc-transition  fa fa-chrome\"><\/i><i class=\"mpc-icon-part mpc-hover mpc-transition  fa fa-chrome\"><\/i><\/div><\/div><div class=\"mpc-icon-column__content-wrap\"><div class=\"mpc-icon-column__content\"><h3 class=\"mpc-icon-column__heading mpc-transition\">\u00c1rea<\/h3><div class=\"mpc-icon-column__description mpc-transition\"><p>Maquinaria y oficios<\/p>\n<\/div><\/div><\/div><\/div><div data-id=\"mpc_icon_column-5669f7706910117\" class=\"mpc-icon-column mpc-init mpc-parent-hover mpc-transition mpc-icon-column--style_3 mpc-align--left \" ><div data-id=\"mpc_icon-3169f7706910130\" class=\"mpc-icon mpc-init mpc-transition mpc-effect-none mpc-icon-hover \"><div class=\"mpc-icon-wrap\"><i class=\"mpc-icon-part mpc-regular mpc-transition  mi mi-access_alarm\"><\/i><i class=\"mpc-icon-part mpc-hover mpc-transition  mi mi-access_alarm\"><\/i><\/div><\/div><div class=\"mpc-icon-column__content-wrap\"><div class=\"mpc-icon-column__content\"><h3 class=\"mpc-icon-column__heading mpc-transition\">Duraci\u00f3n<\/h3><div class=\"mpc-icon-column__description mpc-transition\"><p>Este curso tiene una duraci\u00f3n de<strong> 6\u00a0horas<\/strong><\/p>\n<p>Horario: 07:30 a 13:30 h<\/p>\n<\/div><\/div><\/div><\/div><div data-id=\"mpc_icon_column-6969f77069101b6\" class=\"mpc-icon-column mpc-init mpc-parent-hover mpc-transition mpc-icon-column--style_3 mpc-align--left \" ><div data-id=\"mpc_icon-2469f77069101ce\" class=\"mpc-icon mpc-init mpc-transition mpc-effect-none mpc-icon-hover \"><div class=\"mpc-icon-wrap\"><i class=\"mpc-icon-part mpc-regular mpc-transition  fa fa-calendar\"><\/i><i class=\"mpc-icon-part mpc-hover mpc-transition  fa fa-calendar\"><\/i><\/div><\/div><div class=\"mpc-icon-column__content-wrap\"><div class=\"mpc-icon-column__content\"><h3 class=\"mpc-icon-column__heading mpc-transition\">Fecha<\/h3><div class=\"mpc-icon-column__description mpc-transition\"><p><b>Pr\u00f3xima convocatoria:<\/b><\/p>\n<h5 style=\"text-align: left;\"><strong><em>Sant Joan Desp\u00ed:<\/em><\/strong><\/h5>\n<h5 style=\"text-align: left;\"><strong>28\/04\/2026<\/strong><\/h5>\n<h5 style=\"text-align: left;\"><strong>26\/05\/2026<\/strong><\/h5>\n<p style=\"text-align: left;\">[vc_separator type=\u00bbtransparent\u00bb]<\/p>\n<h5 style=\"text-align: left;\"><strong><em>Girona:<\/em><\/strong><\/h5>\n<h5 style=\"text-align: left;\"><strong>07\/05\/2026<\/strong><\/h5>\n<\/div><\/div><\/div><\/div><div data-id=\"mpc_icon_column-1069f770691028d\" class=\"mpc-icon-column mpc-init mpc-parent-hover mpc-transition mpc-icon-column--style_3 mpc-align--left \" ><div data-id=\"mpc_icon-2169f77069102a8\" class=\"mpc-icon mpc-init mpc-transition mpc-effect-none mpc-icon-hover \"><div class=\"mpc-icon-wrap\"><i class=\"mpc-icon-part mpc-regular mpc-transition  fa fa-map-marker\"><\/i><i class=\"mpc-icon-part mpc-hover mpc-transition  fa fa-map-marker\"><\/i><\/div><\/div><div class=\"mpc-icon-column__content-wrap\"><div class=\"mpc-icon-column__content\"><h3 class=\"mpc-icon-column__heading mpc-transition\">Lugar<\/h3><div class=\"mpc-icon-column__description mpc-transition\"><p><strong>SANT JOAN DESP\u00cd:<\/strong><\/p>\n<p><a href=\"https:\/\/goo.gl\/maps\/LZmxq6LwqbxVkri29\" target=\"_blank\" rel=\"noopener\">Avinguda de la Mare de D\u00e9u de Montserrat 39, CP- 08970 Sant Joan Desp\u00ed (Barcelona)<\/a><\/p>\n<p><a href=\"http:\/\/iframe%20src=https:\/\/www.google.com\/maps\/embed?pb=!1m18!1m12!1m3!1d1497.059939947793!2d2.061932588966089!3d41.371480105664006!2m3!1f0!2f0!3f0!3m2!1i1024!2i768!4f13.1!3m3!1m2!1s0x12a49bda048eb1b7%3A0x6174ee524ab40582!2sLevel%20Instrukta!5e0!3m2!1ses!2ses!4v1693481195989!5m2!1ses!2ses%20width=600%20height=450%20style=border:0;%20allowfullscreen=%20loading=lazy%20referrerpolicy=no-referrer-when-downgrade\/iframe\"><iframe loading=\"lazy\" style=\"border: 0;\" src=\"https:\/\/www.google.com\/maps\/embed?pb=!1m18!1m12!1m3!1d1497.059939947793!2d2.061932588966089!3d41.371480105664006!2m3!1f0!2f0!3f0!3m2!1i1024!2i768!4f13.1!3m3!1m2!1s0x12a49bda048eb1b7%3A0x6174ee524ab40582!2sLevel%20Instrukta!5e0!3m2!1ses!2ses!4v1693481195989!5m2!1ses!2ses\" width=\"300\" height=\"225\" allowfullscreen=\"allowfullscreen\"><\/iframe><\/a><\/p>\n<p><strong>CERDANYOLA:<\/strong><\/p>\n<p><a href=\"https:\/\/goo.gl\/maps\/fH5EJPpbiKPrquke9\" target=\"_blank\" rel=\"noopener\">Carretera de Barcelona, 135, Nave 6 CP &#8211; 08290 Cerdanyola del Vall\u00e8s (Barcelona)<\/a><\/p>\n<p><a href=\"http:\/\/iframe%20src=https:\/\/www.google.com\/maps\/embed?pb=!1m18!1m12!1m3!1d1494.2100206350785!2d2.1429125174438477!3d41.4951715!2m3!1f0!2f0!3f0!3m2!1i1024!2i768!4f13.1!3m3!1m2!1s0x12a497b4985071df%3A0xb1a6e4d6c1c7a4e!2sLevelInstrukta%20Cerdanyola!5e0!3m2!1ses!2ses!4v1693481299848!5m2!1ses!2ses%20width=600%20height=450%20style=border:0;%20allowfullscreen=%20loading=lazy%20referrerpolicy=no-referrer-when-downgrade\/iframe\"><iframe loading=\"lazy\" style=\"border: 0;\" src=\"https:\/\/www.google.com\/maps\/embed?pb=!1m18!1m12!1m3!1d1494.2100206350785!2d2.1429125174438477!3d41.4951715!2m3!1f0!2f0!3f0!3m2!1i1024!2i768!4f13.1!3m3!1m2!1s0x12a497b4985071df%3A0xb1a6e4d6c1c7a4e!2sLevelInstrukta%20Cerdanyola!5e0!3m2!1ses!2ses!4v1693481299848!5m2!1ses!2ses\" width=\"300\" height=\"225\" allowfullscreen=\"allowfullscreen\"><\/iframe><\/a><\/p>\n<p><strong>GIRONA:<\/strong><\/p>\n<p><a href=\"https:\/\/goo.gl\/maps\/uLm18L91Y2e11MxZA\" target=\"_blank\" rel=\"noopener\">C\/ Can Torroella, 45 Pol. Ind. Torroella-Nestl\u00e8, 17007 (Girona)<\/a><\/p>\n<p><a href=\"http:\/\/iframe%20src=https:\/\/www.google.com\/maps\/embed?pb=!1m18!1m12!1m3!1d94900.59877638794!2d2.6482176164062494!3d41.98645880000001!2m3!1f0!2f0!3f0!3m2!1i1024!2i768!4f13.1!3m3!1m2!1s0xa805587700629ab9%3A0xc3b2641d7954a505!2sLevel%20Instrukta%20Girona!5e0!3m2!1ses!2ses!4v1693480964069!5m2!1ses!2ses%20width=600%20height=450%20style=border:0;%20allowfullscreen=%20loading=lazy%20referrerpolicy=no-referrer-when-downgrade\/iframe\"><iframe loading=\"lazy\" style=\"border: 0;\" src=\"https:\/\/www.google.com\/maps\/embed?pb=!1m18!1m12!1m3!1d94900.59877638794!2d2.6482176164062494!3d41.98645880000001!2m3!1f0!2f0!3f0!3m2!1i1024!2i768!4f13.1!3m3!1m2!1s0xa805587700629ab9%3A0xc3b2641d7954a505!2sLevel%20Instrukta%20Girona!5e0!3m2!1ses!2ses!4v1693480964069!5m2!1ses!2ses\" width=\"300\" height=\"225\" allowfullscreen=\"allowfullscreen\"><\/iframe><\/a><\/p>\n<\/div><\/div><\/div><\/div><\/div>[vc_separator type=\u00bbtransparent\u00bb thickness=\u00bb30&#8243;]<div id=\"mpc_connected_icons-6169f7706910337\" class=\"mpc-connected-icons mpc-init mpc-transition \"  data-ci-cols=\"4\" data-target=\"icon\" data-layout=\"vertical\"><div class=\"mpc-connected-icons__line\"><span><\/span><\/div><div data-id=\"mpc_icon_column-7269f77069103b1\" class=\"mpc-icon-column mpc-init mpc-parent-hover mpc-transition mpc-icon-column--style_3 mpc-align--left \" ><div data-id=\"mpc_icon-6569f77069103cd\" class=\"mpc-icon mpc-init mpc-transition mpc-effect-none mpc-icon-hover \"><div class=\"mpc-icon-wrap\"><i class=\"mpc-icon-part mpc-regular mpc-transition  fa fa-group\"><\/i><i class=\"mpc-icon-part mpc-hover mpc-transition  fa fa-group\"><\/i><\/div><\/div><div class=\"mpc-icon-column__content-wrap\"><div class=\"mpc-icon-column__content\"><h3 class=\"mpc-icon-column__heading mpc-transition\">Modalidad<\/h3><div class=\"mpc-icon-column__description mpc-transition\"><p>Curso Presencial con Formador.<\/p>\n<\/div><\/div><\/div><\/div><div data-id=\"mpc_icon_column-9169f770691044b\" class=\"mpc-icon-column mpc-init mpc-parent-hover mpc-transition mpc-icon-column--style_3 mpc-align--left \" ><div data-id=\"mpc_icon-7169f7706910464\" class=\"mpc-icon mpc-init mpc-transition mpc-effect-none mpc-icon-hover \"><div class=\"mpc-icon-wrap\"><i class=\"mpc-icon-part mpc-regular mpc-transition  fa fa-institution\"><\/i><i class=\"mpc-icon-part mpc-hover mpc-transition  fa fa-institution\"><\/i><\/div><\/div><div class=\"mpc-icon-column__content-wrap\"><div class=\"mpc-icon-column__content\"><h3 class=\"mpc-icon-column__heading mpc-transition\">DIPLOMA<\/h3><div class=\"mpc-icon-column__description mpc-transition\"><p>Al finalizar el curso se entregar\u00e1 un diploma acreditativo de esta formaci\u00f3n.<\/p>\n<\/div><\/div><\/div><\/div><div data-id=\"mpc_icon_column-5469f77069104dc\" class=\"mpc-icon-column mpc-init mpc-parent-hover mpc-transition mpc-icon-column--style_3 mpc-align--left \" ><div data-id=\"mpc_icon-3569f77069104f4\" class=\"mpc-icon mpc-init mpc-transition mpc-effect-none mpc-icon-hover \"><div class=\"mpc-icon-wrap\"><i class=\"mpc-icon-part mpc-regular mpc-transition  fa fa-mortar-board\"><\/i><i class=\"mpc-icon-part mpc-hover mpc-transition  fa fa-mortar-board\"><\/i><\/div><\/div><div class=\"mpc-icon-column__content-wrap\"><div class=\"mpc-icon-column__content\"><h3 class=\"mpc-icon-column__heading mpc-transition\">APPLUS ISO 9001<\/h3><div class=\"mpc-icon-column__description mpc-transition\"><p>Estamos certificados en Calidad, seg\u00fan la norma UNE-ISO 9001, por la entidad Applus, con la voluntad de ofrecer un servicio de m\u00e1xima calidad formativa.<\/p>\n<\/div><\/div><\/div><\/div><\/div>[vc_separator type=\u00bbtransparent\u00bb thickness=\u00bb30&#8243;][vc_row_inner row_type=\u00bbrow\u00bb type=\u00bbfull_width\u00bb text_align=\u00bbcenter\u00bb background_color=\u00bb#5c8953&#8243; css_animation=\u00bb\u00bb css=\u00bb.vc_custom_1473763518291{padding-top: 30px !important;padding-bottom: 30px !important;}\u00bb][vc_column_inner][vc_column_text]<\/p>\n<h4 style=\"text-align: center;\"><span style=\"color: #ffffff;\"><strong>\u00bfAlguna consulta?<\/strong><\/span><\/h4>\n<p style=\"text-align: center;\"><span style=\"color: #ffffff;\"><strong>Si tienes alguna duda o consulta relacionada con este curso, no dudes en ponerte en contacto con nosotros<\/strong><\/span><\/p>\n<p>[\/vc_column_text][vc_separator type=\u00bbtransparent\u00bb thickness=\u00bb20&#8243;]<a  itemprop=\"url\" href=\"https:\/\/www.gremi-obres.org\/formacio\/es\/contacto\/\" target=\"_blank\" data-hover-background-color=\"#bfbfbf\" data-hover-border-color=\"#bfbfbf\" data-hover-color=\"#333333\" class=\"qbutton  medium center default\" style=\"color: #f3f3f3; border-color: #df5461; font-weight: 700; border-radius: 0px;-moz-border-radius: 0px;-webkit-border-radius: 0px; background-color:#df5461;\">SOLICITA INFORMACI\u00d3N<\/a>[\/vc_column_inner][\/vc_row_inner][vc_separator type=\u00bbtransparent\u00bb thickness=\u00bb20&#8243;][\/vc_column][vc_column width=\u00bb1\/3&#8243;][vc_row_inner row_type=\u00bbrow\u00bb type=\u00bbfull_width\u00bb text_align=\u00bbleft\u00bb css_animation=\u00bb\u00bb css=\u00bb.vc_custom_1634317439682{margin-right: 30px !important;margin-left: 30px !important;border-top-width: 2px !important;border-right-width: 2px !important;border-bottom-width: 2px !important;border-left-width: 2px !important;padding-right: 15px !important;padding-left: 15px !important;background: #f2b705 url(https:\/\/www.gremi-obres.org\/formacio\/wp-content\/uploads\/2021\/07\/blanco.png?id=11289) !important;border-left-color: #f2b705 !important;border-left-style: solid !important;border-right-color: #f2b705 !important;border-right-style: solid !important;border-top-color: #f2b705 !important;border-top-style: solid !important;border-bottom-color: #f2b705 !important;border-bottom-style: solid !important;}\u00bb][vc_column_inner enable_sticky=\u00bbtrue\u00bb sticky_offset=\u00bb100&#8243;][vc_separator type=\u00bbtransparent\u00bb thickness=\u00bb10&#8243;][vc_column_text]<\/p>\n<h4 style=\"text-align: left;\"><strong>Inscripci\u00f3 al curs<br \/>\n<\/strong><img loading=\"lazy\" decoding=\"async\" class=\"alignnone wp-image-18404\" src=\"https:\/\/www.gremi-obres.org\/formacio\/wp-content\/uploads\/2022\/07\/marca-de-verificacion-300x300.png\" sizes=\"auto, (max-width: 17px) 100vw, 17px\" srcset=\"https:\/\/www.gremi-obres.org\/formacio\/wp-content\/uploads\/2022\/07\/marca-de-verificacion-300x300.png 300w, https:\/\/www.gremi-obres.org\/formacio\/wp-content\/uploads\/2022\/07\/marca-de-verificacion-150x150.png 150w, https:\/\/www.gremi-obres.org\/formacio\/wp-content\/uploads\/2022\/07\/marca-de-verificacion-500x512.png 500w, https:\/\/www.gremi-obres.org\/formacio\/wp-content\/uploads\/2022\/07\/marca-de-verificacion.png 512w\" alt=\"\" width=\"17\" height=\"17\" \/><em>Places disponibles<\/em><\/h4>\n<p style=\"text-align: center;\"><iframe loading=\"lazy\" src=\"https:\/\/docs.google.com\/forms\/d\/e\/1FAIpQLSfMDya9XfXGdqQX5CjclFkVO20lgLzpAusChkdhpFD9IA97YQ\/viewform?embedded=true\" width=\"100%\" height=\"1240\" frameborder=\"0\" marginwidth=\"0\" marginheight=\"0\">S&#8217;est\u00e0 carregant\u2026<\/iframe><\/p>\n<p>[\/vc_column_text][vc_separator type=\u00bbtransparent\u00bb thickness=\u00bb1&#8243; up=\u00bb1&#8243; down=\u00bb15&#8243;][vc_column_text]<\/p>\n<h6 style=\"text-align: left;\"><span style=\"font-weight: 400;\">Les dades obligat\u00f2ries s\u00f3n imprescindibles per a tramitar la sol\u00b7licitud. La resta de dades es sol\u00b7liciten per oferir un millor servei i comunicaci\u00f3. El sol\u00b7licitant autoritza la incorporaci\u00f3 de totes les dades esmentades a un arxiu titularitat del Gremi de Constructors d\u2019Obres de Barcelona i Comarques, amb domicili a Barcelona, Gran Via de les Corts Catalanes, n\u00fam. 663, que t\u00e9 com a finalitat tramitar la sol\u00b7licitud. Aix\u00ed mateix, autoritza que se li envi\u00ef informaci\u00f3 i ofertes comercials per correu electr\u00f2nic o algun altre mitj\u00e0 de comunicaci\u00f3 electr\u00f2nica equivalent. El sol\u00b7licitant disposa dels drets d\u2019acc\u00e9s, rectificaci\u00f3 i cancel\u00b7laci\u00f3 d\u2019aquestes dades, aix\u00ed com a oposar-se al seu tractament mitjan\u00e7ant escrit a l&#8217;adre\u00e7a anteriorment indicada amb la refer\u00e8ncia Protecci\u00f3 de Dades.<\/span><\/h6>\n<p>[\/vc_column_text][vc_separator type=\u00bbtransparent\u00bb thickness=\u00bb20&#8243;][\/vc_column_inner][\/vc_row_inner][vc_separator type=\u00bbtransparent\u00bb thickness=\u00bb25&#8243;][\/vc_column][\/vc_row][vc_row row_type=\u00bbrow\u00bb use_row_as_full_screen_section=\u00bbno\u00bb type=\u00bbfull_width\u00bb angled_section=\u00bbno\u00bb text_align=\u00bbleft\u00bb background_image_as_pattern=\u00bbwithout_pattern\u00bb css_animation=\u00bb\u00bb][vc_column][vc_separator type=\u00bbtransparent\u00bb thickness=\u00bb55&#8243;][\/vc_column][\/vc_row][vc_row row_type=\u00bbrow\u00bb use_row_as_full_screen_section=\u00bbno\u00bb type=\u00bbfull_width\u00bb angled_section=\u00bbno\u00bb text_align=\u00bbleft\u00bb background_image_as_pattern=\u00bbwithout_pattern\u00bb css_animation=\u00bb\u00bb][vc_column][\/vc_column][\/vc_row]<\/p>\n<\/div>","protected":false},"excerpt":{"rendered":"<p>[vc_row row_type=\u00bbrow\u00bb use_row_as_full_screen_section=\u00bbno\u00bb type=\u00bbgrid\u00bb angled_section=\u00bbno\u00bb text_align=\u00bbleft\u00bb background_image_as_pattern=\u00bbwithout_pattern\u00bb padding_top=\u00bb60&#8243; css_animation=\u00bb\u00bb][vc_column width=\u00bb1\/3&#8243;][vc_column_text] Descripci\u00f3n [\/vc_column_text][vc_separator type=\u00bbsmall\u00bb position=\u00bbleft\u00bb color=\u00bb#f29760&#8243; thickness=\u00bb1&#8243; width=\u00bb86&#8243;][vc_column_text]Dirigido a los profesionales que se inician en los trabajos en espacios confinados. El curso abarca todas las materias y operaciones b\u00e1sicas para llevar a cabo de forma segura<\/p>\n","protected":false},"author":1,"featured_media":12246,"parent":917,"menu_order":0,"comment_status":"closed","ping_status":"closed","template":"","meta":{"footnotes":""},"class_list":["post-1117","page","type-page","status-publish","has-post-thumbnail","hentry"],"yoast_head":"<!-- This site is optimized with the Yoast SEO plugin v25.3 - https:\/\/yoast.com\/wordpress\/plugins\/seo\/ -->\n<title>Curso bonificable de Seguridad Atm\u00f3sferas Explosivas ATEX - Gremi de Constructors d&#039;Obres<\/title>\n<meta name=\"description\" content=\"Curso bonificable de Seguridad Atm\u00f3sferas Explosivas ATEX. Curso de especialidad en las obras de construcci\u00f3n\" \/>\n<meta name=\"robots\" content=\"index, follow, max-snippet:-1, max-image-preview:large, max-video-preview:-1\" \/>\n<link rel=\"canonical\" href=\"https:\/\/www.gremi-obres.org\/formacio\/es\/cursos\/curso-seguridad-atmosferas-explosivas-atex\/\" \/>\n<meta property=\"og:locale\" content=\"es_ES\" \/>\n<meta property=\"og:type\" content=\"article\" \/>\n<meta property=\"og:title\" content=\"Curso bonificable de Seguridad Atm\u00f3sferas Explosivas ATEX - Gremi de Constructors d&#039;Obres\" \/>\n<meta property=\"og:description\" content=\"Curso bonificable de Seguridad Atm\u00f3sferas Explosivas ATEX. Curso de especialidad en las obras de construcci\u00f3n\" \/>\n<meta property=\"og:url\" content=\"https:\/\/www.gremi-obres.org\/formacio\/es\/cursos\/curso-seguridad-atmosferas-explosivas-atex\/\" \/>\n<meta property=\"og:site_name\" content=\"Gremi de Constructors d&#039;Obres\" \/>\n<meta property=\"article:modified_time\" content=\"2026-04-22T10:44:46+00:00\" \/>\n<meta property=\"og:image\" content=\"https:\/\/www.gremi-obres.org\/formacio\/wp-content\/uploads\/2021\/10\/fundae-transp.png\" \/>\n\t<meta property=\"og:image:width\" content=\"768\" \/>\n\t<meta property=\"og:image:height\" content=\"120\" \/>\n\t<meta property=\"og:image:type\" content=\"image\/png\" \/>\n<meta name=\"twitter:card\" content=\"summary_large_image\" \/>\n<meta name=\"twitter:label1\" content=\"Tiempo de lectura\" \/>\n\t<meta name=\"twitter:data1\" content=\"7 minutos\" \/>\n<script type=\"application\/ld+json\" class=\"yoast-schema-graph\">{\"@context\":\"https:\/\/schema.org\",\"@graph\":[{\"@type\":\"WebPage\",\"@id\":\"https:\/\/www.gremi-obres.org\/formacio\/es\/cursos\/curso-seguridad-atmosferas-explosivas-atex\/\",\"url\":\"https:\/\/www.gremi-obres.org\/formacio\/es\/cursos\/curso-seguridad-atmosferas-explosivas-atex\/\",\"name\":\"Curso bonificable de Seguridad Atm\u00f3sferas Explosivas ATEX - Gremi de Constructors d&#039;Obres\",\"isPartOf\":{\"@id\":\"https:\/\/www.gremi-obres.org\/formacio\/#website\"},\"primaryImageOfPage\":{\"@id\":\"https:\/\/www.gremi-obres.org\/formacio\/es\/cursos\/curso-seguridad-atmosferas-explosivas-atex\/#primaryimage\"},\"image\":{\"@id\":\"https:\/\/www.gremi-obres.org\/formacio\/es\/cursos\/curso-seguridad-atmosferas-explosivas-atex\/#primaryimage\"},\"thumbnailUrl\":\"https:\/\/www.gremi-obres.org\/formacio\/wp-content\/uploads\/2021\/10\/fundae-transp.png\",\"datePublished\":\"2016-10-18T11:56:56+00:00\",\"dateModified\":\"2026-04-22T10:44:46+00:00\",\"description\":\"Curso bonificable de Seguridad Atm\u00f3sferas Explosivas ATEX. Curso de especialidad en las obras de construcci\u00f3n\",\"breadcrumb\":{\"@id\":\"https:\/\/www.gremi-obres.org\/formacio\/es\/cursos\/curso-seguridad-atmosferas-explosivas-atex\/#breadcrumb\"},\"inLanguage\":\"es\",\"potentialAction\":[{\"@type\":\"ReadAction\",\"target\":[\"https:\/\/www.gremi-obres.org\/formacio\/es\/cursos\/curso-seguridad-atmosferas-explosivas-atex\/\"]}]},{\"@type\":\"ImageObject\",\"inLanguage\":\"es\",\"@id\":\"https:\/\/www.gremi-obres.org\/formacio\/es\/cursos\/curso-seguridad-atmosferas-explosivas-atex\/#primaryimage\",\"url\":\"https:\/\/www.gremi-obres.org\/formacio\/wp-content\/uploads\/2021\/10\/fundae-transp.png\",\"contentUrl\":\"https:\/\/www.gremi-obres.org\/formacio\/wp-content\/uploads\/2021\/10\/fundae-transp.png\",\"width\":768,\"height\":120,\"caption\":\"fundae logo\"},{\"@type\":\"BreadcrumbList\",\"@id\":\"https:\/\/www.gremi-obres.org\/formacio\/es\/cursos\/curso-seguridad-atmosferas-explosivas-atex\/#breadcrumb\",\"itemListElement\":[{\"@type\":\"ListItem\",\"position\":1,\"name\":\"Inici\",\"item\":\"https:\/\/www.gremi-obres.org\/formacio\/es\/\"},{\"@type\":\"ListItem\",\"position\":2,\"name\":\"Cursos\",\"item\":\"https:\/\/www.gremi-obres.org\/formacio\/es\/cursos\/\"},{\"@type\":\"ListItem\",\"position\":3,\"name\":\"Curso bonificable de Seguridad Atm\u00f3sferas Explosivas ATEX\"}]},{\"@type\":\"WebSite\",\"@id\":\"https:\/\/www.gremi-obres.org\/formacio\/#website\",\"url\":\"https:\/\/www.gremi-obres.org\/formacio\/\",\"name\":\"Gremi de Constructors d&#039;Obres\",\"description\":\"Formaci\u00f3 del Gremi de Constructors d&#039;Obres.\",\"potentialAction\":[{\"@type\":\"SearchAction\",\"target\":{\"@type\":\"EntryPoint\",\"urlTemplate\":\"https:\/\/www.gremi-obres.org\/formacio\/?s={search_term_string}\"},\"query-input\":{\"@type\":\"PropertyValueSpecification\",\"valueRequired\":true,\"valueName\":\"search_term_string\"}}],\"inLanguage\":\"es\"}]}<\/script>\n<!-- \/ Yoast SEO plugin. -->","yoast_head_json":{"title":"Curso bonificable de Seguridad Atm\u00f3sferas Explosivas ATEX - Gremi de Constructors d&#039;Obres","description":"Curso bonificable de Seguridad Atm\u00f3sferas Explosivas ATEX. Curso de especialidad en las obras de construcci\u00f3n","robots":{"index":"index","follow":"follow","max-snippet":"max-snippet:-1","max-image-preview":"max-image-preview:large","max-video-preview":"max-video-preview:-1"},"canonical":"https:\/\/www.gremi-obres.org\/formacio\/es\/cursos\/curso-seguridad-atmosferas-explosivas-atex\/","og_locale":"es_ES","og_type":"article","og_title":"Curso bonificable de Seguridad Atm\u00f3sferas Explosivas ATEX - Gremi de Constructors d&#039;Obres","og_description":"Curso bonificable de Seguridad Atm\u00f3sferas Explosivas ATEX. Curso de especialidad en las obras de construcci\u00f3n","og_url":"https:\/\/www.gremi-obres.org\/formacio\/es\/cursos\/curso-seguridad-atmosferas-explosivas-atex\/","og_site_name":"Gremi de Constructors d&#039;Obres","article_modified_time":"2026-04-22T10:44:46+00:00","og_image":[{"width":768,"height":120,"url":"https:\/\/www.gremi-obres.org\/formacio\/wp-content\/uploads\/2021\/10\/fundae-transp.png","type":"image\/png"}],"twitter_card":"summary_large_image","twitter_misc":{"Tiempo de lectura":"7 minutos"},"schema":{"@context":"https:\/\/schema.org","@graph":[{"@type":"WebPage","@id":"https:\/\/www.gremi-obres.org\/formacio\/es\/cursos\/curso-seguridad-atmosferas-explosivas-atex\/","url":"https:\/\/www.gremi-obres.org\/formacio\/es\/cursos\/curso-seguridad-atmosferas-explosivas-atex\/","name":"Curso bonificable de Seguridad Atm\u00f3sferas Explosivas ATEX - Gremi de Constructors d&#039;Obres","isPartOf":{"@id":"https:\/\/www.gremi-obres.org\/formacio\/#website"},"primaryImageOfPage":{"@id":"https:\/\/www.gremi-obres.org\/formacio\/es\/cursos\/curso-seguridad-atmosferas-explosivas-atex\/#primaryimage"},"image":{"@id":"https:\/\/www.gremi-obres.org\/formacio\/es\/cursos\/curso-seguridad-atmosferas-explosivas-atex\/#primaryimage"},"thumbnailUrl":"https:\/\/www.gremi-obres.org\/formacio\/wp-content\/uploads\/2021\/10\/fundae-transp.png","datePublished":"2016-10-18T11:56:56+00:00","dateModified":"2026-04-22T10:44:46+00:00","description":"Curso bonificable de Seguridad Atm\u00f3sferas Explosivas ATEX. Curso de especialidad en las obras de construcci\u00f3n","breadcrumb":{"@id":"https:\/\/www.gremi-obres.org\/formacio\/es\/cursos\/curso-seguridad-atmosferas-explosivas-atex\/#breadcrumb"},"inLanguage":"es","potentialAction":[{"@type":"ReadAction","target":["https:\/\/www.gremi-obres.org\/formacio\/es\/cursos\/curso-seguridad-atmosferas-explosivas-atex\/"]}]},{"@type":"ImageObject","inLanguage":"es","@id":"https:\/\/www.gremi-obres.org\/formacio\/es\/cursos\/curso-seguridad-atmosferas-explosivas-atex\/#primaryimage","url":"https:\/\/www.gremi-obres.org\/formacio\/wp-content\/uploads\/2021\/10\/fundae-transp.png","contentUrl":"https:\/\/www.gremi-obres.org\/formacio\/wp-content\/uploads\/2021\/10\/fundae-transp.png","width":768,"height":120,"caption":"fundae logo"},{"@type":"BreadcrumbList","@id":"https:\/\/www.gremi-obres.org\/formacio\/es\/cursos\/curso-seguridad-atmosferas-explosivas-atex\/#breadcrumb","itemListElement":[{"@type":"ListItem","position":1,"name":"Inici","item":"https:\/\/www.gremi-obres.org\/formacio\/es\/"},{"@type":"ListItem","position":2,"name":"Cursos","item":"https:\/\/www.gremi-obres.org\/formacio\/es\/cursos\/"},{"@type":"ListItem","position":3,"name":"Curso bonificable de Seguridad Atm\u00f3sferas Explosivas ATEX"}]},{"@type":"WebSite","@id":"https:\/\/www.gremi-obres.org\/formacio\/#website","url":"https:\/\/www.gremi-obres.org\/formacio\/","name":"Gremi de Constructors d&#039;Obres","description":"Formaci\u00f3 del Gremi de Constructors d&#039;Obres.","potentialAction":[{"@type":"SearchAction","target":{"@type":"EntryPoint","urlTemplate":"https:\/\/www.gremi-obres.org\/formacio\/?s={search_term_string}"},"query-input":{"@type":"PropertyValueSpecification","valueRequired":true,"valueName":"search_term_string"}}],"inLanguage":"es"}]}},"_links":{"self":[{"href":"https:\/\/www.gremi-obres.org\/formacio\/es\/wp-json\/wp\/v2\/pages\/1117","targetHints":{"allow":["GET"]}}],"collection":[{"href":"https:\/\/www.gremi-obres.org\/formacio\/es\/wp-json\/wp\/v2\/pages"}],"about":[{"href":"https:\/\/www.gremi-obres.org\/formacio\/es\/wp-json\/wp\/v2\/types\/page"}],"author":[{"embeddable":true,"href":"https:\/\/www.gremi-obres.org\/formacio\/es\/wp-json\/wp\/v2\/users\/1"}],"replies":[{"embeddable":true,"href":"https:\/\/www.gremi-obres.org\/formacio\/es\/wp-json\/wp\/v2\/comments?post=1117"}],"version-history":[{"count":124,"href":"https:\/\/www.gremi-obres.org\/formacio\/es\/wp-json\/wp\/v2\/pages\/1117\/revisions"}],"predecessor-version":[{"id":27109,"href":"https:\/\/www.gremi-obres.org\/formacio\/es\/wp-json\/wp\/v2\/pages\/1117\/revisions\/27109"}],"up":[{"embeddable":true,"href":"https:\/\/www.gremi-obres.org\/formacio\/es\/wp-json\/wp\/v2\/pages\/917"}],"wp:featuredmedia":[{"embeddable":true,"href":"https:\/\/www.gremi-obres.org\/formacio\/es\/wp-json\/wp\/v2\/media\/12246"}],"wp:attachment":[{"href":"https:\/\/www.gremi-obres.org\/formacio\/es\/wp-json\/wp\/v2\/media?parent=1117"}],"curies":[{"name":"wp","href":"https:\/\/api.w.org\/{rel}","templated":true}]}}