{"id":45470,"date":"2025-03-11T19:40:40","date_gmt":"2025-03-11T11:40:40","guid":{"rendered":"https:\/\/www.gremi-obres.org\/?page_id=45470"},"modified":"2025-03-11T22:46:50","modified_gmt":"2025-03-11T14:46:50","slug":"canal-denuncies-sostraccions-danys-obres","status":"publish","type":"page","link":"https:\/\/www.gremi-obres.org\/es\/que-hacemos\/canal-denuncies-sostraccions-danys-obres\/","title":{"rendered":"CANAL DEN\u00daNCIES DE SOSTRACCIONS I DANYS A LES OBRES"},"content":{"rendered":"<p>[vc_row row_type=\u00bbrow\u00bb use_row_as_full_screen_section=\u00bbno\u00bb type=\u00bbgrid\u00bb angled_section=\u00bbno\u00bb text_align=\u00bbleft\u00bb background_image_as_pattern=\u00bbwithout_pattern\u00bb css_animation=\u00bb\u00bb][vc_column width=\u00bb2\/3&#8243; css=\u00bb.vc_custom_1469609594958{background-color: #f9f9f9 !important;}\u00bb][vc_row_inner row_type=\u00bbrow\u00bb type=\u00bbfull_width\u00bb text_align=\u00bbleft\u00bb css_animation=\u00bb\u00bb][vc_column_inner][vc_single_image image=\u00bb45510&#8243; img_size=\u00bbfull\u00bb qode_css_animation=\u00bb\u00bb][vc_separator type=\u00bbtransparent\u00bb thickness=\u00bb20&#8243;][\/vc_column_inner][\/vc_row_inner][vc_column_text]<\/p>\n<h2>Tramitaci\u00f3 de les den\u00fancies<\/h2>\n<p>[\/vc_column_text][vc_separator type=\u00bbsmall\u00bb position=\u00bbleft\u00bb color=\u00bb#f29760&#8243; thickness=\u00bb1&#8243; width=\u00bb86&#8243;][vc_column_text]El Gremi posa a disposici\u00f3 dels agremiats un canal espec\u00edfic i centralitzat per gestionar les den\u00fancies en cas de sostracci\u00f3 o danys a les obres sense autor conegut.<\/p>\n<p>Amb l\u2019objectiu de facilitar la tramitaci\u00f3 de den\u00fancies, aquest servei permet als agremiats afectats iniciar el proc\u00e9s de forma \u00e0gil i coordinada amb les autoritats competents. Aix\u00ed, es busca garantir una resposta m\u00e9s r\u00e0pida i eficient davant aquests incidents.<\/p>\n<p>Qu\u00e8 podem denunciar<\/p>\n<ul>\n<li>Delictes de furt quan no s\u2019hagi vist l\u2019autor<\/li>\n<li>Delictes de danys<\/li>\n<\/ul>\n<p>Qu\u00e8 cal fer<\/p>\n<ul>\n<li>Descarregueu <a href=\"https:\/\/www.gremi-obres.org\/wp-content\/uploads\/2025\/03\/FORMULARI-DE-DENUNCIA-PER-SOSTRACCIO-O-DANYS-ok.pdf\" target=\"_blank\" rel=\"noopener\">aquest formulari PDF<\/a> i ompliu amb les vostres dades i els fets.<\/li>\n<li>Un cop omplert, envieu el document a trav\u00e9s del formulari d&#8217;aquesta p\u00e0gina.<\/li>\n<\/ul>\n<p>El Gremi s&#8217;encarreg\u00e0 d&#8217;iniciar la den\u00fancia per Internet amb els Mossos, utilitzant les dades proporcionades per l\u2019agremiat\/da. Un cop validada la den\u00fancia pel Gremi, es genera un codi de registre amb el que tindr\u00e0 que adre\u00e7ar -se a la comissaria indicada per signar la den\u00fancia sense la necessitat de cita pr\u00e8via.<\/p>\n<p>\u00c9s important que, si es disposa de material de prova (imatges o altres proves com per exemple objectes oblidats en el lloc dels fets \u2013 tenalles, palanca, etc.), fer entrega a la comissaria en el moment de signatura.<br \/>\nLa den\u00fancia no ser\u00e0 v\u00e0lida si no es signa pel denunciant en un termini m\u00e0xim de 72 hores.<\/p>\n<p>[\/vc_column_text][vc_separator type=\u00bbtransparent\u00bb thickness=\u00bb7&#8243;][vc_row_inner row_type=\u00bbrow\u00bb type=\u00bbfull_width\u00bb text_align=\u00bbleft\u00bb css_animation=\u00bb\u00bb css=\u00bb.vc_custom_1469525538085{background-color: #ffffff !important;}\u00bb][vc_column_inner offset=\u00bbvc_hidden-lg vc_hidden-md vc_hidden-sm\u00bb][vc_separator type=\u00bbnormal\u00bb color=\u00bb#ffffff\u00bb thickness=\u00bb20&#8243;][\/vc_column_inner][\/vc_row_inner][\/vc_column][vc_column width=\u00bb1\/3&#8243;][vc_separator type=\u00bbtransparent\u00bb thickness=\u00bb20&#8243;][vc_row_inner row_type=\u00bbrow\u00bb type=\u00bbfull_width\u00bb text_align=\u00bbleft\u00bb css_animation=\u00bb\u00bb css=\u00bb.vc_custom_1741693558160{margin-right: 30px !important;margin-left: 30px !important;border-top-width: 1px !important;border-right-width: 1px !important;border-bottom-width: 1px !important;border-left-width: 1px !important;padding-right: 15px !important;padding-left: 15px !important;background: #f27848 url(https:\/\/www.gremi-obres.org\/wp-content\/uploads\/2025\/03\/fondo-gris.png?id=45516) !important;border-left-color: #f27848 !important;border-left-style: solid !important;border-right-color: #f27848 !important;border-right-style: solid !important;border-top-color: #f27848 !important;border-top-style: solid !important;border-bottom-color: #f27848 !important;border-bottom-style: solid !important;}\u00bb][vc_column_inner enable_sticky=\u00bbtrue\u00bb sticky_offset=\u00bb100&#8243;][vc_separator type=\u00bbtransparent\u00bb thickness=\u00bb10&#8243;][vc_column_text]<\/p>\n<h4 style=\"text-align: center;\"><strong>Vull fer una den\u00fancia<\/strong><\/h4>\n<p>[\/vc_column_text][vc_separator type=\u00bbtransparent\u00bb thickness=\u00bb1&#8243; up=\u00bb1&#8243; down=\u00bb15&#8243;]\n<div class=\"wpcf7 no-js\" id=\"wpcf7-f45512-o1\" lang=\"ca\" dir=\"ltr\" data-wpcf7-id=\"45512\">\n<div class=\"screen-reader-response\"><p role=\"status\" aria-live=\"polite\" aria-atomic=\"true\"><\/p> <ul><\/ul><\/div>\n<form action=\"\/es\/wp-json\/wp\/v2\/pages\/45470#wpcf7-f45512-o1\" method=\"post\" class=\"wpcf7-form init cf7_custom_style_1\" aria-label=\"Formulari de contacte\" enctype=\"multipart\/form-data\" novalidate=\"novalidate\" data-status=\"init\">\n<fieldset class=\"hidden-fields-container\"><input type=\"hidden\" name=\"_wpcf7\" value=\"45512\" \/><input type=\"hidden\" name=\"_wpcf7_version\" value=\"6.1.4\" \/><input type=\"hidden\" name=\"_wpcf7_locale\" value=\"ca\" \/><input type=\"hidden\" name=\"_wpcf7_unit_tag\" value=\"wpcf7-f45512-o1\" \/><input type=\"hidden\" name=\"_wpcf7_container_post\" value=\"0\" \/><input type=\"hidden\" name=\"_wpcf7_posted_data_hash\" value=\"\" \/><input type=\"hidden\" name=\"_wpcf7_recaptcha_response\" value=\"\" \/>\n<\/fieldset>\n<p>Empresa i CIF*\n<\/p>\n<p><span class=\"wpcf7-form-control-wrap\" data-name=\"your-name\"><input size=\"40\" maxlength=\"400\" class=\"wpcf7-form-control wpcf7-text wpcf7-validates-as-required\" aria-required=\"true\" aria-invalid=\"false\" value=\"\" type=\"text\" name=\"your-name\" \/><\/span>\n<\/p>\n<p>Nom i cognoms:<br \/>\n<span class=\"wpcf7-form-control-wrap\" data-name=\"your-name\"><input size=\"40\" maxlength=\"400\" class=\"wpcf7-form-control wpcf7-text wpcf7-validates-as-required\" aria-required=\"true\" aria-invalid=\"false\" value=\"\" type=\"text\" name=\"your-name\" \/><\/span>\n<\/p>\n<p><label> Email:<br \/>\n<span class=\"wpcf7-form-control-wrap\" data-name=\"your-email\"><input size=\"40\" maxlength=\"400\" class=\"wpcf7-form-control wpcf7-email wpcf7-validates-as-required wpcf7-text wpcf7-validates-as-email\" aria-required=\"true\" aria-invalid=\"false\" value=\"\" type=\"email\" name=\"your-email\" \/><\/span> <\/label>\n<\/p>\n<p>Adjunta la teva denuncia en PDF \/ Adjunta tu denuncia en PDF: <span class=\"wpcf7-form-control-wrap\" data-name=\"your-file\"><input size=\"40\" class=\"wpcf7-form-control wpcf7-file wpcf7-validates-as-required\" accept=\"audio\/*,video\/*,image\/*\" aria-required=\"true\" aria-invalid=\"false\" type=\"file\" name=\"your-file\" \/><\/span>\n<\/p>\n<p><span class=\"wpcf7-form-control-wrap\" data-name=\"acceptance-324\"><span class=\"wpcf7-form-control wpcf7-acceptance\"><span class=\"wpcf7-list-item\"><input type=\"checkbox\" name=\"acceptance-324\" value=\"1\" aria-invalid=\"false\" \/><\/span><\/span><\/span> He llegit i accepto la <a href=\"https:\/\/gremi-obres.org\/avis-legal-de-la-web\/\">Pol\u00edtica de Privacitat<\/a> i les condicions de tractament de dades de la p\u00e0gina web del Gremi.\n<\/p>\n<p><input class=\"wpcf7-form-control wpcf7-submit has-spinner\" type=\"submit\" value=\"Enviar\" \/>\n<\/p><div class=\"wpcf7-response-output\" aria-hidden=\"true\"><\/div>\n<\/form>\n<\/div>\n[vc_separator type=\u00bbtransparent\u00bb thickness=\u00bb10&#8243;][\/vc_column_inner][\/vc_row_inner][\/vc_column][\/vc_row][vc_row row_type=\u00bbrow\u00bb use_row_as_full_screen_section=\u00bbno\u00bb type=\u00bbfull_width\u00bb angled_section=\u00bbno\u00bb text_align=\u00bbleft\u00bb background_image_as_pattern=\u00bbwithout_pattern\u00bb css_animation=\u00bb\u00bb][vc_column][vc_separator type=\u00bbtransparent\u00bb thickness=\u00bb55&#8243;][\/vc_column][\/vc_row]<\/p>\n","protected":false},"excerpt":{"rendered":"<p>[vc_row row_type=\u00bbrow\u00bb use_row_as_full_screen_section=\u00bbno\u00bb type=\u00bbgrid\u00bb angled_section=\u00bbno\u00bb text_align=\u00bbleft\u00bb background_image_as_pattern=\u00bbwithout_pattern\u00bb css_animation=\u00bb\u00bb][vc_column width=\u00bb2\/3&#8243; css=\u00bb.vc_custom_1469609594958{background-color: #f9f9f9 !important;}\u00bb][vc_row_inner row_type=\u00bbrow\u00bb type=\u00bbfull_width\u00bb text_align=\u00bbleft\u00bb css_animation=\u00bb\u00bb][vc_column_inner][vc_single_image image=\u00bb45510&#8243; img_size=\u00bbfull\u00bb qode_css_animation=\u00bb\u00bb][vc_separator type=\u00bbtransparent\u00bb thickness=\u00bb20&#8243;][\/vc_column_inner][\/vc_row_inner][vc_column_text] Tramitaci\u00f3 de les den\u00fancies [\/vc_column_text][vc_separator type=\u00bbsmall\u00bb position=\u00bbleft\u00bb color=\u00bb#f29760&#8243; thickness=\u00bb1&#8243; width=\u00bb86&#8243;][vc_column_text]El Gremi posa a disposici\u00f3 dels agremiats un canal espec\u00edfic i centralitzat per gestionar les den\u00fancies en cas de sostracci\u00f3 o danys a les obres sense autor conegut. Amb l\u2019objectiu de facilitar la tramitaci\u00f3 de den\u00fancies, aquest servei permet als agremiats afectats iniciar el proc\u00e9s de forma \u00e0gil i coordinada amb les autoritats competents. Aix\u00ed, es busca garantir una resposta m\u00e9s r\u00e0pida i eficient davant aquests incidents. Qu\u00e8 podem denunciar<\/p>\n","protected":false},"author":1,"featured_media":0,"parent":18427,"menu_order":0,"comment_status":"closed","ping_status":"closed","template":"","meta":{"_acf_changed":false,"footnotes":""},"class_list":["post-45470","page","type-page","status-publish","hentry"],"acf":[],"yoast_head":"<!-- This site is optimized with the Yoast SEO plugin v26.6 - https:\/\/yoast.com\/wordpress\/plugins\/seo\/ -->\n<title>CANAL DEN\u00daNCIES DE SOSTRACCIONS I DANYS A LES OBRES - Gremi de Constructors d&#039;Obres de Barcelona i Comarques<\/title>\n<meta name=\"robots\" content=\"index, follow, max-snippet:-1, max-image-preview:large, max-video-preview:-1\" \/>\n<link rel=\"canonical\" href=\"https:\/\/www.gremi-obres.org\/?page_id=45471\" \/>\n<meta property=\"og:locale\" content=\"es_ES\" \/>\n<meta property=\"og:type\" content=\"article\" \/>\n<meta property=\"og:title\" content=\"CANAL DEN\u00daNCIES DE SOSTRACCIONS I DANYS A LES OBRES - Gremi de Constructors d&#039;Obres de Barcelona i Comarques\" \/>\n<meta property=\"og:description\" content=\"[vc_row row_type=\u00bbrow\u00bb use_row_as_full_screen_section=\u00bbno\u00bb type=\u00bbgrid\u00bb angled_section=\u00bbno\u00bb text_align=\u00bbleft\u00bb background_image_as_pattern=\u00bbwithout_pattern\u00bb css_animation=\u00bb\u00bb][vc_column width=\u00bb2\/3&#8243; css=\u00bb.vc_custom_1469609594958{background-color: #f9f9f9 !important;}\u00bb][vc_row_inner row_type=\u00bbrow\u00bb type=\u00bbfull_width\u00bb text_align=\u00bbleft\u00bb css_animation=\u00bb\u00bb][vc_column_inner][vc_single_image image=\u00bb45510&#8243; img_size=\u00bbfull\u00bb qode_css_animation=\u00bb\u00bb][vc_separator type=\u00bbtransparent\u00bb thickness=\u00bb20&#8243;][\/vc_column_inner][\/vc_row_inner][vc_column_text] Tramitaci\u00f3 de les den\u00fancies [\/vc_column_text][vc_separator type=\u00bbsmall\u00bb position=\u00bbleft\u00bb color=\u00bb#f29760&#8243; thickness=\u00bb1&#8243; width=\u00bb86&#8243;][vc_column_text]El Gremi posa a disposici\u00f3 dels agremiats un canal espec\u00edfic i centralitzat per gestionar les den\u00fancies en cas de sostracci\u00f3 o danys a les obres sense autor conegut. Amb l\u2019objectiu de facilitar la tramitaci\u00f3 de den\u00fancies, aquest servei permet als agremiats afectats iniciar el proc\u00e9s de forma \u00e0gil i coordinada amb les autoritats competents. Aix\u00ed, es busca garantir una resposta m\u00e9s r\u00e0pida i eficient davant aquests incidents. Qu\u00e8 podem denunciar\" \/>\n<meta property=\"og:url\" content=\"https:\/\/www.gremi-obres.org\/?page_id=45471\" \/>\n<meta property=\"og:site_name\" content=\"Gremi de Constructors d&#039;Obres de Barcelona i Comarques\" \/>\n<meta property=\"article:modified_time\" content=\"2025-03-11T14:46:50+00:00\" \/>\n<meta name=\"twitter:card\" content=\"summary_large_image\" \/>\n<meta name=\"twitter:label1\" content=\"Tiempo de lectura\" \/>\n\t<meta name=\"twitter:data1\" content=\"2 minutos\" \/>\n<script type=\"application\/ld+json\" class=\"yoast-schema-graph\">{\"@context\":\"https:\/\/schema.org\",\"@graph\":[{\"@type\":\"WebPage\",\"@id\":\"https:\/\/www.gremi-obres.org\/?page_id=45471\",\"url\":\"https:\/\/www.gremi-obres.org\/?page_id=45471\",\"name\":\"CANAL DEN\u00daNCIES DE SOSTRACCIONS I DANYS A LES OBRES - Gremi de Constructors d&#039;Obres de Barcelona i Comarques\",\"isPartOf\":{\"@id\":\"https:\/\/www.gremi-obres.org\/#website\"},\"datePublished\":\"2025-03-11T11:40:40+00:00\",\"dateModified\":\"2025-03-11T14:46:50+00:00\",\"breadcrumb\":{\"@id\":\"https:\/\/www.gremi-obres.org\/?page_id=45471#breadcrumb\"},\"inLanguage\":\"es\",\"potentialAction\":[{\"@type\":\"ReadAction\",\"target\":[\"https:\/\/www.gremi-obres.org\/?page_id=45471\"]}]},{\"@type\":\"BreadcrumbList\",\"@id\":\"https:\/\/www.gremi-obres.org\/?page_id=45471#breadcrumb\",\"itemListElement\":[{\"@type\":\"ListItem\",\"position\":1,\"name\":\"Inici\",\"item\":\"https:\/\/www.gremi-obres.org\/es\/\"},{\"@type\":\"ListItem\",\"position\":2,\"name\":\"Qu\u00e9 hacemos\",\"item\":\"https:\/\/www.gremi-obres.org\/es\/que-hacemos\/\"},{\"@type\":\"ListItem\",\"position\":3,\"name\":\"CANAL DEN\u00daNCIES DE SOSTRACCIONS I DANYS A LES OBRES\"}]},{\"@type\":\"WebSite\",\"@id\":\"https:\/\/www.gremi-obres.org\/#website\",\"url\":\"https:\/\/www.gremi-obres.org\/\",\"name\":\"Gremi de Constructors d&#039;Obres de Barcelona i Comarques\",\"description\":\"La missi\u00f3 del Gremi \u00e9s la de defensar els  interessos de les empreses constructores i rehabilitadores agremiades i recolzar-les en les necessitats de la seva activitat mitjan\u00e7ant serveis, recursos, formaci\u00f3, assessorament i informaci\u00f3\",\"potentialAction\":[{\"@type\":\"SearchAction\",\"target\":{\"@type\":\"EntryPoint\",\"urlTemplate\":\"https:\/\/www.gremi-obres.org\/?s={search_term_string}\"},\"query-input\":{\"@type\":\"PropertyValueSpecification\",\"valueRequired\":true,\"valueName\":\"search_term_string\"}}],\"inLanguage\":\"es\"}]}<\/script>\n<!-- \/ Yoast SEO plugin. -->","yoast_head_json":{"title":"CANAL DEN\u00daNCIES DE SOSTRACCIONS I DANYS A LES OBRES - Gremi de Constructors d&#039;Obres de Barcelona i Comarques","robots":{"index":"index","follow":"follow","max-snippet":"max-snippet:-1","max-image-preview":"max-image-preview:large","max-video-preview":"max-video-preview:-1"},"canonical":"https:\/\/www.gremi-obres.org\/?page_id=45471","og_locale":"es_ES","og_type":"article","og_title":"CANAL DEN\u00daNCIES DE SOSTRACCIONS I DANYS A LES OBRES - Gremi de Constructors d&#039;Obres de Barcelona i Comarques","og_description":"[vc_row row_type=\u00bbrow\u00bb use_row_as_full_screen_section=\u00bbno\u00bb type=\u00bbgrid\u00bb angled_section=\u00bbno\u00bb text_align=\u00bbleft\u00bb background_image_as_pattern=\u00bbwithout_pattern\u00bb css_animation=\u00bb\u00bb][vc_column width=\u00bb2\/3&#8243; css=\u00bb.vc_custom_1469609594958{background-color: #f9f9f9 !important;}\u00bb][vc_row_inner row_type=\u00bbrow\u00bb type=\u00bbfull_width\u00bb text_align=\u00bbleft\u00bb css_animation=\u00bb\u00bb][vc_column_inner][vc_single_image image=\u00bb45510&#8243; img_size=\u00bbfull\u00bb qode_css_animation=\u00bb\u00bb][vc_separator type=\u00bbtransparent\u00bb thickness=\u00bb20&#8243;][\/vc_column_inner][\/vc_row_inner][vc_column_text] Tramitaci\u00f3 de les den\u00fancies [\/vc_column_text][vc_separator type=\u00bbsmall\u00bb position=\u00bbleft\u00bb color=\u00bb#f29760&#8243; thickness=\u00bb1&#8243; width=\u00bb86&#8243;][vc_column_text]El Gremi posa a disposici\u00f3 dels agremiats un canal espec\u00edfic i centralitzat per gestionar les den\u00fancies en cas de sostracci\u00f3 o danys a les obres sense autor conegut. Amb l\u2019objectiu de facilitar la tramitaci\u00f3 de den\u00fancies, aquest servei permet als agremiats afectats iniciar el proc\u00e9s de forma \u00e0gil i coordinada amb les autoritats competents. Aix\u00ed, es busca garantir una resposta m\u00e9s r\u00e0pida i eficient davant aquests incidents. Qu\u00e8 podem denunciar","og_url":"https:\/\/www.gremi-obres.org\/?page_id=45471","og_site_name":"Gremi de Constructors d&#039;Obres de Barcelona i Comarques","article_modified_time":"2025-03-11T14:46:50+00:00","twitter_card":"summary_large_image","twitter_misc":{"Tiempo de lectura":"2 minutos"},"schema":{"@context":"https:\/\/schema.org","@graph":[{"@type":"WebPage","@id":"https:\/\/www.gremi-obres.org\/?page_id=45471","url":"https:\/\/www.gremi-obres.org\/?page_id=45471","name":"CANAL DEN\u00daNCIES DE SOSTRACCIONS I DANYS A LES OBRES - Gremi de Constructors d&#039;Obres de Barcelona i Comarques","isPartOf":{"@id":"https:\/\/www.gremi-obres.org\/#website"},"datePublished":"2025-03-11T11:40:40+00:00","dateModified":"2025-03-11T14:46:50+00:00","breadcrumb":{"@id":"https:\/\/www.gremi-obres.org\/?page_id=45471#breadcrumb"},"inLanguage":"es","potentialAction":[{"@type":"ReadAction","target":["https:\/\/www.gremi-obres.org\/?page_id=45471"]}]},{"@type":"BreadcrumbList","@id":"https:\/\/www.gremi-obres.org\/?page_id=45471#breadcrumb","itemListElement":[{"@type":"ListItem","position":1,"name":"Inici","item":"https:\/\/www.gremi-obres.org\/es\/"},{"@type":"ListItem","position":2,"name":"Qu\u00e9 hacemos","item":"https:\/\/www.gremi-obres.org\/es\/que-hacemos\/"},{"@type":"ListItem","position":3,"name":"CANAL DEN\u00daNCIES DE SOSTRACCIONS I DANYS A LES OBRES"}]},{"@type":"WebSite","@id":"https:\/\/www.gremi-obres.org\/#website","url":"https:\/\/www.gremi-obres.org\/","name":"Gremi de Constructors d&#039;Obres de Barcelona i Comarques","description":"La missi\u00f3 del Gremi \u00e9s la de defensar els  interessos de les empreses constructores i rehabilitadores agremiades i recolzar-les en les necessitats de la seva activitat mitjan\u00e7ant serveis, recursos, formaci\u00f3, assessorament i informaci\u00f3","potentialAction":[{"@type":"SearchAction","target":{"@type":"EntryPoint","urlTemplate":"https:\/\/www.gremi-obres.org\/?s={search_term_string}"},"query-input":{"@type":"PropertyValueSpecification","valueRequired":true,"valueName":"search_term_string"}}],"inLanguage":"es"}]}},"_links":{"self":[{"href":"https:\/\/www.gremi-obres.org\/es\/wp-json\/wp\/v2\/pages\/45470","targetHints":{"allow":["GET"]}}],"collection":[{"href":"https:\/\/www.gremi-obres.org\/es\/wp-json\/wp\/v2\/pages"}],"about":[{"href":"https:\/\/www.gremi-obres.org\/es\/wp-json\/wp\/v2\/types\/page"}],"author":[{"embeddable":true,"href":"https:\/\/www.gremi-obres.org\/es\/wp-json\/wp\/v2\/users\/1"}],"replies":[{"embeddable":true,"href":"https:\/\/www.gremi-obres.org\/es\/wp-json\/wp\/v2\/comments?post=45470"}],"version-history":[{"count":8,"href":"https:\/\/www.gremi-obres.org\/es\/wp-json\/wp\/v2\/pages\/45470\/revisions"}],"predecessor-version":[{"id":45531,"href":"https:\/\/www.gremi-obres.org\/es\/wp-json\/wp\/v2\/pages\/45470\/revisions\/45531"}],"up":[{"embeddable":true,"href":"https:\/\/www.gremi-obres.org\/es\/wp-json\/wp\/v2\/pages\/18427"}],"wp:attachment":[{"href":"https:\/\/www.gremi-obres.org\/es\/wp-json\/wp\/v2\/media?parent=45470"}],"curies":[{"name":"wp","href":"https:\/\/api.w.org\/{rel}","templated":true}]}}