{"id":18436,"date":"2016-10-11T01:28:22","date_gmt":"2016-10-10T17:28:22","guid":{"rendered":"https:\/\/gremi-obres.org\/?page_id=18436&#038;lang=es"},"modified":"2026-04-15T23:19:39","modified_gmt":"2026-04-15T15:19:39","slug":"organos-de-gobierno","status":"publish","type":"page","link":"https:\/\/www.gremi-obres.org\/es\/nosotros\/organos-de-gobierno\/","title":{"rendered":"Junta directiva"},"content":{"rendered":"<p>[vc_row row_type=\u00bbrow\u00bb use_row_as_full_screen_section=\u00bbno\u00bb type=\u00bbgrid\u00bb angled_section=\u00bbno\u00bb text_align=\u00bbleft\u00bb background_image_as_pattern=\u00bbwithout_pattern\u00bb css_animation=\u00bb\u00bb][vc_column width=\u00bb1\/2&#8243; css=\u00bb.vc_custom_1469609594958{background-color: #f9f9f9 !important;}\u00bb][vc_column_text]<\/p>\n<h2>Junta directiva del Gremi<\/h2>\n<p>[\/vc_column_text][vc_separator type=\u00bbsmall\u00bb position=\u00bbleft\u00bb color=\u00bb#f29760&#8243; thickness=\u00bb1&#8243; width=\u00bb86&#8243;][vc_column_text]La Asamblea General es el \u00f3rgano supremo del Gremio de Constructores de Obras de Barcelona y donde se decide por mayor\u00eda los asuntos que sean de su competencia. Se re\u00fane al menos una vez al a\u00f1o.<\/p>\n<p>La Asamblea la integran todos los socios del Gremio, tanto representantes de empresas y aut\u00f3nomos, como los presidentes de los Gremios comarcales adheridos al Gremio de Barcelona.<\/p>\n<p><span style=\"color: #f7f7f7;\">&#8211;<\/span><\/p>\n<h5 class=\"x_MsoNormal\" style=\"text-align: center;\"><strong><img loading=\"lazy\" decoding=\"async\" class=\"wp-image-38898 aligncenter\" src=\"https:\/\/gremi-obres.org\/wp-content\/uploads\/2022\/07\/Post-Instagram-unas-nail-pedicure-manicureFashion-Minimalista-Morado-Rosado-300x300.png\" alt=\"\" width=\"150\" height=\"150\" srcset=\"https:\/\/www.gremi-obres.org\/wp-content\/uploads\/2022\/07\/Post-Instagram-unas-nail-pedicure-manicureFashion-Minimalista-Morado-Rosado-300x300.png 300w, https:\/\/www.gremi-obres.org\/wp-content\/uploads\/2022\/07\/Post-Instagram-unas-nail-pedicure-manicureFashion-Minimalista-Morado-Rosado-1024x1024.png 1024w, https:\/\/www.gremi-obres.org\/wp-content\/uploads\/2022\/07\/Post-Instagram-unas-nail-pedicure-manicureFashion-Minimalista-Morado-Rosado-150x150.png 150w, https:\/\/www.gremi-obres.org\/wp-content\/uploads\/2022\/07\/Post-Instagram-unas-nail-pedicure-manicureFashion-Minimalista-Morado-Rosado-768x768.png 768w, https:\/\/www.gremi-obres.org\/wp-content\/uploads\/2022\/07\/Post-Instagram-unas-nail-pedicure-manicureFashion-Minimalista-Morado-Rosado-32x32.png 32w, https:\/\/www.gremi-obres.org\/wp-content\/uploads\/2022\/07\/Post-Instagram-unas-nail-pedicure-manicureFashion-Minimalista-Morado-Rosado-144x144.png 144w, https:\/\/www.gremi-obres.org\/wp-content\/uploads\/2022\/07\/Post-Instagram-unas-nail-pedicure-manicureFashion-Minimalista-Morado-Rosado-570x570.png 570w, https:\/\/www.gremi-obres.org\/wp-content\/uploads\/2022\/07\/Post-Instagram-unas-nail-pedicure-manicureFashion-Minimalista-Morado-Rosado-500x500.png 500w, https:\/\/www.gremi-obres.org\/wp-content\/uploads\/2022\/07\/Post-Instagram-unas-nail-pedicure-manicureFashion-Minimalista-Morado-Rosado-1000x1000.png 1000w, https:\/\/www.gremi-obres.org\/wp-content\/uploads\/2022\/07\/Post-Instagram-unas-nail-pedicure-manicureFashion-Minimalista-Morado-Rosado-700x700.png 700w, https:\/\/www.gremi-obres.org\/wp-content\/uploads\/2022\/07\/Post-Instagram-unas-nail-pedicure-manicureFashion-Minimalista-Morado-Rosado.png 1080w\" sizes=\"auto, (max-width: 150px) 100vw, 150px\" \/><\/strong><\/h5>\n<h5 class=\"x_MsoNormal\" style=\"text-align: center;\"><strong><em>Presidente:<br \/>\n<\/em><\/strong>Josep Antoni Martinez Zaplana <span style=\"color: #808080;\">(<a style=\"color: #808080;\" href=\"https:\/\/contracta.net\/?lang=es\" target=\"_blank\" rel=\"noopener\">Contracta Obres i Tecnologia de la Rehabilitaci\u00f3, S.L.<\/a>)<br \/>\n<\/span><\/h5>\n<h5 class=\"x_MsoNormal\" style=\"text-align: center;\"><span style=\"color: #808080;\"><span style=\"color: #fcfcfc;\">&#8211;<\/span><\/span><\/h5>\n<h5 class=\"x_MsoNormal\" style=\"text-align: center;\"><\/h5>\n<h5 class=\"x_MsoNormal\" style=\"text-align: center;\"><strong><img loading=\"lazy\" decoding=\"async\" class=\"wp-image-38930 aligncenter\" src=\"https:\/\/gremi-obres.org\/wp-content\/uploads\/2022\/07\/junta-directiva-gremi-4-300x300.png\" alt=\"\" width=\"148\" height=\"148\" srcset=\"https:\/\/www.gremi-obres.org\/wp-content\/uploads\/2022\/07\/junta-directiva-gremi-4-300x300.png 300w, https:\/\/www.gremi-obres.org\/wp-content\/uploads\/2022\/07\/junta-directiva-gremi-4-150x150.png 150w, https:\/\/www.gremi-obres.org\/wp-content\/uploads\/2022\/07\/junta-directiva-gremi-4-32x32.png 32w, https:\/\/www.gremi-obres.org\/wp-content\/uploads\/2022\/07\/junta-directiva-gremi-4-144x144.png 144w, https:\/\/www.gremi-obres.org\/wp-content\/uploads\/2022\/07\/junta-directiva-gremi-4-500x500.png 500w, https:\/\/www.gremi-obres.org\/wp-content\/uploads\/2022\/07\/junta-directiva-gremi-4.png 540w\" sizes=\"auto, (max-width: 148px) 100vw, 148px\" \/><em>Vicepresidente:<\/em><\/strong><br \/>\nAmbr\u00f2s Mart\u00ednez Oliver <span style=\"color: #808080;\">(<a style=\"color: #808080;\" href=\"https:\/\/www.natursystem.com\/\" target=\"_blank\" rel=\"noopener\">Natur System, S. L.<\/a>)<\/span><\/h5>\n<h5 class=\"x_MsoNormal\" style=\"text-align: center;\"><span style=\"color: #808080;\"><span style=\"color: #fcfcfc;\">&#8211;<\/span><\/span><\/h5>\n<h5 class=\"x_MsoNormal\" style=\"text-align: center;\"><strong><img loading=\"lazy\" decoding=\"async\" class=\"wp-image-38923 aligncenter\" src=\"https:\/\/gremi-obres.org\/wp-content\/uploads\/2022\/07\/junta-directiva-gremi-1-300x300.png\" alt=\"\" width=\"150\" height=\"150\" srcset=\"https:\/\/www.gremi-obres.org\/wp-content\/uploads\/2022\/07\/junta-directiva-gremi-1-300x300.png 300w, https:\/\/www.gremi-obres.org\/wp-content\/uploads\/2022\/07\/junta-directiva-gremi-1-150x150.png 150w, https:\/\/www.gremi-obres.org\/wp-content\/uploads\/2022\/07\/junta-directiva-gremi-1-32x32.png 32w, https:\/\/www.gremi-obres.org\/wp-content\/uploads\/2022\/07\/junta-directiva-gremi-1-144x144.png 144w, https:\/\/www.gremi-obres.org\/wp-content\/uploads\/2022\/07\/junta-directiva-gremi-1-500x500.png 500w, https:\/\/www.gremi-obres.org\/wp-content\/uploads\/2022\/07\/junta-directiva-gremi-1.png 540w\" sizes=\"auto, (max-width: 150px) 100vw, 150px\" \/><em>Secretario:<\/em><\/strong><br \/>\nToni Palet P\u00e9rez<span style=\"color: #808080;\"> (<a style=\"color: #808080;\" href=\"https:\/\/gremiconstruccio.com\/\" target=\"_blank\" rel=\"noopener\">Gremi de Constructors d\u2019Obres del Vall\u00e9s<\/a>)<\/span><\/h5>\n<h5 class=\"x_MsoNormal\" style=\"text-align: center;\"><span style=\"color: #808080;\"><span style=\"color: #fcfcfc;\">&#8211;<\/span><\/span><\/h5>\n<h5 class=\"x_MsoNormal\" style=\"text-align: center;\"><strong><em><img loading=\"lazy\" decoding=\"async\" class=\"alignnone wp-image-39151\" src=\"https:\/\/gremi-obres.org\/wp-content\/uploads\/2022\/07\/junta-directiva-gremi-9-300x300.png\" alt=\"\" width=\"150\" height=\"150\" srcset=\"https:\/\/www.gremi-obres.org\/wp-content\/uploads\/2022\/07\/junta-directiva-gremi-9-300x300.png 300w, https:\/\/www.gremi-obres.org\/wp-content\/uploads\/2022\/07\/junta-directiva-gremi-9-1024x1024.png 1024w, https:\/\/www.gremi-obres.org\/wp-content\/uploads\/2022\/07\/junta-directiva-gremi-9-150x150.png 150w, https:\/\/www.gremi-obres.org\/wp-content\/uploads\/2022\/07\/junta-directiva-gremi-9-768x768.png 768w, https:\/\/www.gremi-obres.org\/wp-content\/uploads\/2022\/07\/junta-directiva-gremi-9-32x32.png 32w, https:\/\/www.gremi-obres.org\/wp-content\/uploads\/2022\/07\/junta-directiva-gremi-9-144x144.png 144w, https:\/\/www.gremi-obres.org\/wp-content\/uploads\/2022\/07\/junta-directiva-gremi-9-570x570.png 570w, https:\/\/www.gremi-obres.org\/wp-content\/uploads\/2022\/07\/junta-directiva-gremi-9-500x500.png 500w, https:\/\/www.gremi-obres.org\/wp-content\/uploads\/2022\/07\/junta-directiva-gremi-9-1000x1000.png 1000w, https:\/\/www.gremi-obres.org\/wp-content\/uploads\/2022\/07\/junta-directiva-gremi-9-700x700.png 700w, https:\/\/www.gremi-obres.org\/wp-content\/uploads\/2022\/07\/junta-directiva-gremi-9.png 1080w\" sizes=\"auto, (max-width: 150px) 100vw, 150px\" \/><br \/>\nAsesor del presidente:<br \/>\n<\/em><\/strong>Josep Gassiot i Matas<\/h5>\n<h5 class=\"x_MsoNormal\" style=\"text-align: center;\"><span style=\"color: #808080;\"><span style=\"color: #fcfcfc;\">&#8211;<\/span><\/span><\/h5>\n<h5 style=\"text-align: center;\"><\/h5>\n<h5 class=\"x_MsoNormal\" style=\"text-align: center;\"><strong><em><img loading=\"lazy\" decoding=\"async\" class=\"alignnone wp-image-39928\" src=\"https:\/\/gremi-obres.org\/wp-content\/uploads\/2022\/09\/junta-directiva-gremi-12-300x300.png\" alt=\"\" width=\"153\" height=\"153\" srcset=\"https:\/\/www.gremi-obres.org\/wp-content\/uploads\/2022\/09\/junta-directiva-gremi-12-300x300.png 300w, https:\/\/www.gremi-obres.org\/wp-content\/uploads\/2022\/09\/junta-directiva-gremi-12-1024x1024.png 1024w, https:\/\/www.gremi-obres.org\/wp-content\/uploads\/2022\/09\/junta-directiva-gremi-12-150x150.png 150w, https:\/\/www.gremi-obres.org\/wp-content\/uploads\/2022\/09\/junta-directiva-gremi-12-768x768.png 768w, https:\/\/www.gremi-obres.org\/wp-content\/uploads\/2022\/09\/junta-directiva-gremi-12-32x32.png 32w, https:\/\/www.gremi-obres.org\/wp-content\/uploads\/2022\/09\/junta-directiva-gremi-12-144x144.png 144w, https:\/\/www.gremi-obres.org\/wp-content\/uploads\/2022\/09\/junta-directiva-gremi-12-570x570.png 570w, https:\/\/www.gremi-obres.org\/wp-content\/uploads\/2022\/09\/junta-directiva-gremi-12-500x500.png 500w, https:\/\/www.gremi-obres.org\/wp-content\/uploads\/2022\/09\/junta-directiva-gremi-12-1000x1000.png 1000w, https:\/\/www.gremi-obres.org\/wp-content\/uploads\/2022\/09\/junta-directiva-gremi-12-700x700.png 700w, https:\/\/www.gremi-obres.org\/wp-content\/uploads\/2022\/09\/junta-directiva-gremi-12.png 1080w\" sizes=\"auto, (max-width: 153px) 100vw, 153px\" \/><br \/>\n<\/em><\/strong><strong><em>Tesorero:<br \/>\n<\/em><\/strong>Jos\u00e9 Luis L\u00f3pez <span style=\"color: #808080;\">(<a style=\"color: #808080;\" href=\"https:\/\/vesta.barcelona\/\" target=\"_blank\" rel=\"noopener\">Vesta Rehabilitaci\u00f3, S.L.<\/a>)<br \/>\n<\/span><\/h5>\n<h5 class=\"x_MsoNormal\" style=\"text-align: center;\"><span style=\"color: #808080;\"><span style=\"color: #fcfcfc;\">&#8211;<\/span><\/span><\/h5>\n<h5 class=\"x_MsoNormal\" style=\"text-align: center;\"><\/h5>\n<h5 class=\"x_MsoNormal\" style=\"text-align: center;\"><\/h5>\n<p>&nbsp;<\/p>\n<h3 class=\"x_MsoNormal\">Vocales:<\/h3>\n<h5 class=\"x_MsoNormal\" style=\"text-align: center;\"><span style=\"color: #808080;\"><span style=\"color: #fcfcfc;\">&#8211;<\/span><\/span><\/h5>\n<h5>Alfredo Belinch\u00f3n Carreras <span style=\"color: #808080;\"><a style=\"color: #808080;\" href=\"https:\/\/www.novantia.com\/\">(Novantia Integral S.A.)<\/a><\/span><\/h5>\n<hr \/>\n<h5 class=\"x_MsoNormal\">Alfred Contreras i Llanas <span style=\"color: #808080;\">(<a style=\"color: #808080;\" href=\"http:\/\/www.gremiconsgarraf.cat\/\" target=\"_blank\" rel=\"noopener\">Gremi de Constructors d\u2019Obres del Garraf<\/a>)<\/span><\/h5>\n<hr \/>\n<h5 class=\"x_MsoNormal\">Andreu Puigfel Fuentes <span style=\"color: #808080;\">(<a style=\"color: #808080;\" href=\"https:\/\/grup-puigfel.es\/\" target=\"_blank\" rel=\"noopener\">Puigfel, S.A.<\/a>)<\/span><\/h5>\n<hr \/>\n<h5>Antonio Petschen Oliv\u00e9 <span style=\"color: #808080;\">(<a style=\"color: #808080;\" href=\"https:\/\/www.xedexsa.es\/xedexsa-web\/home.xhtml\" target=\"_blank\" rel=\"noopener\">Xedex, S.A.<\/a>)<\/span><\/h5>\n<hr \/>\n<h5 class=\"x_MsoNormal\">Francesc Ma\u00f1as Ginesta<span style=\"color: #808080;\">\u00a0(<a style=\"color: #808080;\" href=\"https:\/\/www.tracrehabilitacio.es\/\" target=\"_blank\" rel=\"noopener\">Trac Rehabilitaci\u00f3 d\u2019Edificis, S.L.<\/a>)<\/span><\/h5>\n<hr \/>\n<h5>Guillem Barba Cusc\u00f3 <span style=\"color: #808080;\">(<a style=\"color: #808080;\" href=\"https:\/\/www.comsa.com\/\" target=\"_blank\" rel=\"noopener\">Comsa, S.A.<\/a>)<\/span><\/h5>\n<hr \/>\n<h5 class=\"x_MsoNormal\"><span lang=\"FR\">Jaume Cots Sarrate <span style=\"color: #808080;\">(<a style=\"color: #808080;\" href=\"https:\/\/cotsiclaret.com\/es\/\" target=\"_blank\" rel=\"noopener\">Cots i Claret, S.L.<\/a>)<\/span><\/span><\/h5>\n<hr \/>\n<h5>Joan Grandes<span style=\"color: #808080;\"> (<a style=\"color: #808080;\" href=\"https:\/\/serom.cat\/\" target=\"_blank\" rel=\"noopener\">Serom, S.L.<\/a>)<\/span><\/h5>\n<hr \/>\n<h5 class=\"x_MsoNormal\">Jordi Ausi\u00f3 Bonfill<span style=\"color: #808080;\"> (<a style=\"color: #808080;\" href=\"http:\/\/grecons.cat\/\" target=\"_blank\" rel=\"noopener\">Gremi de Constructors d&#8217;Obres del Vall\u00e8s Oriental<\/a>)<\/span><\/h5>\n<hr \/>\n<h5 class=\"x_MsoNormal\"><span style=\"color: #808080;\"><span style=\"color: #000000;\">Jose Manuel G\u00f3mez D\u00edaz <\/span><\/span><span style=\"color: #808080;\">(<a style=\"color: #808080;\" href=\"https:\/\/www.gremiobresmaresme.org\/\">Gremi de Constructors d\u2019Obres de Matar\u00f3<\/a>)<\/span><\/h5>\n<hr \/>\n<h5 class=\"x_MsoNormal\">Josep Alias Rovira <span style=\"color: #808080;\">(<a style=\"color: #808080;\" href=\"http:\/\/www.gremiconstructors.cat\/\" target=\"_blank\" rel=\"noopener\">Gremi de Constructors d\u2019Obres de Manresa<\/a>)<\/span><\/h5>\n<hr \/>\n<h5 class=\"x_MsoNormal\">Juan Miguel Oliver<span style=\"color: #808080;\"> (<a style=\"color: #808080;\" href=\"https:\/\/www.fccco.com\/\" target=\"_blank\" rel=\"noopener\">FCC Construcci\u00f3n, S.A.<\/a>)<\/span><\/h5>\n<hr \/>\n<h5>Manuel Delgado Alam\u00e1n (<strong><span style=\"color: #808080;\"><a style=\"color: #808080;\" href=\"https:\/\/www.vopi4.com\/\" target=\"_blank\" rel=\"noopener\">VOPI4, S.A.)<\/a><\/span><\/strong><\/h5>\n<hr \/>\n<h5 class=\"x_MsoNormal\">Miquel Caro Fern\u00e1ndez <span style=\"color: #808080;\">(<a style=\"color: #808080;\" href=\"http:\/\/gremiconstructorsanoia.cat\/\" target=\"_blank\" rel=\"noopener\">Gremi de Constructors i Promotors d&#8217;Obres de l&#8217;Anoia<\/a>)<\/span><\/h5>\n<hr \/>\n<h5 class=\"x_MsoNormal\">Nathan Ballesta<span style=\"color: #808080;\"> (<a style=\"color: #808080;\" href=\"https:\/\/www.rehatec.net\/ca\/\" target=\"_blank\" rel=\"noopener\">Rehatec Fa\u00e7anes, S.A.U.<\/a>)<\/span><\/h5>\n<hr \/>\n<h5 class=\"x_MsoNormal\">N\u00e9stor Turr\u00f3 Homedes <span style=\"color: #808080;\">(<a style=\"color: #808080;\" href=\"https:\/\/www.linkedin.com\/company\/contratas-y-obras-empresa-constructora-s.a.\/\">Contratas y Obras Empresa Constructora, S.A.<\/a>)<\/span><\/h5>\n<hr \/>\n<h5>Ricardo Diaz Jordan (<span style=\"color: #808080;\"><a style=\"color: #808080;\" href=\"https:\/\/monvertical.com\/\" target=\"_blank\" rel=\"noopener\">Mon Vertical, S.L.<\/a><\/span>)<\/h5>\n<hr \/>\n<h5>Ricardo Ib\u00e1\u00f1ez Asensio\u00a0(<span style=\"color: #808080;\">Mimoart, S.L.<\/span>)<\/h5>\n<hr \/>\n<h5 class=\"x_MsoNormal\">Ramon Garcia Valls <span style=\"color: #808080;\">(<a style=\"color: #808080;\" href=\"https:\/\/www.vias.es\/\" target=\"_blank\" rel=\"noopener\">Vias y Construcciones, S.A.<\/a>)<\/span><\/h5>\n<hr \/>\n<h5 class=\"x_MsoNormal\">Ver\u00f2nica Gir\u00f3 Ceballos <span style=\"color: #808080;\">(<a style=\"color: #808080;\" href=\"http:\/\/www.4ark.es\/\" target=\"_blank\" rel=\"noopener\">Construcci\u00f3 i Rehabilitaci\u00f3 4Ark, S.L.<\/a>)<\/span><\/h5>\n<hr \/>\n<h5 class=\"x_MsoNormal\">Yolanda Bravo P\u00e9rez <span style=\"color: #808080;\">(<a style=\"color: #808080;\" href=\"https:\/\/gtaeuropa.com\/\" target=\"_blank\" rel=\"noopener\">Gabinet T\u00e8cnic d\u2019Arquitectura Europa, S.A.<\/a>)<\/span><\/h5>\n<hr \/>\n<p><span style=\"color: #808080;\"><strong>Ger\u00e8ncia:<\/strong><\/span> <strong>Merc\u00e8 Polo Blasco<\/strong><\/p>\n<p>[\/vc_column_text][vc_separator type=\u00bbtransparent\u00bb thickness=\u00bb7&#8243;][vc_row_inner row_type=\u00bbrow\u00bb type=\u00bbfull_width\u00bb text_align=\u00bbleft\u00bb css_animation=\u00bb\u00bb css=\u00bb.vc_custom_1469525538085{background-color: #ffffff !important;}\u00bb][vc_column_inner offset=\u00bbvc_hidden-lg vc_hidden-md vc_hidden-sm\u00bb][vc_separator type=\u00bbnormal\u00bb color=\u00bb#ffffff\u00bb thickness=\u00bb20&#8243;][\/vc_column_inner][\/vc_row_inner][\/vc_column][vc_column width=\u00bb1\/2&#8243; css=\u00bb.vc_custom_1631522449908{padding-right: 0px !important;}\u00bb][vc_column_text css=\u00bb.vc_custom_1631522650880{margin-left: 4% !important;}\u00bb]<\/p>\n<h5><strong>\u00bfEres una empresa agremiada y quieres informarte sobre c\u00f3mo participar en las din\u00e1micas de toma de decisiones de la Asamblea del Gremio?<\/strong><\/h5>\n<hr \/>\n<h5>Ind\u00edcanoslo a gerencia@gremi-obres.org o al 932 659 430.<\/h5>\n<p>[\/vc_column_text][vc_separator type=\u00bbtransparent\u00bb thickness=\u00bb20&#8243;][vc_single_image image=\u00bb27057&#8243; img_size=\u00bbfull\u00bb qode_css_animation=\u00bb\u00bb css=\u00bb.vc_custom_1631522385771{margin-left: 3% !important;}\u00bb][vc_separator type=\u00bbtransparent\u00bb thickness=\u00bb20&#8243;][vc_row_inner row_type=\u00bbrow\u00bb type=\u00bbfull_width\u00bb text_align=\u00bbleft\u00bb css_animation=\u00bb\u00bb css=\u00bb.vc_custom_1631522569193{margin-right: 2% !important;margin-left: 30px !important;background-color: #f3f3f3 !important;}\u00bb][vc_column_inner][vc_separator type=\u00bbtransparent\u00bb thickness=\u00bb1&#8243;][vc_column_text]<\/p>\n<h3 style=\"text-align: center;\">Nosotros<\/h3>\n<p>[\/vc_column_text][vc_separator type=\u00bbsmall\u00bb position=\u00bbcenter\u00bb color=\u00bb#f29760&#8243; thickness=\u00bb1&#8243; up=\u00bb1&#8243; down=\u00bb4&#8243;][vc_separator type=\u00bbtransparent\u00bb thickness=\u00bb1&#8243;][\/vc_column_inner][\/vc_row_inner][vc_row_inner row_type=\u00bbrow\u00bb type=\u00bbfull_width\u00bb text_align=\u00bbleft\u00bb padding_top=\u00bb18&#8243; css_animation=\u00bb\u00bb css=\u00bb.vc_custom_1469607007891{margin-right: 10px !important;margin-left: 10px !important;padding-left: 30px !important;}\u00bb][vc_column_inner width=\u00bb1\/2&#8243; css=\u00bb.vc_custom_1469608015038{margin-left: 10px !important;}\u00bb][vc_column_text]<\/p>\n<ul>\n<li><a href=\"https:\/\/gremi-obres.org\/es\/nosotros\/como-te-representamos\/\">Representaci\u00f3n y defensa<\/a><\/li>\n<li><a href=\"https:\/\/gremi-obres.org\/es\/nosotros\/organos-de-gobierno\/\">Junta Directiva<\/a><\/li>\n<li><a href=\"https:\/\/gremi-obres.org\/es\/nosotros\/comisiones-de-trabajo\/\" target=\"_blank\" rel=\"noopener\">Comisiones de Trabajo<\/a><\/li>\n<\/ul>\n<p>[\/vc_column_text][\/vc_column_inner][vc_column_inner width=\u00bb1\/2&#8243; css=\u00bb.vc_custom_1469608032808{margin-left: 10px !important;}\u00bb][vc_column_text]<\/p>\n<ul>\n<li><a href=\"https:\/\/gremi-obres.org\/es\/nosotros\/organizaciones-empresariales-vinculadas\/\">Gremis comarcales<\/a><\/li>\n<li><a href=\"https:\/\/gremi-obres.org\/es\/nosotros\/rime\/\">RiMe<\/a><\/li>\n<li><a href=\"https:\/\/gremi-obres.org\/es\/nosotros\/portal-de-transparencia\/\">Portal de Transparencia<\/a><\/li>\n<\/ul>\n<p>[\/vc_column_text][\/vc_column_inner][\/vc_row_inner][vc_row_inner row_type=\u00bbrow\u00bb type=\u00bbfull_width\u00bb text_align=\u00bbleft\u00bb css_animation=\u00bb\u00bb css=\u00bb.vc_custom_1469607424401{margin-right: 40px !important;margin-left: 40px !important;}\u00bb][vc_column_inner][vc_separator type=\u00bbnormal\u00bb color=\u00bb#cecece\u00bb thickness=\u00bb1&#8243; up=\u00bb30&#8243; down=\u00bb12&#8243;][\/vc_column_inner][\/vc_row_inner][vc_row_inner row_type=\u00bbrow\u00bb type=\u00bbfull_width\u00bb text_align=\u00bbcenter\u00bb css_animation=\u00bb\u00bb css=\u00bb.vc_custom_1468576073380{margin-right: 40px !important;margin-left: 40px !important;}\u00bb][vc_column_inner width=\u00bb1\/3&#8243;][vc_column_text]Pol\u00edtica de Calidad[\/vc_column_text][vc_single_image image=\u00bb28643&#8243; img_size=\u00bbfull\u00bb alignment=\u00bbcenter\u00bb onclick=\u00bbcustom_link\u00bb img_link_target=\u00bb_blank\u00bb qode_css_animation=\u00bbhttps:\/\/www.gremi-obres.org\/wp-content\/uploads\/2025\/01\/politica-de-qualitat-gremi-2018.pdf\u00bb][\/vc_column_inner][vc_column_inner width=\u00bb1\/3&#8243;][vc_column_text]C\u00f3digo \u00c9tico del Gremio[\/vc_column_text][vc_single_image image=\u00bb28643&#8243; img_size=\u00bbfull\u00bb alignment=\u00bbcenter\u00bb onclick=\u00bbcustom_link\u00bb img_link_target=\u00bb_blank\u00bb qode_css_animation=\u00bb\u00bb link=\u00bbhttps:\/\/www.gremi-obres.org\/wp-content\/uploads\/2025\/01\/Codi-etic-catala.pdf\u00bb][\/vc_column_inner][vc_column_inner width=\u00bb1\/3&#8243;][vc_column_text]Estatutos del Gremio[\/vc_column_text][vc_single_image image=\u00bb28643&#8243; img_size=\u00bbfull\u00bb alignment=\u00bbcenter\u00bb onclick=\u00bbcustom_link\u00bb img_link_target=\u00bb_blank\u00bb qode_css_animation=\u00bb\u00bb link=\u00bbhttps:\/\/www.gremi-obres.org\/wp-content\/uploads\/2025\/01\/ESTATUS-GREMI-2022.pdf\u00bb][\/vc_column_inner][\/vc_row_inner][vc_row_inner row_type=\u00bbrow\u00bb type=\u00bbfull_width\u00bb text_align=\u00bbcenter\u00bb css_animation=\u00bb\u00bb css=\u00bb.vc_custom_1468911865557{border-right-width: 10px !important;border-left-width: 10px !important;background-color: #ffffff !important;border-left-color: #ffffff !important;border-left-style: solid !important;border-right-color: #ffffff !important;border-right-style: solid !important;}\u00bb][vc_column_inner][vc_separator type=\u00bbtransparent\u00bb thickness=\u00bb30&#8243;][\/vc_column_inner][\/vc_row_inner][\/vc_column][\/vc_row][vc_row row_type=\u00bbrow\u00bb use_row_as_full_screen_section=\u00bbno\u00bb type=\u00bbfull_width\u00bb angled_section=\u00bbno\u00bb text_align=\u00bbleft\u00bb background_image_as_pattern=\u00bbwithout_pattern\u00bb css_animation=\u00bb\u00bb][vc_column][vc_separator type=\u00bbtransparent\u00bb thickness=\u00bb55&#8243;][\/vc_column][\/vc_row]<\/p>\n","protected":false},"excerpt":{"rendered":"<p>[vc_row row_type=\u00bbrow\u00bb use_row_as_full_screen_section=\u00bbno\u00bb type=\u00bbgrid\u00bb angled_section=\u00bbno\u00bb text_align=\u00bbleft\u00bb background_image_as_pattern=\u00bbwithout_pattern\u00bb css_animation=\u00bb\u00bb][vc_column width=\u00bb1\/2&#8243; css=\u00bb.vc_custom_1469609594958{background-color: #f9f9f9 !important;}\u00bb][vc_column_text] Junta directiva del Gremi [\/vc_column_text][vc_separator type=\u00bbsmall\u00bb position=\u00bbleft\u00bb color=\u00bb#f29760&#8243; thickness=\u00bb1&#8243; width=\u00bb86&#8243;][vc_column_text]La Asamblea General es el \u00f3rgano supremo del Gremio de Constructores de Obras de Barcelona y donde se decide por mayor\u00eda los asuntos que sean de su competencia. Se re\u00fane al menos una vez al a\u00f1o. La Asamblea la integran todos los socios del Gremio, tanto representantes de empresas y aut\u00f3nomos, como los presidentes de los Gremios comarcales adheridos al Gremio de Barcelona. &#8211; Presidente: Josep Antoni Martinez Zaplana (Contracta Obres i Tecnologia de la Rehabilitaci\u00f3, S.L.) &#8211; Vicepresidente:<\/p>\n","protected":false},"author":3,"featured_media":0,"parent":18430,"menu_order":0,"comment_status":"closed","ping_status":"closed","template":"","meta":{"_acf_changed":false,"footnotes":""},"class_list":["post-18436","page","type-page","status-publish","hentry"],"acf":[],"yoast_head":"<!-- This site is optimized with the Yoast SEO plugin v26.6 - https:\/\/yoast.com\/wordpress\/plugins\/seo\/ -->\n<title>Junta directiva - Gremi de Constructors d&#039;Obres de Barcelona i Comarques<\/title>\n<meta name=\"robots\" content=\"index, follow, max-snippet:-1, max-image-preview:large, max-video-preview:-1\" \/>\n<link rel=\"canonical\" href=\"https:\/\/www.gremi-obres.org\/es\/nosotros\/organos-de-gobierno\/\" \/>\n<meta property=\"og:locale\" content=\"es_ES\" \/>\n<meta property=\"og:type\" content=\"article\" \/>\n<meta property=\"og:title\" content=\"Junta directiva - Gremi de Constructors d&#039;Obres de Barcelona i Comarques\" \/>\n<meta property=\"og:description\" content=\"[vc_row row_type=\u00bbrow\u00bb use_row_as_full_screen_section=\u00bbno\u00bb type=\u00bbgrid\u00bb angled_section=\u00bbno\u00bb text_align=\u00bbleft\u00bb background_image_as_pattern=\u00bbwithout_pattern\u00bb css_animation=\u00bb\u00bb][vc_column width=\u00bb1\/2&#8243; css=\u00bb.vc_custom_1469609594958{background-color: #f9f9f9 !important;}\u00bb][vc_column_text] Junta directiva del Gremi [\/vc_column_text][vc_separator type=\u00bbsmall\u00bb position=\u00bbleft\u00bb color=\u00bb#f29760&#8243; thickness=\u00bb1&#8243; width=\u00bb86&#8243;][vc_column_text]La Asamblea General es el \u00f3rgano supremo del Gremio de Constructores de Obras de Barcelona y donde se decide por mayor\u00eda los asuntos que sean de su competencia. Se re\u00fane al menos una vez al a\u00f1o. La Asamblea la integran todos los socios del Gremio, tanto representantes de empresas y aut\u00f3nomos, como los presidentes de los Gremios comarcales adheridos al Gremio de Barcelona. &#8211; Presidente: Josep Antoni Martinez Zaplana (Contracta Obres i Tecnologia de la Rehabilitaci\u00f3, S.L.) &#8211; Vicepresidente:\" \/>\n<meta property=\"og:url\" content=\"https:\/\/www.gremi-obres.org\/es\/nosotros\/organos-de-gobierno\/\" \/>\n<meta property=\"og:site_name\" content=\"Gremi de Constructors d&#039;Obres de Barcelona i Comarques\" \/>\n<meta property=\"article:modified_time\" content=\"2026-04-15T15:19:39+00:00\" \/>\n<meta property=\"og:image\" content=\"https:\/\/www.gremi-obres.org\/wp-content\/uploads\/2022\/07\/Post-Instagram-unas-nail-pedicure-manicureFashion-Minimalista-Morado-Rosado.png\" \/>\n\t<meta property=\"og:image:width\" content=\"1080\" \/>\n\t<meta property=\"og:image:height\" content=\"1080\" \/>\n\t<meta property=\"og:image:type\" content=\"image\/png\" \/>\n<meta name=\"twitter:card\" content=\"summary_large_image\" \/>\n<meta name=\"twitter:label1\" content=\"Tiempo de lectura\" \/>\n\t<meta name=\"twitter:data1\" content=\"4 minutos\" \/>\n<script type=\"application\/ld+json\" class=\"yoast-schema-graph\">{\"@context\":\"https:\/\/schema.org\",\"@graph\":[{\"@type\":\"WebPage\",\"@id\":\"https:\/\/www.gremi-obres.org\/es\/nosotros\/organos-de-gobierno\/\",\"url\":\"https:\/\/www.gremi-obres.org\/es\/nosotros\/organos-de-gobierno\/\",\"name\":\"Junta directiva - Gremi de Constructors d&#039;Obres de Barcelona i Comarques\",\"isPartOf\":{\"@id\":\"https:\/\/www.gremi-obres.org\/#website\"},\"primaryImageOfPage\":{\"@id\":\"https:\/\/www.gremi-obres.org\/es\/nosotros\/organos-de-gobierno\/#primaryimage\"},\"image\":{\"@id\":\"https:\/\/www.gremi-obres.org\/es\/nosotros\/organos-de-gobierno\/#primaryimage\"},\"thumbnailUrl\":\"https:\/\/gremi-obres.org\/wp-content\/uploads\/2022\/07\/Post-Instagram-unas-nail-pedicure-manicureFashion-Minimalista-Morado-Rosado-300x300.png\",\"datePublished\":\"2016-10-10T17:28:22+00:00\",\"dateModified\":\"2026-04-15T15:19:39+00:00\",\"breadcrumb\":{\"@id\":\"https:\/\/www.gremi-obres.org\/es\/nosotros\/organos-de-gobierno\/#breadcrumb\"},\"inLanguage\":\"es\",\"potentialAction\":[{\"@type\":\"ReadAction\",\"target\":[\"https:\/\/www.gremi-obres.org\/es\/nosotros\/organos-de-gobierno\/\"]}]},{\"@type\":\"ImageObject\",\"inLanguage\":\"es\",\"@id\":\"https:\/\/www.gremi-obres.org\/es\/nosotros\/organos-de-gobierno\/#primaryimage\",\"url\":\"https:\/\/gremi-obres.org\/wp-content\/uploads\/2022\/07\/Post-Instagram-unas-nail-pedicure-manicureFashion-Minimalista-Morado-Rosado-300x300.png\",\"contentUrl\":\"https:\/\/gremi-obres.org\/wp-content\/uploads\/2022\/07\/Post-Instagram-unas-nail-pedicure-manicureFashion-Minimalista-Morado-Rosado-300x300.png\"},{\"@type\":\"BreadcrumbList\",\"@id\":\"https:\/\/www.gremi-obres.org\/es\/nosotros\/organos-de-gobierno\/#breadcrumb\",\"itemListElement\":[{\"@type\":\"ListItem\",\"position\":1,\"name\":\"Inici\",\"item\":\"https:\/\/www.gremi-obres.org\/es\/\"},{\"@type\":\"ListItem\",\"position\":2,\"name\":\"Nosotros\",\"item\":\"https:\/\/www.gremi-obres.org\/es\/nosotros\/\"},{\"@type\":\"ListItem\",\"position\":3,\"name\":\"Junta directiva\"}]},{\"@type\":\"WebSite\",\"@id\":\"https:\/\/www.gremi-obres.org\/#website\",\"url\":\"https:\/\/www.gremi-obres.org\/\",\"name\":\"Gremi de Constructors d&#039;Obres de Barcelona i Comarques\",\"description\":\"La missi\u00f3 del Gremi \u00e9s la de defensar els  interessos de les empreses constructores i rehabilitadores agremiades i recolzar-les en les necessitats de la seva activitat mitjan\u00e7ant serveis, recursos, formaci\u00f3, assessorament i informaci\u00f3\",\"potentialAction\":[{\"@type\":\"SearchAction\",\"target\":{\"@type\":\"EntryPoint\",\"urlTemplate\":\"https:\/\/www.gremi-obres.org\/?s={search_term_string}\"},\"query-input\":{\"@type\":\"PropertyValueSpecification\",\"valueRequired\":true,\"valueName\":\"search_term_string\"}}],\"inLanguage\":\"es\"}]}<\/script>\n<!-- \/ Yoast SEO plugin. -->","yoast_head_json":{"title":"Junta directiva - Gremi de Constructors d&#039;Obres de Barcelona i Comarques","robots":{"index":"index","follow":"follow","max-snippet":"max-snippet:-1","max-image-preview":"max-image-preview:large","max-video-preview":"max-video-preview:-1"},"canonical":"https:\/\/www.gremi-obres.org\/es\/nosotros\/organos-de-gobierno\/","og_locale":"es_ES","og_type":"article","og_title":"Junta directiva - Gremi de Constructors d&#039;Obres de Barcelona i Comarques","og_description":"[vc_row row_type=\u00bbrow\u00bb use_row_as_full_screen_section=\u00bbno\u00bb type=\u00bbgrid\u00bb angled_section=\u00bbno\u00bb text_align=\u00bbleft\u00bb background_image_as_pattern=\u00bbwithout_pattern\u00bb css_animation=\u00bb\u00bb][vc_column width=\u00bb1\/2&#8243; css=\u00bb.vc_custom_1469609594958{background-color: #f9f9f9 !important;}\u00bb][vc_column_text] Junta directiva del Gremi [\/vc_column_text][vc_separator type=\u00bbsmall\u00bb position=\u00bbleft\u00bb color=\u00bb#f29760&#8243; thickness=\u00bb1&#8243; width=\u00bb86&#8243;][vc_column_text]La Asamblea General es el \u00f3rgano supremo del Gremio de Constructores de Obras de Barcelona y donde se decide por mayor\u00eda los asuntos que sean de su competencia. Se re\u00fane al menos una vez al a\u00f1o. La Asamblea la integran todos los socios del Gremio, tanto representantes de empresas y aut\u00f3nomos, como los presidentes de los Gremios comarcales adheridos al Gremio de Barcelona. &#8211; Presidente: Josep Antoni Martinez Zaplana (Contracta Obres i Tecnologia de la Rehabilitaci\u00f3, S.L.) &#8211; Vicepresidente:","og_url":"https:\/\/www.gremi-obres.org\/es\/nosotros\/organos-de-gobierno\/","og_site_name":"Gremi de Constructors d&#039;Obres de Barcelona i Comarques","article_modified_time":"2026-04-15T15:19:39+00:00","og_image":[{"width":1080,"height":1080,"url":"https:\/\/www.gremi-obres.org\/wp-content\/uploads\/2022\/07\/Post-Instagram-unas-nail-pedicure-manicureFashion-Minimalista-Morado-Rosado.png","type":"image\/png"}],"twitter_card":"summary_large_image","twitter_misc":{"Tiempo de lectura":"4 minutos"},"schema":{"@context":"https:\/\/schema.org","@graph":[{"@type":"WebPage","@id":"https:\/\/www.gremi-obres.org\/es\/nosotros\/organos-de-gobierno\/","url":"https:\/\/www.gremi-obres.org\/es\/nosotros\/organos-de-gobierno\/","name":"Junta directiva - Gremi de Constructors d&#039;Obres de Barcelona i Comarques","isPartOf":{"@id":"https:\/\/www.gremi-obres.org\/#website"},"primaryImageOfPage":{"@id":"https:\/\/www.gremi-obres.org\/es\/nosotros\/organos-de-gobierno\/#primaryimage"},"image":{"@id":"https:\/\/www.gremi-obres.org\/es\/nosotros\/organos-de-gobierno\/#primaryimage"},"thumbnailUrl":"https:\/\/gremi-obres.org\/wp-content\/uploads\/2022\/07\/Post-Instagram-unas-nail-pedicure-manicureFashion-Minimalista-Morado-Rosado-300x300.png","datePublished":"2016-10-10T17:28:22+00:00","dateModified":"2026-04-15T15:19:39+00:00","breadcrumb":{"@id":"https:\/\/www.gremi-obres.org\/es\/nosotros\/organos-de-gobierno\/#breadcrumb"},"inLanguage":"es","potentialAction":[{"@type":"ReadAction","target":["https:\/\/www.gremi-obres.org\/es\/nosotros\/organos-de-gobierno\/"]}]},{"@type":"ImageObject","inLanguage":"es","@id":"https:\/\/www.gremi-obres.org\/es\/nosotros\/organos-de-gobierno\/#primaryimage","url":"https:\/\/gremi-obres.org\/wp-content\/uploads\/2022\/07\/Post-Instagram-unas-nail-pedicure-manicureFashion-Minimalista-Morado-Rosado-300x300.png","contentUrl":"https:\/\/gremi-obres.org\/wp-content\/uploads\/2022\/07\/Post-Instagram-unas-nail-pedicure-manicureFashion-Minimalista-Morado-Rosado-300x300.png"},{"@type":"BreadcrumbList","@id":"https:\/\/www.gremi-obres.org\/es\/nosotros\/organos-de-gobierno\/#breadcrumb","itemListElement":[{"@type":"ListItem","position":1,"name":"Inici","item":"https:\/\/www.gremi-obres.org\/es\/"},{"@type":"ListItem","position":2,"name":"Nosotros","item":"https:\/\/www.gremi-obres.org\/es\/nosotros\/"},{"@type":"ListItem","position":3,"name":"Junta directiva"}]},{"@type":"WebSite","@id":"https:\/\/www.gremi-obres.org\/#website","url":"https:\/\/www.gremi-obres.org\/","name":"Gremi de Constructors d&#039;Obres de Barcelona i Comarques","description":"La missi\u00f3 del Gremi \u00e9s la de defensar els  interessos de les empreses constructores i rehabilitadores agremiades i recolzar-les en les necessitats de la seva activitat mitjan\u00e7ant serveis, recursos, formaci\u00f3, assessorament i informaci\u00f3","potentialAction":[{"@type":"SearchAction","target":{"@type":"EntryPoint","urlTemplate":"https:\/\/www.gremi-obres.org\/?s={search_term_string}"},"query-input":{"@type":"PropertyValueSpecification","valueRequired":true,"valueName":"search_term_string"}}],"inLanguage":"es"}]}},"_links":{"self":[{"href":"https:\/\/www.gremi-obres.org\/es\/wp-json\/wp\/v2\/pages\/18436","targetHints":{"allow":["GET"]}}],"collection":[{"href":"https:\/\/www.gremi-obres.org\/es\/wp-json\/wp\/v2\/pages"}],"about":[{"href":"https:\/\/www.gremi-obres.org\/es\/wp-json\/wp\/v2\/types\/page"}],"author":[{"embeddable":true,"href":"https:\/\/www.gremi-obres.org\/es\/wp-json\/wp\/v2\/users\/3"}],"replies":[{"embeddable":true,"href":"https:\/\/www.gremi-obres.org\/es\/wp-json\/wp\/v2\/comments?post=18436"}],"version-history":[{"count":58,"href":"https:\/\/www.gremi-obres.org\/es\/wp-json\/wp\/v2\/pages\/18436\/revisions"}],"predecessor-version":[{"id":47163,"href":"https:\/\/www.gremi-obres.org\/es\/wp-json\/wp\/v2\/pages\/18436\/revisions\/47163"}],"up":[{"embeddable":true,"href":"https:\/\/www.gremi-obres.org\/es\/wp-json\/wp\/v2\/pages\/18430"}],"wp:attachment":[{"href":"https:\/\/www.gremi-obres.org\/es\/wp-json\/wp\/v2\/media?parent=18436"}],"curies":[{"name":"wp","href":"https:\/\/api.w.org\/{rel}","templated":true}]}}